{"id":758,"date":"2021-09-23T02:57:51","date_gmt":"2021-09-23T02:57:51","guid":{"rendered":"http:\/\/www.theinternationalschools.com\/?page_id=758"},"modified":"2022-05-19T08:03:15","modified_gmt":"2022-05-19T08:03:15","slug":"directory","status":"publish","type":"page","link":"https:\/\/theinternationalschools.com\/ch\/directory\/","title":{"rendered":"The International Schools Directory (Switzerland)"},"content":{"rendered":"<p>[et_pb_section fb_built=&#8221;1&#8243; _builder_version=&#8221;4.16&#8243; _module_preset=&#8221;default&#8221; background_color=&#8221;#0070bd&#8221; custom_padding=&#8221;15px||15px||true|false&#8221; global_colors_info=&#8221;{}&#8221;][et_pb_row _builder_version=&#8221;4.16&#8243; _module_preset=&#8221;default&#8221; custom_padding=&#8221;2px|||||&#8221; global_colors_info=&#8221;{}&#8221;][et_pb_column type=&#8221;4_4&#8243; _builder_version=&#8221;4.16&#8243; _module_preset=&#8221;default&#8221; global_colors_info=&#8221;{}&#8221;][et_pb_text _builder_version=&#8221;4.16&#8243; _module_preset=&#8221;default&#8221; text_font=&#8221;Nothing You Could Do|800|||||||&#8221; text_text_color=&#8221;#FFFFFF&#8221; text_font_size=&#8221;45px&#8221; text_line_height=&#8221;1.2em&#8221; custom_margin=&#8221;||1px|||&#8221; text_font_size_tablet=&#8221;40px&#8221; text_font_size_phone=&#8221;26px&#8221; text_font_size_last_edited=&#8221;on|phone&#8221; global_colors_info=&#8221;{}&#8221;]<\/p>\n<p>The International Schools Directory (Switzerland)<\/p>\n<p>[\/et_pb_text][et_pb_text _builder_version=&#8221;4.16&#8243; _module_preset=&#8221;default&#8221; text_font_size=&#8221;16px&#8221; text_letter_spacing=&#8221;0.5px&#8221; text_line_height=&#8221;1.3em&#8221; background_layout=&#8221;dark&#8221; text_font_size_tablet=&#8221;15px&#8221; text_font_size_phone=&#8221;13px&#8221; text_font_size_last_edited=&#8221;on|phone&#8221; global_colors_info=&#8221;{}&#8221;]<\/p>\n<p><span>Browse through the list of all International Schools in Switzerland. Get access to detailed information for a wide range of schools in Switzerland that offer multiple international curriculums and school facilities. Book school tours, compare fees or read expat parent reviews below. Your one-stop guide at The International Schools Group (Switzerland)<\/span><\/p>\n<p>[\/et_pb_text][\/et_pb_column][\/et_pb_row][\/et_pb_section][et_pb_section fb_built=&#8221;1&#8243; _builder_version=&#8221;4.16&#8243; _module_preset=&#8221;default&#8221; custom_padding=&#8221;23px|||||&#8221; global_colors_info=&#8221;{}&#8221;][et_pb_row column_structure=&#8221;2_3,1_3&#8243; _builder_version=&#8221;4.16&#8243; _module_preset=&#8221;default&#8221; custom_padding=&#8221;9px|||||&#8221; global_colors_info=&#8221;{}&#8221;][et_pb_column type=&#8221;2_3&#8243; _builder_version=&#8221;4.16&#8243; _module_preset=&#8221;default&#8221; global_colors_info=&#8221;{}&#8221;][et_pb_text _builder_version=&#8221;4.17.3&#8243; _module_preset=&#8221;default&#8221; global_colors_info=&#8221;{}&#8221;]<style>.dtop { display: grid; grid-template-columns: 75% 25%; margin-bottom: 20px; }.dshort { min-width: 100px!important; } .selectize-input.focus { box-shadow: 0 6px 12px rgb(0 0 0 \/ 18%)!important; }\n        .selectize-dropdown, .selectize-dropdown.form-control{width: 175px!important; border: none!important; margin: 0!important; right: 0!important; left: auto!important;border-radius: 0!important;}\n        .selectize-dropdown .active { background-color: #c8e1fa!important; }\n        .selectize-input { border: none; padding: 0.5rem 0.75rem; display: inline-block; width: 100%; border-bottom: 1px solid #0070bd; position: relative; z-index: 1; box-sizing: border-box; box-shadow: none; border-radius: 0; }\n        #schoolsearch { background: #fff; width: 100%; font-size: 16px; margin-right: 9px; padding: 7px; border: none; }\n        .search_field { border-bottom: 1px solid #0070bd; display: flex; align-items: center; width: 100%; background: transparent; }\n        .selectize-input { border: none!important; border-bottom: 1px solid #0070bd!important; border-radius: 0!important; }\n        .ctoggle {border: none!important;background: #fff!important;padding: 0!important; margin-bottom:3px!important;}\n        .ctoggle h5:before {content: \"\\43\"!important; color:#0070bd} .ctoggle.et_pb_toggle_open h5:before {content: \"\\42\"!important;} \n        .ctoggle h5 {font-size: 14px;font-weight: 700!important;color: #242f3a!important;max-width: 210px;}\n        .ctoggle h5:after { content: \"Click To View\"; position: absolute; right: 25px; text-transform: none; font-weight: 500; }\n        .d-title{font-weight:bold;}<\/style>\n\n            <div class=\"dtop\">\n                <div class=\"search_field\"> <i class=\"fas fa-search\"><\/i>\n                    <input id=\"schoolsearch\" type=\"text\" class=\"input\" placeholder=\"Search\">\n                    \n                <\/div>\n                <div class=\"dshort\">\n                    <form method=\"POST\" id=\"order\">\n                         \n                        <select name=\"select\" class=\"sort\" onchange='this.form.submit()'>\n                            <option value=\"\">Sort by:<\/i><\/option>\n                            <option value=\"alpha\">Alphabetical A-Z<\/option>\n                            <option value=\"featured\">Top Featured<\/option>\n                            <option value=\"toprated\">Top Rated<\/option>\n                            <option value=\"mostreviewed\">Most Reviewed<\/option>\n                            <option value=\"nonprofit\">Non-Profit<\/option>\n                        <\/select>\n                    <\/form>\n            \t<\/div>\n            <\/div>\n\t\n\t\n                        \t\t \n                                      \n\t\t\t\t\t\t\t\n\t\t<div class=\"school-tile\">\n\t\t\t<div class=\"school-logo\" ><img decoding=\"async\" src=\"https:\/\/theinternationalschools.com\/ch\/wp-content\/uploads\/sites\/7\/2021\/11\/academia-international-logo-2x.png\" alt=\"Academia International School\" title=\"academia-international-logo-2x\" \/>\t<\/div>\n\t\t\t\t<div class=\"tile-detail\">\n\t\t\t\t\t<div class=\"school-info\"><a title=\"Academia International School (Basel)\" href=\"https:\/\/theinternationalschools.com\/ch\/school\/academia-international-school-basel\/\"><h4 class=\"d-title\">Academia International School (Basel)<\/h4><\/a>\n\t\t\t\t\t\t<p class=\"dinfo\">Academia is one of the largest education providers in Switzerland. Over 1,200 committed teachers and motivated staff work in over 20 locations.<\/p>                                                \t\t\t\t\t\t<p><b>CURRICULUM: <\/b>\n\t\t\t\t\t\t<a title=\"IGCSE\" href=\"https:\/\/theinternationalschools.com\/ch\/curriculum\/igcse\/\"><span class=\"level\">IGCSE<\/span><\/a> <\/p>\n\t\t\t\t\t\t\n\t\t\t\t\t\t <p><b>LOCATION: <\/b>Academia International School Basel, Hochstrasse, Basel, Switzerland<\/p>\n\t\t\t\t\t\t\t <p><a title=\"View Academia International School (Basel)\" href=\"https:\/\/theinternationalschools.com\/ch\/school\/academia-international-school-basel\/\">READ MORE<\/a> | <a title=\"Book tour for Academia International School (Basel)\" onClick=\"ga('send', 'event', 'Book', 'Book', 'Book Tour Directory', '10');\" rel=\"nofollow\" href=\"https:\/\/theinternationalschools.com\/ch\/book\/?school_name=Academia International School (Basel)&school_mail=\">BOOK A TOUR<\/a> | <a onClick=\"ga('send', 'event', 'Click', 'Visit', 'Site Visit', '1');\" href=\"\">VISIT WEBSITE<\/a><\/p><\/div>\n\t\t\t\t\t\t\t\t<div><div class=\"addtocompare\">\n\t\t\t\t\t\t\t\t    \n\t\t\t\t\t\t\t\t    <a href=\"#\" class=\"alike-button alike-button-style dir-compare\"\n                                      data-post-id=\"3733\"\n                                      data-post-title=\"Academia International School (Basel)\"\n                                      data-post-thumb=\"https:\/\/theinternationalschools.com\/ch\/wp-content\/uploads\/sites\/7\/2021\/11\/academia-international-logo-2x.png\"\n                                      data-post-link=\"https:\/\/theinternationalschools.com\/ch\/school\/academia-international-school-basel\/\"\n                                      title=\"ADD TO COMPARE\">\n                                      ADD TO COMPARE<\/a>\n                                    <\/div>\n\t\t\t\t\t\t\t\t  <\/div><\/div>\t\n\t\t\t\t<\/div>\n\t\t\t\t\n\t\t\t                            \n\t\t\t\t\t\t\t\n\t\t<div class=\"school-tile\">\n\t\t\t<div class=\"school-logo\" ><img decoding=\"async\" src=\"https:\/\/theinternationalschools.com\/ch\/wp-content\/uploads\/sites\/7\/2021\/11\/academia-international-logo-2x.png\" alt=\"Academia International School\" title=\"academia-international-logo-2x\" \/>\t<\/div>\n\t\t\t\t<div class=\"tile-detail\">\n\t\t\t\t\t<div class=\"school-info\"><a title=\"Academia International School (Zurich)\" href=\"https:\/\/theinternationalschools.com\/ch\/school\/academia-international-school-zurich\/\"><h4 class=\"d-title\">Academia International School (Zurich)<\/h4><\/a>\n\t\t\t\t\t\t<p class=\"dinfo\">Supported with highly qualified international teaching staff and a personal learning coach for every student at it Academia International School's Zurich Campus is known to be one of Switzerland's largest&hellip;<\/p>                                                \t\t\t\t\t\t<p><b>CURRICULUM: <\/b>\n\t\t\t\t\t\t<a title=\"IGCSE\" href=\"https:\/\/theinternationalschools.com\/ch\/curriculum\/igcse\/\"><span class=\"level\">IGCSE<\/span><\/a> <\/p>\n\t\t\t\t\t\t\n\t\t\t\t\t\t <p><b>LOCATION: <\/b><\/p>\n\t\t\t\t\t\t\t <p><a title=\"View Academia International School (Zurich)\" href=\"https:\/\/theinternationalschools.com\/ch\/school\/academia-international-school-zurich\/\">READ MORE<\/a> | <a title=\"Book tour for Academia International School (Zurich)\" onClick=\"ga('send', 'event', 'Book', 'Book', 'Book Tour Directory', '10');\" rel=\"nofollow\" href=\"https:\/\/theinternationalschools.com\/ch\/book\/?school_name=Academia International School (Zurich)&school_mail=\">BOOK A TOUR<\/a> | <a onClick=\"ga('send', 'event', 'Click', 'Visit', 'Site Visit', '1');\" href=\"\">VISIT WEBSITE<\/a><\/p><\/div>\n\t\t\t\t\t\t\t\t<div><div class=\"addtocompare\">\n\t\t\t\t\t\t\t\t    \n\t\t\t\t\t\t\t\t    <a href=\"#\" class=\"alike-button alike-button-style dir-compare\"\n                                      data-post-id=\"3734\"\n                                      data-post-title=\"Academia International School (Zurich)\"\n                                      data-post-thumb=\"https:\/\/theinternationalschools.com\/ch\/wp-content\/uploads\/sites\/7\/2021\/11\/academia-international-logo-2x.png\"\n                                      data-post-link=\"https:\/\/theinternationalschools.com\/ch\/school\/academia-international-school-zurich\/\"\n                                      title=\"ADD TO COMPARE\">\n                                      ADD TO COMPARE<\/a>\n                                    <\/div>\n\t\t\t\t\t\t\t\t  <\/div><\/div>\t\n\t\t\t\t<\/div>\n\t\t\t\t\n\t\t\t                            \n\t\t\t\t\t\t\t\n\t\t<div class=\"school-tile\">\n\t\t\t<div class=\"school-logo\" ><img decoding=\"async\" src=\"https:\/\/theinternationalschools.com\/ch\/wp-content\/uploads\/sites\/7\/2021\/09\/cropped-Tis_favi12.png\" alt=\"\" title=\"tisg\" \/>\t<\/div>\n\t\t\t\t<div class=\"tile-detail\">\n\t\t\t\t\t<div class=\"school-info\"><a title=\"Aiglon College\" href=\"https:\/\/theinternationalschools.com\/ch\/school\/aiglon-college\/\"><h4 class=\"d-title\">Aiglon College<\/h4><\/a>\n\t\t\t\t\t\t<p class=\"dinfo\">Aiglon College, offers a holistic education in the Swiss Alps, blending academic excellence with personal development and global citizenship.<\/p>                                                \t\t\t\t\t\t<p><b>CURRICULUM: <\/b>\n\t\t\t\t\t\t <\/p>\n\t\t\t\t\t\t\n\t\t\t\t\t\t <p><b>LOCATION: <\/b><\/p>\n\t\t\t\t\t\t\t <p><a title=\"View Aiglon College\" href=\"https:\/\/theinternationalschools.com\/ch\/school\/aiglon-college\/\">READ MORE<\/a> | <a title=\"Book tour for Aiglon College\" onClick=\"ga('send', 'event', 'Book', 'Book', 'Book Tour Directory', '10');\" rel=\"nofollow\" href=\"https:\/\/theinternationalschools.com\/ch\/book\/?school_name=Aiglon College&school_mail=\">BOOK A TOUR<\/a> | <a onClick=\"ga('send', 'event', 'Click', 'Visit', 'Site Visit', '1');\" href=\"\">VISIT WEBSITE<\/a><\/p><\/div>\n\t\t\t\t\t\t\t\t<div><div class=\"addtocompare\">\n\t\t\t\t\t\t\t\t    \n\t\t\t\t\t\t\t\t    <a href=\"#\" class=\"alike-button alike-button-style dir-compare\"\n                                      data-post-id=\"3775\"\n                                      data-post-title=\"Aiglon College\"\n                                      data-post-thumb=\"https:\/\/theinternationalschools.com\/ch\/wp-content\/uploads\/sites\/7\/2021\/09\/cropped-Tis_favi12.png\"\n                                      data-post-link=\"https:\/\/theinternationalschools.com\/ch\/school\/aiglon-college\/\"\n                                      title=\"ADD TO COMPARE\">\n                                      ADD TO COMPARE<\/a>\n                                    <\/div>\n\t\t\t\t\t\t\t\t  <\/div><\/div>\t\n\t\t\t\t<\/div>\n\t\t\t\t\n\t\t\t                            \n\t\t\t\t\t\t\t\n\t\t<div class=\"school-tile\">\n\t\t\t<div class=\"school-logo\" ><img decoding=\"async\" src=\"https:\/\/theinternationalschools.com\/ch\/wp-content\/uploads\/sites\/7\/2021\/11\/Beau_Soleil.png\" alt=\"\" title=\"\" \/>\t<\/div>\n\t\t\t\t<div class=\"tile-detail\">\n\t\t\t\t\t<div class=\"school-info\"><a title=\"Beau Soleil College Alpin\" href=\"https:\/\/theinternationalschools.com\/ch\/school\/beau-soleil-college-alpin\/\"><h4 class=\"d-title\">Beau Soleil College Alpin<\/h4><\/a>\n\t\t\t\t\t\t<p class=\"dinfo\">Beau Soleil International School in Switzerland offers a prestigious, globally-minded education with a focus on academic excellence, character development, and experiential learning in the heart of the Swiss Alps.<\/p>                        <img decoding=\"async\" class=\"badge\" src=\"\/wp-content\/themes\/TIS\/images\/special-education.png\" \/>                        <img decoding=\"async\" class=\"badge\" src=\"\/wp-content\/themes\/TIS\/images\/boarding.png\" \/>\t\t\t\t\t\t<p><b>CURRICULUM: <\/b>\n\t\t\t\t\t\t<a title=\"IB\" href=\"https:\/\/theinternationalschools.com\/ch\/curriculum\/ib\/\"><span class=\"level\">IB<\/span><\/a><a title=\"IBDP\/DP\" href=\"https:\/\/theinternationalschools.com\/ch\/curriculum\/ibdp\/\"><span class=\"level\">IBDP\/DP<\/span><\/a><a title=\"MYP\/IBMYP\" href=\"https:\/\/theinternationalschools.com\/ch\/curriculum\/ibmyp\/\"><span class=\"level\">MYP\/IBMYP<\/span><\/a><a title=\"IBPYP\/PYP\" href=\"https:\/\/theinternationalschools.com\/ch\/curriculum\/ibpyp\/\"><span class=\"level\">IBPYP\/PYP<\/span><\/a> <\/p>\n\t\t\t\t\t\t\n\t\t\t\t\t\t <p><b>LOCATION: <\/b><\/p>\n\t\t\t\t\t\t\t <p><a title=\"View Beau Soleil College Alpin\" href=\"https:\/\/theinternationalschools.com\/ch\/school\/beau-soleil-college-alpin\/\">READ MORE<\/a> | <a title=\"Book tour for Beau Soleil College Alpin\" onClick=\"ga('send', 'event', 'Book', 'Book', 'Book Tour Directory', '10');\" rel=\"nofollow\" href=\"https:\/\/theinternationalschools.com\/ch\/book\/?school_name=Beau Soleil College Alpin&school_mail=\">BOOK A TOUR<\/a> | <a onClick=\"ga('send', 'event', 'Click', 'Visit', 'Site Visit', '1');\" href=\"\">VISIT WEBSITE<\/a><\/p><\/div>\n\t\t\t\t\t\t\t\t<div><div class=\"addtocompare\">\n\t\t\t\t\t\t\t\t    \n\t\t\t\t\t\t\t\t    <a href=\"#\" class=\"alike-button alike-button-style dir-compare\"\n                                      data-post-id=\"3776\"\n                                      data-post-title=\"Beau Soleil College Alpin\"\n                                      data-post-thumb=\"https:\/\/theinternationalschools.com\/ch\/wp-content\/uploads\/sites\/7\/2021\/11\/Beau_Soleil.png\"\n                                      data-post-link=\"https:\/\/theinternationalschools.com\/ch\/school\/beau-soleil-college-alpin\/\"\n                                      title=\"ADD TO COMPARE\">\n                                      ADD TO COMPARE<\/a>\n                                    <\/div>\n\t\t\t\t\t\t\t\t  <\/div><\/div>\t\n\t\t\t\t<\/div>\n\t\t\t\t\n\t\t\t                            \n\t\t\t\t\t\t\t\n\t\t<div class=\"school-tile\">\n\t\t\t<div class=\"school-logo\" ><img decoding=\"async\" src=\"https:\/\/theinternationalschools.com\/ch\/wp-content\/uploads\/sites\/7\/2021\/11\/brillantmont-international-school-logo-TISG-switzerland.png\" alt=\"Brillantmont International School | Logo | The International Schools Switzerland\" title=\"Brillantmont International School | Logo | The International Schools Switzerland\" \/>\t<\/div>\n\t\t\t\t<div class=\"tile-detail\">\n\t\t\t\t\t<div class=\"school-info\"><a title=\"Brillantmont International School\" href=\"https:\/\/theinternationalschools.com\/ch\/school\/brillantmont-international-school\/\"><h4 class=\"d-title\">Brillantmont International School<\/h4><\/a>\n\t\t\t\t\t\t<p class=\"dinfo\">Brillantmont International School in Lausanne, Switzerland, offers a British-based curriculum in a supportive, international environment with small class sizes and a picturesque campus overlooking Lake Geneva.<\/p>                                                <img decoding=\"async\" class=\"badge\" src=\"\/wp-content\/themes\/TIS\/images\/boarding.png\" \/>\t\t\t\t\t\t<p><b>CURRICULUM: <\/b>\n\t\t\t\t\t\t<a title=\"US\" href=\"https:\/\/theinternationalschools.com\/ch\/curriculum\/american\/\"><span class=\"level\">US<\/span><\/a><a title=\"AP\" href=\"https:\/\/theinternationalschools.com\/ch\/curriculum\/ap\/\"><span class=\"level\">AP<\/span><\/a><a title=\"BC\" href=\"https:\/\/theinternationalschools.com\/ch\/curriculum\/british\/\"><span class=\"level\">BC<\/span><\/a><a title=\"IGCSE\" href=\"https:\/\/theinternationalschools.com\/ch\/curriculum\/igcse\/\"><span class=\"level\">IGCSE<\/span><\/a> <\/p>\n\t\t\t\t\t\t\n\t\t\t\t\t\t <p><b>LOCATION: <\/b>Avenue Charles-Secr\u00e9tan 16, 1005 Lausanne, Switzerland<\/p>\n\t\t\t\t\t\t\t <p><a title=\"View Brillantmont International School\" href=\"https:\/\/theinternationalschools.com\/ch\/school\/brillantmont-international-school\/\">READ MORE<\/a> | <a title=\"Book tour for Brillantmont International School\" onClick=\"ga('send', 'event', 'Book', 'Book', 'Book Tour Directory', '10');\" rel=\"nofollow\" href=\"https:\/\/theinternationalschools.com\/ch\/book\/?school_name=Brillantmont International School&school_mail=\">BOOK A TOUR<\/a> | <a onClick=\"ga('send', 'event', 'Click', 'Visit', 'Site Visit', '1');\" href=\"\">VISIT WEBSITE<\/a><\/p><\/div>\n\t\t\t\t\t\t\t\t<div><div class=\"addtocompare\">\n\t\t\t\t\t\t\t\t    \n\t\t\t\t\t\t\t\t    <a href=\"#\" class=\"alike-button alike-button-style dir-compare\"\n                                      data-post-id=\"3777\"\n                                      data-post-title=\"Brillantmont International School\"\n                                      data-post-thumb=\"https:\/\/theinternationalschools.com\/ch\/wp-content\/uploads\/sites\/7\/2021\/11\/brillantmont-international-school-logo-TISG-switzerland.png\"\n                                      data-post-link=\"https:\/\/theinternationalschools.com\/ch\/school\/brillantmont-international-school\/\"\n                                      title=\"ADD TO COMPARE\">\n                                      ADD TO COMPARE<\/a>\n                                    <\/div>\n\t\t\t\t\t\t\t\t  <\/div><\/div>\t\n\t\t\t\t<\/div>\n\t\t\t\t\n\t\t\t                            \n\t\t\t\t\t\t\t\n\t\t<div class=\"school-tile\">\n\t\t\t<div class=\"school-logo\" ><img decoding=\"async\" src=\"https:\/\/theinternationalschools.com\/ch\/wp-content\/uploads\/sites\/7\/2021\/11\/british-bern.png\" alt=\"British School Bern\" title=\"British School Bern\" \/>\t<\/div>\n\t\t\t\t<div class=\"tile-detail\">\n\t\t\t\t\t<div class=\"school-info\"><a title=\"British School Bern\" href=\"https:\/\/theinternationalschools.com\/ch\/school\/british-school-bern\/\"><h4 class=\"d-title\">British School Bern<\/h4><\/a>\n\t\t\t\t\t\t<p class=\"dinfo\">British School Bern delivers a British education with personalized attention, fostering academic excellence and holistic development in a nurturing international environment.<\/p>                                                \t\t\t\t\t\t<p><b>CURRICULUM: <\/b>\n\t\t\t\t\t\t <\/p>\n\t\t\t\t\t\t\n\t\t\t\t\t\t <p><b>LOCATION: <\/b>Sperlisacher 2, 3075 R\u00fcfenacht<\/p>\n\t\t\t\t\t\t\t <p><a title=\"View British School Bern\" href=\"https:\/\/theinternationalschools.com\/ch\/school\/british-school-bern\/\">READ MORE<\/a> | <a title=\"Book tour for British School Bern\" onClick=\"ga('send', 'event', 'Book', 'Book', 'Book Tour Directory', '10');\" rel=\"nofollow\" href=\"https:\/\/theinternationalschools.com\/ch\/book\/?school_name=British School Bern&school_mail=\">BOOK A TOUR<\/a> | <a onClick=\"ga('send', 'event', 'Click', 'Visit', 'Site Visit', '1');\" href=\"\">VISIT WEBSITE<\/a><\/p><\/div>\n\t\t\t\t\t\t\t\t<div><div class=\"addtocompare\">\n\t\t\t\t\t\t\t\t    \n\t\t\t\t\t\t\t\t    <a href=\"#\" class=\"alike-button alike-button-style dir-compare\"\n                                      data-post-id=\"3748\"\n                                      data-post-title=\"British School Bern\"\n                                      data-post-thumb=\"https:\/\/theinternationalschools.com\/ch\/wp-content\/uploads\/sites\/7\/2021\/11\/british-bern.png\"\n                                      data-post-link=\"https:\/\/theinternationalschools.com\/ch\/school\/british-school-bern\/\"\n                                      title=\"ADD TO COMPARE\">\n                                      ADD TO COMPARE<\/a>\n                                    <\/div>\n\t\t\t\t\t\t\t\t  <\/div><\/div>\t\n\t\t\t\t<\/div>\n\t\t\t\t\n\t\t\t                            \n\t\t\t\t\t\t\t\n\t\t<div class=\"school-tile\">\n\t\t\t<div class=\"school-logo\" ><img decoding=\"async\" src=\"https:\/\/theinternationalschools.com\/ch\/wp-content\/uploads\/sites\/7\/2021\/11\/bsg-logo.png\" alt=\"\" title=\"bsg-logo\" \/>\t<\/div>\n\t\t\t\t<div class=\"tile-detail\">\n\t\t\t\t\t<div class=\"school-info\"><a title=\"British School of Geneva\" href=\"https:\/\/theinternationalschools.com\/ch\/school\/british-school-of-geneva\/\"><h4 class=\"d-title\">British School of Geneva<\/h4><\/a>\n\t\t\t\t\t\t<p class=\"dinfo\">British School of Geneva (BSG) offers a personalized British curriculum in a multicultural environment, promoting academic excellence and holistic development.<\/p>                                                \t\t\t\t\t\t<p><b>CURRICULUM: <\/b>\n\t\t\t\t\t\t<a title=\"BC\" href=\"https:\/\/theinternationalschools.com\/ch\/curriculum\/british\/\"><span class=\"level\">BC<\/span><\/a><a title=\"EYFS\" href=\"https:\/\/theinternationalschools.com\/ch\/curriculum\/eyfs\/\"><span class=\"level\">EYFS<\/span><\/a><a title=\"IGCSE\" href=\"https:\/\/theinternationalschools.com\/ch\/curriculum\/igcse\/\"><span class=\"level\">IGCSE<\/span><\/a> <\/p>\n\t\t\t\t\t\t\n\t\t\t\t\t\t <p><b>LOCATION: <\/b>Avenue de Ch\u00e2telaine 95A, 1219 Vernier, Switzerland<\/p>\n\t\t\t\t\t\t\t <p><a title=\"View British School of Geneva\" href=\"https:\/\/theinternationalschools.com\/ch\/school\/british-school-of-geneva\/\">READ MORE<\/a> | <a title=\"Book tour for British School of Geneva\" onClick=\"ga('send', 'event', 'Book', 'Book', 'Book Tour Directory', '10');\" rel=\"nofollow\" href=\"https:\/\/theinternationalschools.com\/ch\/book\/?school_name=British School of Geneva&school_mail=\">BOOK A TOUR<\/a> | <a onClick=\"ga('send', 'event', 'Click', 'Visit', 'Site Visit', '1');\" href=\"\">VISIT WEBSITE<\/a><\/p><\/div>\n\t\t\t\t\t\t\t\t<div><div class=\"addtocompare\">\n\t\t\t\t\t\t\t\t    \n\t\t\t\t\t\t\t\t    <a href=\"#\" class=\"alike-button alike-button-style dir-compare\"\n                                      data-post-id=\"3754\"\n                                      data-post-title=\"British School of Geneva\"\n                                      data-post-thumb=\"https:\/\/theinternationalschools.com\/ch\/wp-content\/uploads\/sites\/7\/2021\/11\/bsg-logo.png\"\n                                      data-post-link=\"https:\/\/theinternationalschools.com\/ch\/school\/british-school-of-geneva\/\"\n                                      title=\"ADD TO COMPARE\">\n                                      ADD TO COMPARE<\/a>\n                                    <\/div>\n\t\t\t\t\t\t\t\t  <\/div><\/div>\t\n\t\t\t\t<\/div>\n\t\t\t\t\n\t\t\t                            \n\t\t\t\t\t\t\t\n\t\t<div class=\"school-tile\">\n\t\t\t<div class=\"school-logo\" ><img decoding=\"async\" src=\"https:\/\/theinternationalschools.com\/ch\/wp-content\/uploads\/sites\/7\/2021\/11\/dsg.jpeg\" alt=\"\" title=\"dsg\" \/>\t<\/div>\n\t\t\t\t<div class=\"tile-detail\">\n\t\t\t\t\t<div class=\"school-info\"><a title=\"Deutsche Schule Genf\" href=\"https:\/\/theinternationalschools.com\/ch\/school\/deutsche-schule-genf\/\"><h4 class=\"d-title\">Deutsche Schule Genf<\/h4><\/a>\n\t\t\t\t\t\t<p class=\"dinfo\">Deutsche Schule Genf is a premier bilingual institution in Geneva, offering a German curriculum with a strong focus on academic excellence and cultural diversity.<\/p>                                                \t\t\t\t\t\t<p><b>CURRICULUM: <\/b>\n\t\t\t\t\t\t<a title=\"FC\" href=\"https:\/\/theinternationalschools.com\/ch\/curriculum\/french\/\"><span class=\"level\">FC<\/span><\/a><a title=\"GC\" href=\"https:\/\/theinternationalschools.com\/ch\/curriculum\/german\/\"><span class=\"level\">GC<\/span><\/a> <\/p>\n\t\t\t\t\t\t\n\t\t\t\t\t\t <p><b>LOCATION: <\/b>Chemin de Champ-Claude 6, 1214 Vernier, Switzerland<\/p>\n\t\t\t\t\t\t\t <p><a title=\"View Deutsche Schule Genf\" href=\"https:\/\/theinternationalschools.com\/ch\/school\/deutsche-schule-genf\/\">READ MORE<\/a> | <a title=\"Book tour for Deutsche Schule Genf\" onClick=\"ga('send', 'event', 'Book', 'Book', 'Book Tour Directory', '10');\" rel=\"nofollow\" href=\"https:\/\/theinternationalschools.com\/ch\/book\/?school_name=Deutsche Schule Genf&school_mail=\">BOOK A TOUR<\/a> | <a onClick=\"ga('send', 'event', 'Click', 'Visit', 'Site Visit', '1');\" href=\"\">VISIT WEBSITE<\/a><\/p><\/div>\n\t\t\t\t\t\t\t\t<div><div class=\"addtocompare\">\n\t\t\t\t\t\t\t\t    \n\t\t\t\t\t\t\t\t    <a href=\"#\" class=\"alike-button alike-button-style dir-compare\"\n                                      data-post-id=\"3756\"\n                                      data-post-title=\"Deutsche Schule Genf\"\n                                      data-post-thumb=\"https:\/\/theinternationalschools.com\/ch\/wp-content\/uploads\/sites\/7\/2021\/11\/dsg.jpeg\"\n                                      data-post-link=\"https:\/\/theinternationalschools.com\/ch\/school\/deutsche-schule-genf\/\"\n                                      title=\"ADD TO COMPARE\">\n                                      ADD TO COMPARE<\/a>\n                                    <\/div>\n\t\t\t\t\t\t\t\t  <\/div><\/div>\t\n\t\t\t\t<\/div>\n\t\t\t\t\n\t\t\t                            \n\t\t\t\t\t\t\t\n\t\t<div class=\"school-tile\">\n\t\t\t<div class=\"school-logo\" ><img decoding=\"async\" src=\"https:\/\/theinternationalschools.com\/ch\/wp-content\/uploads\/sites\/7\/2021\/11\/logoebsr.png\" alt=\"Ecole Bilingue de suisse logo\" title=\"Ecole Bilingue de suisse logo\" \/>\t<\/div>\n\t\t\t\t<div class=\"tile-detail\">\n\t\t\t\t\t<div class=\"school-info\"><a title=\"Ecole Bilingue de Suisse Romande\" href=\"https:\/\/theinternationalschools.com\/ch\/school\/ecole-bilingue-de-suisse-romande\/\"><h4 class=\"d-title\">Ecole Bilingue de Suisse Romande<\/h4><\/a>\n\t\t\t\t\t\t<p class=\"dinfo\">The EBSR is a one-of-a-kind school, which allows students to attain real and active bilingualism in French and English, as well as acquire an unusually large scientific, literary and humanistic&hellip;<\/p>                                                \t\t\t\t\t\t<p><b>CURRICULUM: <\/b>\n\t\t\t\t\t\t <\/p>\n\t\t\t\t\t\t\n\t\t\t\t\t\t <p><b>LOCATION: <\/b>Chemin de Pr\u00e9ville 3, 1003 Lausanne, Switzerland<\/p>\n\t\t\t\t\t\t\t <p><a title=\"View Ecole Bilingue de Suisse Romande\" href=\"https:\/\/theinternationalschools.com\/ch\/school\/ecole-bilingue-de-suisse-romande\/\">READ MORE<\/a> | <a title=\"Book tour for Ecole Bilingue de Suisse Romande\" onClick=\"ga('send', 'event', 'Book', 'Book', 'Book Tour Directory', '10');\" rel=\"nofollow\" href=\"https:\/\/theinternationalschools.com\/ch\/book\/?school_name=Ecole Bilingue de Suisse Romande&school_mail=\">BOOK A TOUR<\/a> | <a onClick=\"ga('send', 'event', 'Click', 'Visit', 'Site Visit', '1');\" href=\"\">VISIT WEBSITE<\/a><\/p><\/div>\n\t\t\t\t\t\t\t\t<div><div class=\"addtocompare\">\n\t\t\t\t\t\t\t\t    \n\t\t\t\t\t\t\t\t    <a href=\"#\" class=\"alike-button alike-button-style dir-compare\"\n                                      data-post-id=\"3781\"\n                                      data-post-title=\"Ecole Bilingue de Suisse Romande\"\n                                      data-post-thumb=\"https:\/\/theinternationalschools.com\/ch\/wp-content\/uploads\/sites\/7\/2021\/11\/logoebsr.png\"\n                                      data-post-link=\"https:\/\/theinternationalschools.com\/ch\/school\/ecole-bilingue-de-suisse-romande\/\"\n                                      title=\"ADD TO COMPARE\">\n                                      ADD TO COMPARE<\/a>\n                                    <\/div>\n\t\t\t\t\t\t\t\t  <\/div><\/div>\t\n\t\t\t\t<\/div>\n\t\t\t\t\n\t\t\t                            \n\t\t\t\t\t\t\t\n\t\t<div class=\"school-tile\">\n\t\t\t<div class=\"school-logo\" ><img decoding=\"async\" src=\"https:\/\/theinternationalschools.com\/ch\/wp-content\/uploads\/sites\/7\/2021\/11\/ecole_logo.png\" alt=\"\" title=\"ecole_logo\" \/>\t<\/div>\n\t\t\t\t<div class=\"tile-detail\">\n\t\t\t\t\t<div class=\"school-info\"><a title=\"Ecole d\u2019Humanit\u00e9\" href=\"https:\/\/theinternationalschools.com\/ch\/school\/ecole-dhumanite\/\"><h4 class=\"d-title\">Ecole d\u2019Humanit\u00e9<\/h4><\/a>\n\t\t\t\t\t\t<p class=\"dinfo\">Ecole d\u2019Humanit\u00e9, nestled in the Swiss Alps, offers a progressive, international education blending U.S. and Swiss curriculums with experiential learning in a vibrant, multicultural community\u200b<\/p>                                                <img decoding=\"async\" class=\"badge\" src=\"\/wp-content\/themes\/TIS\/images\/boarding.png\" \/>\t\t\t\t\t\t<p><b>CURRICULUM: <\/b>\n\t\t\t\t\t\t<a title=\"US\" href=\"https:\/\/theinternationalschools.com\/ch\/curriculum\/american\/\"><span class=\"level\">US<\/span><\/a><a title=\"AP\" href=\"https:\/\/theinternationalschools.com\/ch\/curriculum\/ap\/\"><span class=\"level\">AP<\/span><\/a><a title=\"Swiss Maturit\u00e9\" href=\"https:\/\/theinternationalschools.com\/ch\/curriculum\/swiss-maturite\/\"><span class=\"level\">Swiss Maturit\u00e9<\/span><\/a> <\/p>\n\t\t\t\t\t\t\n\t\t\t\t\t\t <p><b>LOCATION: <\/b>Ecole d&#039;Humanit\u00e9, Gmeindi 318b, 6085 Hasliberg, Switzerland<\/p>\n\t\t\t\t\t\t\t <p><a title=\"View Ecole d\u2019Humanit\u00e9\" href=\"https:\/\/theinternationalschools.com\/ch\/school\/ecole-dhumanite\/\">READ MORE<\/a> | <a title=\"Book tour for Ecole d\u2019Humanit\u00e9\" onClick=\"ga('send', 'event', 'Book', 'Book', 'Book Tour Directory', '10');\" rel=\"nofollow\" href=\"https:\/\/theinternationalschools.com\/ch\/book\/?school_name=Ecole d\u2019Humanit\u00e9&school_mail=\">BOOK A TOUR<\/a> | <a onClick=\"ga('send', 'event', 'Click', 'Visit', 'Site Visit', '1');\" href=\"\">VISIT WEBSITE<\/a><\/p><\/div>\n\t\t\t\t\t\t\t\t<div><div class=\"addtocompare\">\n\t\t\t\t\t\t\t\t    \n\t\t\t\t\t\t\t\t    <a href=\"#\" class=\"alike-button alike-button-style dir-compare\"\n                                      data-post-id=\"3749\"\n                                      data-post-title=\"Ecole d\u2019Humanit\u00e9\"\n                                      data-post-thumb=\"https:\/\/theinternationalschools.com\/ch\/wp-content\/uploads\/sites\/7\/2021\/11\/ecole_logo.png\"\n                                      data-post-link=\"https:\/\/theinternationalschools.com\/ch\/school\/ecole-dhumanite\/\"\n                                      title=\"ADD TO COMPARE\">\n                                      ADD TO COMPARE<\/a>\n                                    <\/div>\n\t\t\t\t\t\t\t\t  <\/div><\/div>\t\n\t\t\t\t<\/div>\n\t\t\t\t\n\t\t\t                            \n\t\t\t\t\t\t\t\n\t\t<div class=\"school-tile\">\n\t\t\t<div class=\"school-logo\" ><img decoding=\"async\" src=\"https:\/\/theinternationalschools.com\/ch\/wp-content\/uploads\/sites\/7\/2021\/11\/ecolelemaina.webp\" alt=\"Lemania College logo\" title=\"Lemania College logo\" \/>\t<\/div>\n\t\t\t\t<div class=\"tile-detail\">\n\t\t\t\t\t<div class=\"school-info\"><a title=\"\u00c9cole Lemania\" href=\"https:\/\/theinternationalschools.com\/ch\/school\/ecole-lemania\/\"><h4 class=\"d-title\">\u00c9cole Lemania<\/h4><\/a>\n\t\t\t\t\t\t<p class=\"dinfo\">\u00c9cole Lemania in Lausanne, Switzerland, provides a multilingual, globally-focused education with programs like the IB, Swiss Maturit\u00e9, and French Baccalaureate.<\/p>                                                <img decoding=\"async\" class=\"badge\" src=\"\/wp-content\/themes\/TIS\/images\/boarding.png\" \/>\t\t\t\t\t\t<p><b>CURRICULUM: <\/b>\n\t\t\t\t\t\t <\/p>\n\t\t\t\t\t\t\n\t\t\t\t\t\t <p><b>LOCATION: <\/b>Chemin de Pr\u00e9ville 3, 1003 Lausanne, Switzerland<\/p>\n\t\t\t\t\t\t\t <p><a title=\"View \u00c9cole Lemania\" href=\"https:\/\/theinternationalschools.com\/ch\/school\/ecole-lemania\/\">READ MORE<\/a> | <a title=\"Book tour for \u00c9cole Lemania\" onClick=\"ga('send', 'event', 'Book', 'Book', 'Book Tour Directory', '10');\" rel=\"nofollow\" href=\"https:\/\/theinternationalschools.com\/ch\/book\/?school_name=\u00c9cole Lemania&school_mail=\">BOOK A TOUR<\/a> | <a onClick=\"ga('send', 'event', 'Click', 'Visit', 'Site Visit', '1');\" href=\"\">VISIT WEBSITE<\/a><\/p><\/div>\n\t\t\t\t\t\t\t\t<div><img decoding=\"async\" class=\"badge\" src=\"\/wp-content\/uploads\/2021\/10\/nprofitschool-2.png\" \/><div class=\"addtocompare\">\n\t\t\t\t\t\t\t\t    \n\t\t\t\t\t\t\t\t    <a href=\"#\" class=\"alike-button alike-button-style dir-compare\"\n                                      data-post-id=\"3791\"\n                                      data-post-title=\"\u00c9cole Lemania\"\n                                      data-post-thumb=\"https:\/\/theinternationalschools.com\/ch\/wp-content\/uploads\/sites\/7\/2021\/11\/ecolelemaina.webp\"\n                                      data-post-link=\"https:\/\/theinternationalschools.com\/ch\/school\/ecole-lemania\/\"\n                                      title=\"ADD TO COMPARE\">\n                                      ADD TO COMPARE<\/a>\n                                    <\/div>\n\t\t\t\t\t\t\t\t  <\/div><\/div>\t\n\t\t\t\t<\/div>\n\t\t\t\t\n\t\t\t                            \n\t\t\t\t\t\t\t\n\t\t<div class=\"school-tile\">\n\t\t\t<div class=\"school-logo\" ><img decoding=\"async\" src=\"https:\/\/theinternationalschools.com\/ch\/wp-content\/uploads\/sites\/7\/2024\/11\/ecole-nouvelle-de-la-suisse-romande-logo-ENSR-Swtizerland.jpg\" alt=\"\u00c9cole Nouvelle de la Suisse Romande | Logo | ENSR International School Switzerland\" title=\"\u00c9cole Nouvelle de la Suisse Romande | Logo | ENSR International School Switzerland\" \/>\t<\/div>\n\t\t\t\t<div class=\"tile-detail\">\n\t\t\t\t\t<div class=\"school-info\"><a title=\"\u00c9cole Nouvelle de la Suisse Romande (ENSR)\" href=\"https:\/\/theinternationalschools.com\/ch\/school\/ensr-international-school\/\"><h4 class=\"d-title\">\u00c9cole Nouvelle de la Suisse Romande (ENSR)<\/h4><\/a>\n\t\t\t\t\t\t<p class=\"dinfo\">\u00c9cole Nouvelle de la Suisse Romande (ENSR International School) in Lausanne delivers multilingual education, blending Swiss and International Baccalaureate curricula with personalized learning and vibrant extracurricular opportunities<\/p>                                                <img decoding=\"async\" class=\"badge\" src=\"\/wp-content\/themes\/TIS\/images\/boarding.png\" \/>\t\t\t\t\t\t<p><b>CURRICULUM: <\/b>\n\t\t\t\t\t\t<a title=\"IB\" href=\"https:\/\/theinternationalschools.com\/ch\/curriculum\/ib\/\"><span class=\"level\">IB<\/span><\/a><a title=\"IBDP\/DP\" href=\"https:\/\/theinternationalschools.com\/ch\/curriculum\/ibdp\/\"><span class=\"level\">IBDP\/DP<\/span><\/a><a title=\"Swiss Maturit\u00e9\" href=\"https:\/\/theinternationalschools.com\/ch\/curriculum\/swiss-maturite\/\"><span class=\"level\">Swiss Maturit\u00e9<\/span><\/a> <\/p>\n\t\t\t\t\t\t\n\t\t\t\t\t\t <p><b>LOCATION: <\/b>\u00c9cole Nouvelle de la Suisse Romande, Chemin de Rov\u00e9r\u00e9az, Lausanne, Switzerland<\/p>\n\t\t\t\t\t\t\t <p><a title=\"View \u00c9cole Nouvelle de la Suisse Romande (ENSR)\" href=\"https:\/\/theinternationalschools.com\/ch\/school\/ensr-international-school\/\">READ MORE<\/a> | <a title=\"Book tour for \u00c9cole Nouvelle de la Suisse Romande (ENSR)\" onClick=\"ga('send', 'event', 'Book', 'Book', 'Book Tour Directory', '10');\" rel=\"nofollow\" href=\"https:\/\/theinternationalschools.com\/ch\/book\/?school_name=\u00c9cole Nouvelle de la Suisse Romande (ENSR)&school_mail=\">BOOK A TOUR<\/a> | <a onClick=\"ga('send', 'event', 'Click', 'Visit', 'Site Visit', '1');\" href=\"\">VISIT WEBSITE<\/a><\/p><\/div>\n\t\t\t\t\t\t\t\t<div><div class=\"addtocompare\">\n\t\t\t\t\t\t\t\t    \n\t\t\t\t\t\t\t\t    <a href=\"#\" class=\"alike-button alike-button-style dir-compare\"\n                                      data-post-id=\"5377\"\n                                      data-post-title=\"\u00c9cole Nouvelle de la Suisse Romande (ENSR)\"\n                                      data-post-thumb=\"https:\/\/theinternationalschools.com\/ch\/wp-content\/uploads\/sites\/7\/2024\/11\/ecole-nouvelle-de-la-suisse-romande-logo-ENSR-Swtizerland.jpg\"\n                                      data-post-link=\"https:\/\/theinternationalschools.com\/ch\/school\/ensr-international-school\/\"\n                                      title=\"ADD TO COMPARE\">\n                                      ADD TO COMPARE<\/a>\n                                    <\/div>\n\t\t\t\t\t\t\t\t  <\/div><\/div>\t\n\t\t\t\t<\/div>\n\t\t\t\t\n\t\t\t                            \n\t\t\t\t\t\t\t\n\t\t<div class=\"school-tile\">\n\t\t\t<div class=\"school-logo\" ><img decoding=\"async\" src=\"https:\/\/theinternationalschools.com\/ch\/wp-content\/uploads\/sites\/7\/2021\/11\/ecolint.png\" alt=\"International School of Geneva campus\" title=\"International School of Geneva campus\" \/>\t<\/div>\n\t\t\t\t<div class=\"tile-detail\">\n\t\t\t\t\t<div class=\"school-info\"><a title=\"Ecolint Internationale De Gen\u00e8ve (Campus des Nations)\" href=\"https:\/\/theinternationalschools.com\/ch\/school\/ecolint-campus-des-nations\/\"><h4 class=\"d-title\">Ecolint Internationale De Gen\u00e8ve (Campus des Nations)<\/h4><\/a>\n\t\t\t\t\t\t<p class=\"dinfo\">The Campus des Nations is part of the International School of Geneva, one of the world\u2019s oldest international schools. Located in Geneva\u2019s international district, it offers the Primary Years, Middle&hellip;<\/p>                        <img decoding=\"async\" class=\"badge\" src=\"\/wp-content\/themes\/TIS\/images\/special-education.png\" \/>                        \t\t\t\t\t\t<p><b>CURRICULUM: <\/b>\n\t\t\t\t\t\t<a title=\"IB\" href=\"https:\/\/theinternationalschools.com\/ch\/curriculum\/ib\/\"><span class=\"level\">IB<\/span><\/a><a title=\"IBPYP\/PYP\" href=\"https:\/\/theinternationalschools.com\/ch\/curriculum\/ibpyp\/\"><span class=\"level\">IBPYP\/PYP<\/span><\/a> <\/p>\n\t\t\t\t\t\t\n\t\t\t\t\t\t <p><b>LOCATION: <\/b>11, route des Morillons, CH-1218, Grand-Saconnex<\/p>\n\t\t\t\t\t\t\t <p><a title=\"View Ecolint Internationale De Gen\u00e8ve (Campus des Nations)\" href=\"https:\/\/theinternationalschools.com\/ch\/school\/ecolint-campus-des-nations\/\">READ MORE<\/a> | <a title=\"Book tour for Ecolint Internationale De Gen\u00e8ve (Campus des Nations)\" onClick=\"ga('send', 'event', 'Book', 'Book', 'Book Tour Directory', '10');\" rel=\"nofollow\" href=\"https:\/\/theinternationalschools.com\/ch\/book\/?school_name=Ecolint Internationale De Gen\u00e8ve (Campus des Nations)&school_mail=\">BOOK A TOUR<\/a> | <a onClick=\"ga('send', 'event', 'Click', 'Visit', 'Site Visit', '1');\" href=\"\">VISIT WEBSITE<\/a><\/p><\/div>\n\t\t\t\t\t\t\t\t<div><div class=\"addtocompare\">\n\t\t\t\t\t\t\t\t    \n\t\t\t\t\t\t\t\t    <a href=\"#\" class=\"alike-button alike-button-style dir-compare\"\n                                      data-post-id=\"3764\"\n                                      data-post-title=\"Ecolint Internationale De Gen\u00e8ve (Campus des Nations)\"\n                                      data-post-thumb=\"https:\/\/theinternationalschools.com\/ch\/wp-content\/uploads\/sites\/7\/2021\/11\/ecolint.png\"\n                                      data-post-link=\"https:\/\/theinternationalschools.com\/ch\/school\/ecolint-campus-des-nations\/\"\n                                      title=\"ADD TO COMPARE\">\n                                      ADD TO COMPARE<\/a>\n                                    <\/div>\n\t\t\t\t\t\t\t\t  <\/div><\/div>\t\n\t\t\t\t<\/div>\n\t\t\t\t\n\t\t\t                            \n\t\t\t\t\t\t\t\n\t\t<div class=\"school-tile\">\n\t\t\t<div class=\"school-logo\" ><img decoding=\"async\" src=\"https:\/\/theinternationalschools.com\/ch\/wp-content\/uploads\/sites\/7\/2021\/11\/ecolint.png\" alt=\"International School of Geneva campus\" title=\"International School of Geneva campus\" \/>\t<\/div>\n\t\t\t\t<div class=\"tile-detail\">\n\t\t\t\t\t<div class=\"school-info\"><a title=\"Ecolint Internationale De Gen\u00e8ve (La Ch\u00e2taigneraie)\" href=\"https:\/\/theinternationalschools.com\/ch\/school\/ecolint-la-chataigneraie\/\"><h4 class=\"d-title\">Ecolint Internationale De Gen\u00e8ve (La Ch\u00e2taigneraie)<\/h4><\/a>\n\t\t\t\t\t\t<p class=\"dinfo\">Founded by civil servants from the ILO and the League of Nations (the precursor to the UN) as the world\u2019s first ever international school, we remain the most diverse school&hellip;<\/p>                        <img decoding=\"async\" class=\"badge\" src=\"\/wp-content\/themes\/TIS\/images\/special-education.png\" \/>                        \t\t\t\t\t\t<p><b>CURRICULUM: <\/b>\n\t\t\t\t\t\t<a title=\"IB\" href=\"https:\/\/theinternationalschools.com\/ch\/curriculum\/ib\/\"><span class=\"level\">IB<\/span><\/a><a title=\"IBDP\/DP\" href=\"https:\/\/theinternationalschools.com\/ch\/curriculum\/ibdp\/\"><span class=\"level\">IBDP\/DP<\/span><\/a><a title=\"MYP\/IBMYP\" href=\"https:\/\/theinternationalschools.com\/ch\/curriculum\/ibmyp\/\"><span class=\"level\">MYP\/IBMYP<\/span><\/a><a title=\"IBPYP\/PYP\" href=\"https:\/\/theinternationalschools.com\/ch\/curriculum\/ibpyp\/\"><span class=\"level\">IBPYP\/PYP<\/span><\/a><a title=\"IGCSE\" href=\"https:\/\/theinternationalschools.com\/ch\/curriculum\/igcse\/\"><span class=\"level\">IGCSE<\/span><\/a><a title=\"Swiss Maturit\u00e9\" href=\"https:\/\/theinternationalschools.com\/ch\/curriculum\/swiss-maturite\/\"><span class=\"level\">Swiss Maturit\u00e9<\/span><\/a> <\/p>\n\t\t\t\t\t\t\n\t\t\t\t\t\t <p><b>LOCATION: <\/b>2, chemin de la Ferme, CH-1297 Founex<\/p>\n\t\t\t\t\t\t\t <p><a title=\"View Ecolint Internationale De Gen\u00e8ve (La Ch\u00e2taigneraie)\" href=\"https:\/\/theinternationalschools.com\/ch\/school\/ecolint-la-chataigneraie\/\">READ MORE<\/a> | <a title=\"Book tour for Ecolint Internationale De Gen\u00e8ve (La Ch\u00e2taigneraie)\" onClick=\"ga('send', 'event', 'Book', 'Book', 'Book Tour Directory', '10');\" rel=\"nofollow\" href=\"https:\/\/theinternationalschools.com\/ch\/book\/?school_name=Ecolint Internationale De Gen\u00e8ve (La Ch\u00e2taigneraie)&school_mail=\">BOOK A TOUR<\/a> | <a onClick=\"ga('send', 'event', 'Click', 'Visit', 'Site Visit', '1');\" href=\"\">VISIT WEBSITE<\/a><\/p><\/div>\n\t\t\t\t\t\t\t\t<div><div class=\"addtocompare\">\n\t\t\t\t\t\t\t\t    \n\t\t\t\t\t\t\t\t    <a href=\"#\" class=\"alike-button alike-button-style dir-compare\"\n                                      data-post-id=\"3763\"\n                                      data-post-title=\"Ecolint Internationale De Gen\u00e8ve (La Ch\u00e2taigneraie)\"\n                                      data-post-thumb=\"https:\/\/theinternationalschools.com\/ch\/wp-content\/uploads\/sites\/7\/2021\/11\/ecolint.png\"\n                                      data-post-link=\"https:\/\/theinternationalschools.com\/ch\/school\/ecolint-la-chataigneraie\/\"\n                                      title=\"ADD TO COMPARE\">\n                                      ADD TO COMPARE<\/a>\n                                    <\/div>\n\t\t\t\t\t\t\t\t  <\/div><\/div>\t\n\t\t\t\t<\/div>\n\t\t\t\t\n\t\t\t                            \n\t\t\t\t\t\t\t\n\t\t<div class=\"school-tile\">\n\t\t\t<div class=\"school-logo\" ><img decoding=\"async\" src=\"https:\/\/theinternationalschools.com\/ch\/wp-content\/uploads\/sites\/7\/2021\/11\/ecolint.png\" alt=\"International School of Geneva campus\" title=\"International School of Geneva campus\" \/>\t<\/div>\n\t\t\t\t<div class=\"tile-detail\">\n\t\t\t\t\t<div class=\"school-info\"><a title=\"Ecolint Internationale De Gen\u00e8ve (La Grande Boissi\u00e8re)\" href=\"https:\/\/theinternationalschools.com\/ch\/school\/ecolint-la-grande-boissiere\/\"><h4 class=\"d-title\">Ecolint Internationale De Gen\u00e8ve (La Grande Boissi\u00e8re)<\/h4><\/a>\n\t\t\t\t\t\t<p class=\"dinfo\">Founded by civil servants from the ILO and the League of Nations (the precursor to the UN) as the world\u2019s first ever international school, we remain the most diverse school&hellip;<\/p>                        <img decoding=\"async\" class=\"badge\" src=\"\/wp-content\/themes\/TIS\/images\/special-education.png\" \/>                        \t\t\t\t\t\t<p><b>CURRICULUM: <\/b>\n\t\t\t\t\t\t<a title=\"IB\" href=\"https:\/\/theinternationalschools.com\/ch\/curriculum\/ib\/\"><span class=\"level\">IB<\/span><\/a><a title=\"IBDP\/DP\" href=\"https:\/\/theinternationalschools.com\/ch\/curriculum\/ibdp\/\"><span class=\"level\">IBDP\/DP<\/span><\/a> <\/p>\n\t\t\t\t\t\t\n\t\t\t\t\t\t <p><b>LOCATION: <\/b>62, route de Ch\u00eane, CH - 1208 Geneva<\/p>\n\t\t\t\t\t\t\t <p><a title=\"View Ecolint Internationale De Gen\u00e8ve (La Grande Boissi\u00e8re)\" href=\"https:\/\/theinternationalschools.com\/ch\/school\/ecolint-la-grande-boissiere\/\">READ MORE<\/a> | <a title=\"Book tour for Ecolint Internationale De Gen\u00e8ve (La Grande Boissi\u00e8re)\" onClick=\"ga('send', 'event', 'Book', 'Book', 'Book Tour Directory', '10');\" rel=\"nofollow\" href=\"https:\/\/theinternationalschools.com\/ch\/book\/?school_name=Ecolint Internationale De Gen\u00e8ve (La Grande Boissi\u00e8re)&school_mail=\">BOOK A TOUR<\/a> | <a onClick=\"ga('send', 'event', 'Click', 'Visit', 'Site Visit', '1');\" href=\"\">VISIT WEBSITE<\/a><\/p><\/div>\n\t\t\t\t\t\t\t\t<div><div class=\"addtocompare\">\n\t\t\t\t\t\t\t\t    \n\t\t\t\t\t\t\t\t    <a href=\"#\" class=\"alike-button alike-button-style dir-compare\"\n                                      data-post-id=\"3762\"\n                                      data-post-title=\"Ecolint Internationale De Gen\u00e8ve (La Grande Boissi\u00e8re)\"\n                                      data-post-thumb=\"https:\/\/theinternationalschools.com\/ch\/wp-content\/uploads\/sites\/7\/2021\/11\/ecolint.png\"\n                                      data-post-link=\"https:\/\/theinternationalschools.com\/ch\/school\/ecolint-la-grande-boissiere\/\"\n                                      title=\"ADD TO COMPARE\">\n                                      ADD TO COMPARE<\/a>\n                                    <\/div>\n\t\t\t\t\t\t\t\t  <\/div><\/div>\t\n\t\t\t\t<\/div>\n\t\t\t\t\n\t\t\t                            \n\t\t\t\t\t\t\t\n\t\t<div class=\"school-tile\">\n\t\t\t<div class=\"school-logo\" ><img decoding=\"async\" src=\"https:\/\/theinternationalschools.com\/ch\/wp-content\/uploads\/sites\/7\/2021\/11\/GES.jpeg\" alt=\"\" title=\"GES\" \/>\t<\/div>\n\t\t\t\t<div class=\"tile-detail\">\n\t\t\t\t\t<div class=\"school-info\"><a title=\"Geneva English School (Primary)\" href=\"https:\/\/theinternationalschools.com\/ch\/school\/geneva-english-school-primary\/\"><h4 class=\"d-title\">Geneva English School (Primary)<\/h4><\/a>\n\t\t\t\t\t\t<p class=\"dinfo\">Geneva English School (Primary) offers a strong British curriculum foundation for children aged 3 to 11, combining structured academics with a warm and supportive learning environment. The school emphasises literacy,&hellip;<\/p>                                                \t\t\t\t\t\t<p><b>CURRICULUM: <\/b>\n\t\t\t\t\t\t <\/p>\n\t\t\t\t\t\t\n\t\t\t\t\t\t <p><b>LOCATION: <\/b>Route de Malagny 36, 1294 Genthod, Switzerland<\/p>\n\t\t\t\t\t\t\t <p><a title=\"View Geneva English School (Primary)\" href=\"https:\/\/theinternationalschools.com\/ch\/school\/geneva-english-school-primary\/\">READ MORE<\/a> | <a title=\"Book tour for Geneva English School (Primary)\" onClick=\"ga('send', 'event', 'Book', 'Book', 'Book Tour Directory', '10');\" rel=\"nofollow\" href=\"https:\/\/theinternationalschools.com\/ch\/book\/?school_name=Geneva English School (Primary)&school_mail=\">BOOK A TOUR<\/a> | <a onClick=\"ga('send', 'event', 'Click', 'Visit', 'Site Visit', '1');\" href=\"\">VISIT WEBSITE<\/a><\/p><\/div>\n\t\t\t\t\t\t\t\t<div><div class=\"addtocompare\">\n\t\t\t\t\t\t\t\t    \n\t\t\t\t\t\t\t\t    <a href=\"#\" class=\"alike-button alike-button-style dir-compare\"\n                                      data-post-id=\"3757\"\n                                      data-post-title=\"Geneva English School (Primary)\"\n                                      data-post-thumb=\"https:\/\/theinternationalschools.com\/ch\/wp-content\/uploads\/sites\/7\/2021\/11\/GES.jpeg\"\n                                      data-post-link=\"https:\/\/theinternationalschools.com\/ch\/school\/geneva-english-school-primary\/\"\n                                      title=\"ADD TO COMPARE\">\n                                      ADD TO COMPARE<\/a>\n                                    <\/div>\n\t\t\t\t\t\t\t\t  <\/div><\/div>\t\n\t\t\t\t<\/div>\n\t\t\t\t\n\t\t\t                            \n\t\t\t\t\t\t\t\n\t\t<div class=\"school-tile\">\n\t\t\t<div class=\"school-logo\" ><img decoding=\"async\" src=\"https:\/\/theinternationalschools.com\/ch\/wp-content\/uploads\/sites\/7\/2021\/11\/GES.jpeg\" alt=\"\" title=\"GES\" \/>\t<\/div>\n\t\t\t\t<div class=\"tile-detail\">\n\t\t\t\t\t<div class=\"school-info\"><a title=\"Geneva English School (Secondary)\" href=\"https:\/\/theinternationalschools.com\/ch\/school\/geneva-english-school-secondary\/\"><h4 class=\"d-title\">Geneva English School (Secondary)<\/h4><\/a>\n\t\t\t\t\t\t<p class=\"dinfo\">Geneva English School (Secondary) delivers a rigorous British curriculum for students aged 11 to 18, combining strong academic expectations with personalised pathways. The school prepares learners for IGCSEs and A&hellip;<\/p>                                                \t\t\t\t\t\t<p><b>CURRICULUM: <\/b>\n\t\t\t\t\t\t <\/p>\n\t\t\t\t\t\t\n\t\t\t\t\t\t <p><b>LOCATION: <\/b>Route de Suisse 160, 1290 Versoix, Switzerland<\/p>\n\t\t\t\t\t\t\t <p><a title=\"View Geneva English School (Secondary)\" href=\"https:\/\/theinternationalschools.com\/ch\/school\/geneva-english-school-secondary\/\">READ MORE<\/a> | <a title=\"Book tour for Geneva English School (Secondary)\" onClick=\"ga('send', 'event', 'Book', 'Book', 'Book Tour Directory', '10');\" rel=\"nofollow\" href=\"https:\/\/theinternationalschools.com\/ch\/book\/?school_name=Geneva English School (Secondary)&school_mail=\">BOOK A TOUR<\/a> | <a onClick=\"ga('send', 'event', 'Click', 'Visit', 'Site Visit', '1');\" href=\"\">VISIT WEBSITE<\/a><\/p><\/div>\n\t\t\t\t\t\t\t\t<div><div class=\"addtocompare\">\n\t\t\t\t\t\t\t\t    \n\t\t\t\t\t\t\t\t    <a href=\"#\" class=\"alike-button alike-button-style dir-compare\"\n                                      data-post-id=\"3759\"\n                                      data-post-title=\"Geneva English School (Secondary)\"\n                                      data-post-thumb=\"https:\/\/theinternationalschools.com\/ch\/wp-content\/uploads\/sites\/7\/2021\/11\/GES.jpeg\"\n                                      data-post-link=\"https:\/\/theinternationalschools.com\/ch\/school\/geneva-english-school-secondary\/\"\n                                      title=\"ADD TO COMPARE\">\n                                      ADD TO COMPARE<\/a>\n                                    <\/div>\n\t\t\t\t\t\t\t\t  <\/div><\/div>\t\n\t\t\t\t<\/div>\n\t\t\t\t\n\t\t\t                            \n\t\t\t\t\t\t\t\n\t\t<div class=\"school-tile\">\n\t\t\t<div class=\"school-logo\" ><img decoding=\"async\" src=\"https:\/\/theinternationalschools.com\/ch\/wp-content\/uploads\/sites\/7\/2021\/09\/cropped-Tis_favi12.png\" alt=\"\" title=\"tisg\" \/>\t<\/div>\n\t\t\t\t<div class=\"tile-detail\">\n\t\t\t\t\t<div class=\"school-info\"><a title=\"Haut-Lac International School (Nursery)\" href=\"https:\/\/theinternationalschools.com\/ch\/school\/haut-lac-international-school-nursery\/\"><h4 class=\"d-title\">Haut-Lac International School (Nursery)<\/h4><\/a>\n\t\t\t\t\t\t<p class=\"dinfo\">Haut-Lac\u2019s Les Marronniers Nursery in St-L\u00e9gier offers a bilingual English-French, play-based program that nurtures young learners from 18 months to 3 years old with personalized attention and holistic growth.<\/p>                                                \t\t\t\t\t\t<p><b>CURRICULUM: <\/b>\n\t\t\t\t\t\t <\/p>\n\t\t\t\t\t\t\n\t\t\t\t\t\t <p><b>LOCATION: <\/b><\/p>\n\t\t\t\t\t\t\t <p><a title=\"View Haut-Lac International School (Nursery)\" href=\"https:\/\/theinternationalschools.com\/ch\/school\/haut-lac-international-school-nursery\/\">READ MORE<\/a> | <a title=\"Book tour for Haut-Lac International School (Nursery)\" onClick=\"ga('send', 'event', 'Book', 'Book', 'Book Tour Directory', '10');\" rel=\"nofollow\" href=\"https:\/\/theinternationalschools.com\/ch\/book\/?school_name=Haut-Lac International School (Nursery)&school_mail=\">BOOK A TOUR<\/a> | <a onClick=\"ga('send', 'event', 'Click', 'Visit', 'Site Visit', '1');\" href=\"\">VISIT WEBSITE<\/a><\/p><\/div>\n\t\t\t\t\t\t\t\t<div><div class=\"addtocompare\">\n\t\t\t\t\t\t\t\t    \n\t\t\t\t\t\t\t\t    <a href=\"#\" class=\"alike-button alike-button-style dir-compare\"\n                                      data-post-id=\"3783\"\n                                      data-post-title=\"Haut-Lac International School (Nursery)\"\n                                      data-post-thumb=\"https:\/\/theinternationalschools.com\/ch\/wp-content\/uploads\/sites\/7\/2021\/09\/cropped-Tis_favi12.png\"\n                                      data-post-link=\"https:\/\/theinternationalschools.com\/ch\/school\/haut-lac-international-school-nursery\/\"\n                                      title=\"ADD TO COMPARE\">\n                                      ADD TO COMPARE<\/a>\n                                    <\/div>\n\t\t\t\t\t\t\t\t  <\/div><\/div>\t\n\t\t\t\t<\/div>\n\t\t\t\t\n\t\t\t                            \n\t\t\t\t\t\t\t\n\t\t<div class=\"school-tile\">\n\t\t\t<div class=\"school-logo\" ><img decoding=\"async\" src=\"https:\/\/theinternationalschools.com\/ch\/wp-content\/uploads\/sites\/7\/2021\/09\/cropped-Tis_favi12.png\" alt=\"\" title=\"tisg\" \/>\t<\/div>\n\t\t\t\t<div class=\"tile-detail\">\n\t\t\t\t\t<div class=\"school-info\"><a title=\"Haut-Lac International School (Praz-Dagoud)\" href=\"https:\/\/theinternationalschools.com\/ch\/school\/haut-lac-international-school-praz-dagoud\/\"><h4 class=\"d-title\">Haut-Lac International School (Praz-Dagoud)<\/h4><\/a>\n\t\t\t\t\t\t<p class=\"dinfo\">Haut-Lac International School in Praz-Dagoud offers a bilingual primary education for children aged 3 to 12, fostering curiosity, resilience, and academic growth in a supportive, multicultural environment.<\/p>                                                \t\t\t\t\t\t<p><b>CURRICULUM: <\/b>\n\t\t\t\t\t\t <\/p>\n\t\t\t\t\t\t\n\t\t\t\t\t\t <p><b>LOCATION: <\/b><\/p>\n\t\t\t\t\t\t\t <p><a title=\"View Haut-Lac International School (Praz-Dagoud)\" href=\"https:\/\/theinternationalschools.com\/ch\/school\/haut-lac-international-school-praz-dagoud\/\">READ MORE<\/a> | <a title=\"Book tour for Haut-Lac International School (Praz-Dagoud)\" onClick=\"ga('send', 'event', 'Book', 'Book', 'Book Tour Directory', '10');\" rel=\"nofollow\" href=\"https:\/\/theinternationalschools.com\/ch\/book\/?school_name=Haut-Lac International School (Praz-Dagoud)&school_mail=\">BOOK A TOUR<\/a> | <a onClick=\"ga('send', 'event', 'Click', 'Visit', 'Site Visit', '1');\" href=\"\">VISIT WEBSITE<\/a><\/p><\/div>\n\t\t\t\t\t\t\t\t<div><div class=\"addtocompare\">\n\t\t\t\t\t\t\t\t    \n\t\t\t\t\t\t\t\t    <a href=\"#\" class=\"alike-button alike-button-style dir-compare\"\n                                      data-post-id=\"3784\"\n                                      data-post-title=\"Haut-Lac International School (Praz-Dagoud)\"\n                                      data-post-thumb=\"https:\/\/theinternationalschools.com\/ch\/wp-content\/uploads\/sites\/7\/2021\/09\/cropped-Tis_favi12.png\"\n                                      data-post-link=\"https:\/\/theinternationalschools.com\/ch\/school\/haut-lac-international-school-praz-dagoud\/\"\n                                      title=\"ADD TO COMPARE\">\n                                      ADD TO COMPARE<\/a>\n                                    <\/div>\n\t\t\t\t\t\t\t\t  <\/div><\/div>\t\n\t\t\t\t<\/div>\n\t\t\t\t\n\t\t\t                            \n\t\t\t\t\t\t\t\n\t\t<div class=\"school-tile\">\n\t\t\t<div class=\"school-logo\" ><img decoding=\"async\" src=\"https:\/\/theinternationalschools.com\/ch\/wp-content\/uploads\/sites\/7\/2021\/09\/cropped-Tis_favi12.png\" alt=\"\" title=\"tisg\" \/>\t<\/div>\n\t\t\t\t<div class=\"tile-detail\">\n\t\t\t\t\t<div class=\"school-info\"><a title=\"Haut-Lac International School (Roches Grises)\" href=\"https:\/\/theinternationalschools.com\/ch\/school\/haut-lac-international-school-roches-grises\/\"><h4 class=\"d-title\">Haut-Lac International School (Roches Grises)<\/h4><\/a>\n\t\t\t\t\t\t<p class=\"dinfo\">Haut-Lac\u2019s Roches Grises campus in Switzerland offers bilingual IB education for students aged 13-18, fostering global readiness through rigorous academics and holistic development.<\/p>                                                \t\t\t\t\t\t<p><b>CURRICULUM: <\/b>\n\t\t\t\t\t\t <\/p>\n\t\t\t\t\t\t\n\t\t\t\t\t\t <p><b>LOCATION: <\/b><\/p>\n\t\t\t\t\t\t\t <p><a title=\"View Haut-Lac International School (Roches Grises)\" href=\"https:\/\/theinternationalschools.com\/ch\/school\/haut-lac-international-school-roches-grises\/\">READ MORE<\/a> | <a title=\"Book tour for Haut-Lac International School (Roches Grises)\" onClick=\"ga('send', 'event', 'Book', 'Book', 'Book Tour Directory', '10');\" rel=\"nofollow\" href=\"https:\/\/theinternationalschools.com\/ch\/book\/?school_name=Haut-Lac International School (Roches Grises)&school_mail=\">BOOK A TOUR<\/a> | <a onClick=\"ga('send', 'event', 'Click', 'Visit', 'Site Visit', '1');\" href=\"\">VISIT WEBSITE<\/a><\/p><\/div>\n\t\t\t\t\t\t\t\t<div><div class=\"addtocompare\">\n\t\t\t\t\t\t\t\t    \n\t\t\t\t\t\t\t\t    <a href=\"#\" class=\"alike-button alike-button-style dir-compare\"\n                                      data-post-id=\"3785\"\n                                      data-post-title=\"Haut-Lac International School (Roches Grises)\"\n                                      data-post-thumb=\"https:\/\/theinternationalschools.com\/ch\/wp-content\/uploads\/sites\/7\/2021\/09\/cropped-Tis_favi12.png\"\n                                      data-post-link=\"https:\/\/theinternationalschools.com\/ch\/school\/haut-lac-international-school-roches-grises\/\"\n                                      title=\"ADD TO COMPARE\">\n                                      ADD TO COMPARE<\/a>\n                                    <\/div>\n\t\t\t\t\t\t\t\t  <\/div><\/div>\t\n\t\t\t\t<\/div>\n\t\t\t\t\n\t\t\t                            \n\t\t\t\t\t\t\t\n\t\t<div class=\"school-tile\">\n\t\t\t<div class=\"school-logo\" ><img decoding=\"async\" src=\"https:\/\/theinternationalschools.com\/ch\/wp-content\/uploads\/sites\/7\/2021\/11\/280x168-hif.png\" alt=\"\" title=\"280x168-hif\" \/>\t<\/div>\n\t\t\t\t<div class=\"tile-detail\">\n\t\t\t\t\t<div class=\"school-info\"><a title=\"HIF International School\" href=\"https:\/\/theinternationalschools.com\/ch\/school\/hif-international-school\/\"><h4 class=\"d-title\">HIF International School<\/h4><\/a>\n\t\t\t\t\t\t<p class=\"dinfo\">HIF International School in the Engadine Valley offers a modern academic programme for students aged 12 to 18, combining strong academics, outdoor learning and a supportive boarding environment. The school&hellip;<\/p>                                                <img decoding=\"async\" class=\"badge\" src=\"\/wp-content\/themes\/TIS\/images\/boarding.png\" \/>\t\t\t\t\t\t<p><b>CURRICULUM: <\/b>\n\t\t\t\t\t\t <\/p>\n\t\t\t\t\t\t\n\t\t\t\t\t\t <p><b>LOCATION: <\/b>Chalchera, 7551 Scuol, Switzerland<\/p>\n\t\t\t\t\t\t\t <p><a title=\"View HIF International School\" href=\"https:\/\/theinternationalschools.com\/ch\/school\/hif-international-school\/\">READ MORE<\/a> | <a title=\"Book tour for HIF International School\" onClick=\"ga('send', 'event', 'Book', 'Book', 'Book Tour Directory', '10');\" rel=\"nofollow\" href=\"https:\/\/theinternationalschools.com\/ch\/book\/?school_name=HIF International School&school_mail=\">BOOK A TOUR<\/a> | <a onClick=\"ga('send', 'event', 'Click', 'Visit', 'Site Visit', '1');\" href=\"\">VISIT WEBSITE<\/a><\/p><\/div>\n\t\t\t\t\t\t\t\t<div><div class=\"addtocompare\">\n\t\t\t\t\t\t\t\t    \n\t\t\t\t\t\t\t\t    <a href=\"#\" class=\"alike-button alike-button-style dir-compare\"\n                                      data-post-id=\"3753\"\n                                      data-post-title=\"HIF International School\"\n                                      data-post-thumb=\"https:\/\/theinternationalschools.com\/ch\/wp-content\/uploads\/sites\/7\/2021\/11\/280x168-hif.png\"\n                                      data-post-link=\"https:\/\/theinternationalschools.com\/ch\/school\/hif-international-school\/\"\n                                      title=\"ADD TO COMPARE\">\n                                      ADD TO COMPARE<\/a>\n                                    <\/div>\n\t\t\t\t\t\t\t\t  <\/div><\/div>\t\n\t\t\t\t<\/div>\n\t\t\t\t\n\t\t\t                            \n\t\t\t\t\t\t\t\n\t\t<div class=\"school-tile\">\n\t\t\t<div class=\"school-logo\" ><img decoding=\"async\" src=\"https:\/\/theinternationalschools.com\/ch\/wp-content\/uploads\/sites\/7\/2021\/11\/if.svg\" alt=\"\" title=\"if\" \/>\t<\/div>\n\t\t\t\t<div class=\"tile-detail\">\n\t\t\t\t\t<div class=\"school-info\"><a title=\"Institut Florimont\" href=\"https:\/\/theinternationalschools.com\/ch\/school\/institut-florimont\/\"><h4 class=\"d-title\">Institut Florimont<\/h4><\/a>\n\t\t\t\t\t\t<p class=\"dinfo\">Institut Florimont is a prestigious bilingual international school in Geneva, Switzerland, offering comprehensive education with a choice of Swiss Maturit\u00e9, French Baccalaur\u00e9at, and International Baccalaureate (IB) diplomas<\/p>                                                \t\t\t\t\t\t<p><b>CURRICULUM: <\/b>\n\t\t\t\t\t\t<a title=\"French Baccalaureate\" href=\"https:\/\/theinternationalschools.com\/ch\/curriculum\/french-baccalaureate\/\"><span class=\"level\">French Baccalaureate<\/span><\/a><a title=\"IB\" href=\"https:\/\/theinternationalschools.com\/ch\/curriculum\/ib\/\"><span class=\"level\">IB<\/span><\/a><a title=\"Swiss Maturit\u00e9\" href=\"https:\/\/theinternationalschools.com\/ch\/curriculum\/swiss-maturite\/\"><span class=\"level\">Swiss Maturit\u00e9<\/span><\/a> <\/p>\n\t\t\t\t\t\t\n\t\t\t\t\t\t <p><b>LOCATION: <\/b>Avenue du Petit-Lancy 37, 1213 Petit-Lancy, Switzerland<\/p>\n\t\t\t\t\t\t\t <p><a title=\"View Institut Florimont\" href=\"https:\/\/theinternationalschools.com\/ch\/school\/institut-florimont\/\">READ MORE<\/a> | <a title=\"Book tour for Institut Florimont\" onClick=\"ga('send', 'event', 'Book', 'Book', 'Book Tour Directory', '10');\" rel=\"nofollow\" href=\"https:\/\/theinternationalschools.com\/ch\/book\/?school_name=Institut Florimont&school_mail=\">BOOK A TOUR<\/a> | <a onClick=\"ga('send', 'event', 'Click', 'Visit', 'Site Visit', '1');\" href=\"\">VISIT WEBSITE<\/a><\/p><\/div>\n\t\t\t\t\t\t\t\t<div><div class=\"addtocompare\">\n\t\t\t\t\t\t\t\t    \n\t\t\t\t\t\t\t\t    <a href=\"#\" class=\"alike-button alike-button-style dir-compare\"\n                                      data-post-id=\"3760\"\n                                      data-post-title=\"Institut Florimont\"\n                                      data-post-thumb=\"https:\/\/theinternationalschools.com\/ch\/wp-content\/uploads\/sites\/7\/2021\/11\/if.svg\"\n                                      data-post-link=\"https:\/\/theinternationalschools.com\/ch\/school\/institut-florimont\/\"\n                                      title=\"ADD TO COMPARE\">\n                                      ADD TO COMPARE<\/a>\n                                    <\/div>\n\t\t\t\t\t\t\t\t  <\/div><\/div>\t\n\t\t\t\t<\/div>\n\t\t\t\t\n\t\t\t                            \n\t\t\t\t\t\t\t\n\t\t<div class=\"school-tile\">\n\t\t\t<div class=\"school-logo\" ><img decoding=\"async\" src=\"https:\/\/theinternationalschools.com\/ch\/wp-content\/uploads\/sites\/7\/2021\/11\/IILLogo-logo.png\" alt=\"Institut International de Lancy logo\" title=\"Institut International de Lancy logo\" \/>\t<\/div>\n\t\t\t\t<div class=\"tile-detail\">\n\t\t\t\t\t<div class=\"school-info\"><a title=\"Institut International de Lancy\" href=\"https:\/\/theinternationalschools.com\/ch\/school\/institut-international-de-lancy\/\"><h4 class=\"d-title\">Institut International de Lancy<\/h4><\/a>\n\t\t\t\t\t\t<p class=\"dinfo\">Institut International de Lancy in Geneva offers a bilingual education with IB and French Baccalaureate programs, fostering global citizenship in a diverse and innovative learning environment.<\/p>                                                \t\t\t\t\t\t<p><b>CURRICULUM: <\/b>\n\t\t\t\t\t\t<a title=\"French Baccalaureate\" href=\"https:\/\/theinternationalschools.com\/ch\/curriculum\/french-baccalaureate\/\"><span class=\"level\">French Baccalaureate<\/span><\/a><a title=\"IB\" href=\"https:\/\/theinternationalschools.com\/ch\/curriculum\/ib\/\"><span class=\"level\">IB<\/span><\/a> <\/p>\n\t\t\t\t\t\t\n\t\t\t\t\t\t <p><b>LOCATION: <\/b>24, avenue Eug\u00e8ne Lance, 1212 Grand-Lancy, Geneva, Switzerland<\/p>\n\t\t\t\t\t\t\t <p><a title=\"View Institut International de Lancy\" href=\"https:\/\/theinternationalschools.com\/ch\/school\/institut-international-de-lancy\/\">READ MORE<\/a> | <a title=\"Book tour for Institut International de Lancy\" onClick=\"ga('send', 'event', 'Book', 'Book', 'Book Tour Directory', '10');\" rel=\"nofollow\" href=\"https:\/\/theinternationalschools.com\/ch\/book\/?school_name=Institut International de Lancy&school_mail=\">BOOK A TOUR<\/a> | <a onClick=\"ga('send', 'event', 'Click', 'Visit', 'Site Visit', '1');\" href=\"\">VISIT WEBSITE<\/a><\/p><\/div>\n\t\t\t\t\t\t\t\t<div><div class=\"addtocompare\">\n\t\t\t\t\t\t\t\t    \n\t\t\t\t\t\t\t\t    <a href=\"#\" class=\"alike-button alike-button-style dir-compare\"\n                                      data-post-id=\"3761\"\n                                      data-post-title=\"Institut International de Lancy\"\n                                      data-post-thumb=\"https:\/\/theinternationalschools.com\/ch\/wp-content\/uploads\/sites\/7\/2021\/11\/IILLogo-logo.png\"\n                                      data-post-link=\"https:\/\/theinternationalschools.com\/ch\/school\/institut-international-de-lancy\/\"\n                                      title=\"ADD TO COMPARE\">\n                                      ADD TO COMPARE<\/a>\n                                    <\/div>\n\t\t\t\t\t\t\t\t  <\/div><\/div>\t\n\t\t\t\t<\/div>\n\t\t\t\t\n\t\t\t                            \n\t\t\t\t\t\t\t\n\t\t<div class=\"school-tile\">\n\t\t\t<div class=\"school-logo\" ><img decoding=\"async\" src=\"https:\/\/theinternationalschools.com\/ch\/wp-content\/uploads\/sites\/7\/2021\/11\/institut-montana-switzerland-logo-TISG-switzerland.png\" alt=\"Institut Montana Switzerland | Logo | The International Schools Switzerland\" title=\"Institut Montana Switzerland | Logo | The International Schools Switzerland\" \/>\t<\/div>\n\t\t\t\t<div class=\"tile-detail\">\n\t\t\t\t\t<div class=\"school-info\"><a title=\"Institut Montana Switzerland\" href=\"https:\/\/theinternationalschools.com\/ch\/school\/institut-montana\/\"><h4 class=\"d-title\">Institut Montana Switzerland<\/h4><\/a>\n\t\t\t\t\t\t<p class=\"dinfo\">Institut Montana is a Swiss international day and boarding school located on Zugerberg Mountain in the Canton of Zug, Switzerland. Serving students aged 6 to 19 from around 55 nationalities,&hellip;<\/p>                                                <img decoding=\"async\" class=\"badge\" src=\"\/wp-content\/themes\/TIS\/images\/boarding.png\" \/>\t\t\t\t\t\t<p><b>CURRICULUM: <\/b>\n\t\t\t\t\t\t<a title=\"IB\" href=\"https:\/\/theinternationalschools.com\/ch\/curriculum\/ib\/\"><span class=\"level\">IB<\/span><\/a><a title=\"IGCSE\" href=\"https:\/\/theinternationalschools.com\/ch\/curriculum\/igcse\/\"><span class=\"level\">IGCSE<\/span><\/a> <\/p>\n\t\t\t\t\t\t\n\t\t\t\t\t\t <p><b>LOCATION: <\/b>Sch\u00f6nfels 5, 6300 Zug, Switzerland<\/p>\n\t\t\t\t\t\t\t <p><a title=\"View Institut Montana Switzerland\" href=\"https:\/\/theinternationalschools.com\/ch\/school\/institut-montana\/\">READ MORE<\/a> | <a title=\"Book tour for Institut Montana Switzerland\" onClick=\"ga('send', 'event', 'Book', 'Book', 'Book Tour Directory', '10');\" rel=\"nofollow\" href=\"https:\/\/theinternationalschools.com\/ch\/book\/?school_name=Institut Montana Switzerland&school_mail=\">BOOK A TOUR<\/a> | <a onClick=\"ga('send', 'event', 'Click', 'Visit', 'Site Visit', '1');\" href=\"\">VISIT WEBSITE<\/a><\/p><\/div>\n\t\t\t\t\t\t\t\t<div><div class=\"addtocompare\">\n\t\t\t\t\t\t\t\t    \n\t\t\t\t\t\t\t\t    <a href=\"#\" class=\"alike-button alike-button-style dir-compare\"\n                                      data-post-id=\"3797\"\n                                      data-post-title=\"Institut Montana Switzerland\"\n                                      data-post-thumb=\"https:\/\/theinternationalschools.com\/ch\/wp-content\/uploads\/sites\/7\/2021\/11\/institut-montana-switzerland-logo-TISG-switzerland.png\"\n                                      data-post-link=\"https:\/\/theinternationalschools.com\/ch\/school\/institut-montana\/\"\n                                      title=\"ADD TO COMPARE\">\n                                      ADD TO COMPARE<\/a>\n                                    <\/div>\n\t\t\t\t\t\t\t\t  <\/div><\/div>\t\n\t\t\t\t<\/div>\n\t\t\t\t\n\t\t\t                            \n\t\t\t\t\t\t\t\n\t\t<div class=\"school-tile\">\n\t\t\t<div class=\"school-logo\" ><img decoding=\"async\" src=\"https:\/\/theinternationalschools.com\/ch\/wp-content\/uploads\/sites\/7\/2021\/11\/institut_monte_rosa.jpeg\" alt=\"Institut Monte Rosa logo\" title=\"Institut Monte Rosa logo\" \/>\t<\/div>\n\t\t\t\t<div class=\"tile-detail\">\n\t\t\t\t\t<div class=\"school-info\"><a title=\"Institut Monte Rosa\" href=\"https:\/\/theinternationalschools.com\/ch\/school\/institut-monte-rosa\/\"><h4 class=\"d-title\">Institut Monte Rosa<\/h4><\/a>\n\t\t\t\t\t\t<p class=\"dinfo\">Institut Monte Rosa in Montreux offers a personalised international education for students aged 8 to 19, combining strong academics with small class sizes, individual attention and a family style boarding&hellip;<\/p>                                                \t\t\t\t\t\t<p><b>CURRICULUM: <\/b>\n\t\t\t\t\t\t <\/p>\n\t\t\t\t\t\t\n\t\t\t\t\t\t <p><b>LOCATION: <\/b>57, Avenue de Chillon, CH-1820 Montreux<\/p>\n\t\t\t\t\t\t\t <p><a title=\"View Institut Monte Rosa\" href=\"https:\/\/theinternationalschools.com\/ch\/school\/institut-monte-rosa\/\">READ MORE<\/a> | <a title=\"Book tour for Institut Monte Rosa\" onClick=\"ga('send', 'event', 'Book', 'Book', 'Book Tour Directory', '10');\" rel=\"nofollow\" href=\"https:\/\/theinternationalschools.com\/ch\/book\/?school_name=Institut Monte Rosa&school_mail=\">BOOK A TOUR<\/a> | <a onClick=\"ga('send', 'event', 'Click', 'Visit', 'Site Visit', '1');\" href=\"\">VISIT WEBSITE<\/a><\/p><\/div>\n\t\t\t\t\t\t\t\t<div><div class=\"addtocompare\">\n\t\t\t\t\t\t\t\t    \n\t\t\t\t\t\t\t\t    <a href=\"#\" class=\"alike-button alike-button-style dir-compare\"\n                                      data-post-id=\"3787\"\n                                      data-post-title=\"Institut Monte Rosa\"\n                                      data-post-thumb=\"https:\/\/theinternationalschools.com\/ch\/wp-content\/uploads\/sites\/7\/2021\/11\/institut_monte_rosa.jpeg\"\n                                      data-post-link=\"https:\/\/theinternationalschools.com\/ch\/school\/institut-monte-rosa\/\"\n                                      title=\"ADD TO COMPARE\">\n                                      ADD TO COMPARE<\/a>\n                                    <\/div>\n\t\t\t\t\t\t\t\t  <\/div><\/div>\t\n\t\t\t\t<\/div>\n\t\t\t\t\n\t\t\t                            \n\t\t\t\t\t\t\t\n\t\t<div class=\"school-tile\">\n\t\t\t<div class=\"school-logo\" ><img decoding=\"async\" src=\"https:\/\/theinternationalschools.com\/ch\/wp-content\/uploads\/sites\/7\/2021\/11\/Inter-Community-School-Zurich-Logo.jpeg\" alt=\"ICS Inter-community School Zurich logo\" title=\"Inter-Community-School-Zurich-Logo\" \/>\t<\/div>\n\t\t\t\t<div class=\"tile-detail\">\n\t\t\t\t\t<div class=\"school-info\"><a title=\"Inter-Community School Zurich\" href=\"https:\/\/theinternationalschools.com\/ch\/school\/inter-community-school-zurich\/\"><h4 class=\"d-title\">Inter-Community School Zurich<\/h4><\/a>\n\t\t\t\t\t\t<p class=\"dinfo\">Inter Community School Zurich is a leading IB World School offering a continuous IB curriculum from early childhood to grade 12. The school focuses on inquiry based learning, strong pastoral&hellip;<\/p>                                                \t\t\t\t\t\t<p><b>CURRICULUM: <\/b>\n\t\t\t\t\t\t <\/p>\n\t\t\t\t\t\t\n\t\t\t\t\t\t <p><b>LOCATION: <\/b>Strubenacher 3, 8126 Zumikon, Switzerland<\/p>\n\t\t\t\t\t\t\t <p><a title=\"View Inter-Community School Zurich\" href=\"https:\/\/theinternationalschools.com\/ch\/school\/inter-community-school-zurich\/\">READ MORE<\/a> | <a title=\"Book tour for Inter-Community School Zurich\" onClick=\"ga('send', 'event', 'Book', 'Book', 'Book Tour Directory', '10');\" rel=\"nofollow\" href=\"https:\/\/theinternationalschools.com\/ch\/book\/?school_name=Inter-Community School Zurich&school_mail=\">BOOK A TOUR<\/a> | <a onClick=\"ga('send', 'event', 'Click', 'Visit', 'Site Visit', '1');\" href=\"\">VISIT WEBSITE<\/a><\/p><\/div>\n\t\t\t\t\t\t\t\t<div><img decoding=\"async\" class=\"badge\" src=\"\/wp-content\/uploads\/2021\/10\/nprofitschool-2.png\" \/><div class=\"addtocompare\">\n\t\t\t\t\t\t\t\t    \n\t\t\t\t\t\t\t\t    <a href=\"#\" class=\"alike-button alike-button-style dir-compare\"\n                                      data-post-id=\"3802\"\n                                      data-post-title=\"Inter-Community School Zurich\"\n                                      data-post-thumb=\"https:\/\/theinternationalschools.com\/ch\/wp-content\/uploads\/sites\/7\/2021\/11\/Inter-Community-School-Zurich-Logo.jpeg\"\n                                      data-post-link=\"https:\/\/theinternationalschools.com\/ch\/school\/inter-community-school-zurich\/\"\n                                      title=\"ADD TO COMPARE\">\n                                      ADD TO COMPARE<\/a>\n                                    <\/div>\n\t\t\t\t\t\t\t\t  <\/div><\/div>\t\n\t\t\t\t<\/div>\n\t\t\t\t\n\t\t\t                            \n\t\t\t\t\t\t\t\n\t\t<div class=\"school-tile\">\n\t\t\t<div class=\"school-logo\" ><img decoding=\"async\" src=\"https:\/\/theinternationalschools.com\/ch\/wp-content\/uploads\/sites\/7\/2021\/11\/Terra_Nova_Subline_Logo_Bilinugal-School_col_RGB.png\" alt=\"Terra Nova international bilingual school Logo\" title=\"Terra Nova Logo\" \/>\t<\/div>\n\t\t\t\t<div class=\"tile-detail\">\n\t\t\t\t\t<div class=\"school-info\"><a title=\"International Bilingual School Terra Nova\" href=\"https:\/\/theinternationalschools.com\/ch\/school\/international-bilingual-school-terra-nova\/\"><h4 class=\"d-title\">International Bilingual School Terra Nova<\/h4><\/a>\n\t\t\t\t\t\t<p class=\"dinfo\">International Bilingual School Terra Nova offers a bilingual English and German curriculum for early years and primary learners, combining structured academics with a supportive and community focused environment.<\/p>                                                \t\t\t\t\t\t<p><b>CURRICULUM: <\/b>\n\t\t\t\t\t\t <\/p>\n\t\t\t\t\t\t\n\t\t\t\t\t\t <p><b>LOCATION: <\/b>Florastrasse 19, 8700 K\u00fcsnacht, Switzerland<\/p>\n\t\t\t\t\t\t\t <p><a title=\"View International Bilingual School Terra Nova\" href=\"https:\/\/theinternationalschools.com\/ch\/school\/international-bilingual-school-terra-nova\/\">READ MORE<\/a> | <a title=\"Book tour for International Bilingual School Terra Nova\" onClick=\"ga('send', 'event', 'Book', 'Book', 'Book Tour Directory', '10');\" rel=\"nofollow\" href=\"https:\/\/theinternationalschools.com\/ch\/book\/?school_name=International Bilingual School Terra Nova&school_mail=\">BOOK A TOUR<\/a> | <a onClick=\"ga('send', 'event', 'Click', 'Visit', 'Site Visit', '1');\" href=\"\">VISIT WEBSITE<\/a><\/p><\/div>\n\t\t\t\t\t\t\t\t<div><div class=\"addtocompare\">\n\t\t\t\t\t\t\t\t    \n\t\t\t\t\t\t\t\t    <a href=\"#\" class=\"alike-button alike-button-style dir-compare\"\n                                      data-post-id=\"3809\"\n                                      data-post-title=\"International Bilingual School Terra Nova\"\n                                      data-post-thumb=\"https:\/\/theinternationalschools.com\/ch\/wp-content\/uploads\/sites\/7\/2021\/11\/Terra_Nova_Subline_Logo_Bilinugal-School_col_RGB.png\"\n                                      data-post-link=\"https:\/\/theinternationalschools.com\/ch\/school\/international-bilingual-school-terra-nova\/\"\n                                      title=\"ADD TO COMPARE\">\n                                      ADD TO COMPARE<\/a>\n                                    <\/div>\n\t\t\t\t\t\t\t\t  <\/div><\/div>\t\n\t\t\t\t<\/div>\n\t\t\t\t\n\t\t\t                            \n\t\t\t\t\t\t\t\n\t\t<div class=\"school-tile\">\n\t\t\t<div class=\"school-logo\" ><img decoding=\"async\" src=\"https:\/\/theinternationalschools.com\/ch\/wp-content\/uploads\/sites\/7\/2024\/12\/altdorf-international-school-logo-TISG-switzerland.jpg\" alt=\"International School Altdorf (LISA) | Logo | The International Schools Group Switzerland\" title=\"International School Altdorf (LISA) | Logo | The International Schools Group Switzerland\" \/>\t<\/div>\n\t\t\t\t<div class=\"tile-detail\">\n\t\t\t\t\t<div class=\"school-info\"><a title=\"International School Altdorf\" href=\"https:\/\/theinternationalschools.com\/ch\/school\/international-school-altdorf\/\"><h4 class=\"d-title\">International School Altdorf<\/h4><\/a>\n\t\t\t\t\t\t<p class=\"dinfo\">International School Altdorf provides exceptional boarding facilities in a scenic Swiss Alpine setting, offering a tailored IB education that fosters academic excellence and global-mindedness.<\/p>                                                <img decoding=\"async\" class=\"badge\" src=\"\/wp-content\/themes\/TIS\/images\/boarding.png\" \/>\t\t\t\t\t\t<p><b>CURRICULUM: <\/b>\n\t\t\t\t\t\t<a title=\"IB\" href=\"https:\/\/theinternationalschools.com\/ch\/curriculum\/ib\/\"><span class=\"level\">IB<\/span><\/a><a title=\"CP\/IBCP\" href=\"https:\/\/theinternationalschools.com\/ch\/curriculum\/ibcp\/\"><span class=\"level\">CP\/IBCP<\/span><\/a><a title=\"MYP\/IBMYP\" href=\"https:\/\/theinternationalschools.com\/ch\/curriculum\/ibmyp\/\"><span class=\"level\">MYP\/IBMYP<\/span><\/a><a title=\"IGCSE\" href=\"https:\/\/theinternationalschools.com\/ch\/curriculum\/igcse\/\"><span class=\"level\">IGCSE<\/span><\/a> <\/p>\n\t\t\t\t\t\t\n\t\t\t\t\t\t <p><b>LOCATION: <\/b>St. Josefsweg 15, 6460 Altdorf, Switzerland<\/p>\n\t\t\t\t\t\t\t <p><a title=\"View International School Altdorf\" href=\"https:\/\/theinternationalschools.com\/ch\/school\/international-school-altdorf\/\">READ MORE<\/a> | <a title=\"Book tour for International School Altdorf\" onClick=\"ga('send', 'event', 'Book', 'Book', 'Book Tour Directory', '10');\" rel=\"nofollow\" href=\"https:\/\/theinternationalschools.com\/ch\/book\/?school_name=International School Altdorf&school_mail=\">BOOK A TOUR<\/a> | <a onClick=\"ga('send', 'event', 'Click', 'Visit', 'Site Visit', '1');\" href=\"\">VISIT WEBSITE<\/a><\/p><\/div>\n\t\t\t\t\t\t\t\t<div><div class=\"addtocompare\">\n\t\t\t\t\t\t\t\t    \n\t\t\t\t\t\t\t\t    <a href=\"#\" class=\"alike-button alike-button-style dir-compare\"\n                                      data-post-id=\"5397\"\n                                      data-post-title=\"International School Altdorf\"\n                                      data-post-thumb=\"https:\/\/theinternationalschools.com\/ch\/wp-content\/uploads\/sites\/7\/2024\/12\/altdorf-international-school-logo-TISG-switzerland.jpg\"\n                                      data-post-link=\"https:\/\/theinternationalschools.com\/ch\/school\/international-school-altdorf\/\"\n                                      title=\"ADD TO COMPARE\">\n                                      ADD TO COMPARE<\/a>\n                                    <\/div>\n\t\t\t\t\t\t\t\t  <\/div><\/div>\t\n\t\t\t\t<\/div>\n\t\t\t\t\n\t\t\t                            \n\t\t\t\t\t\t\t\n\t\t<div class=\"school-tile\">\n\t\t\t<div class=\"school-logo\" ><img decoding=\"async\" src=\"https:\/\/theinternationalschools.com\/ch\/wp-content\/uploads\/sites\/7\/2021\/09\/Tis_favi12.png\" alt=\"\" title=\"Tis_favi12\" \/>\t<\/div>\n\t\t\t\t<div class=\"tile-detail\">\n\t\t\t\t\t<div class=\"school-info\"><a title=\"International School of Berne\" href=\"https:\/\/theinternationalschools.com\/ch\/school\/international-school-of-berne\/\"><h4 class=\"d-title\">International School of Berne<\/h4><\/a>\n\t\t\t\t\t\t<p class=\"dinfo\">The International School of Berne (ISBerne) offers a rigorous IB curriculum in a nurturing, multilingual environment, fostering academic excellence and global citizenship.<\/p>                                                \t\t\t\t\t\t<p><b>CURRICULUM: <\/b>\n\t\t\t\t\t\t<a title=\"IB\" href=\"https:\/\/theinternationalschools.com\/ch\/curriculum\/ib\/\"><span class=\"level\">IB<\/span><\/a><a title=\"IBDP\/DP\" href=\"https:\/\/theinternationalschools.com\/ch\/curriculum\/ibdp\/\"><span class=\"level\">IBDP\/DP<\/span><\/a><a title=\"MYP\/IBMYP\" href=\"https:\/\/theinternationalschools.com\/ch\/curriculum\/ibmyp\/\"><span class=\"level\">MYP\/IBMYP<\/span><\/a><a title=\"IBPYP\/PYP\" href=\"https:\/\/theinternationalschools.com\/ch\/curriculum\/ibpyp\/\"><span class=\"level\">IBPYP\/PYP<\/span><\/a> <\/p>\n\t\t\t\t\t\t\n\t\t\t\t\t\t <p><b>LOCATION: <\/b><\/p>\n\t\t\t\t\t\t\t <p><a title=\"View International School of Berne\" href=\"https:\/\/theinternationalschools.com\/ch\/school\/international-school-of-berne\/\">READ MORE<\/a> | <a title=\"Book tour for International School of Berne\" onClick=\"ga('send', 'event', 'Book', 'Book', 'Book Tour Directory', '10');\" rel=\"nofollow\" href=\"https:\/\/theinternationalschools.com\/ch\/book\/?school_name=International School of Berne&school_mail=\">BOOK A TOUR<\/a> | <a onClick=\"ga('send', 'event', 'Click', 'Visit', 'Site Visit', '1');\" href=\"\">VISIT WEBSITE<\/a><\/p><\/div>\n\t\t\t\t\t\t\t\t<div><div class=\"addtocompare\">\n\t\t\t\t\t\t\t\t    \n\t\t\t\t\t\t\t\t    <a href=\"#\" class=\"alike-button alike-button-style dir-compare\"\n                                      data-post-id=\"3750\"\n                                      data-post-title=\"International School of Berne\"\n                                      data-post-thumb=\"https:\/\/theinternationalschools.com\/ch\/wp-content\/uploads\/sites\/7\/2021\/09\/Tis_favi12.png\"\n                                      data-post-link=\"https:\/\/theinternationalschools.com\/ch\/school\/international-school-of-berne\/\"\n                                      title=\"ADD TO COMPARE\">\n                                      ADD TO COMPARE<\/a>\n                                    <\/div>\n\t\t\t\t\t\t\t\t  <\/div><\/div>\t\n\t\t\t\t<\/div>\n\t\t\t\t\n\t\t\t                            \n\t\t\t\t\t\t\t\n\t\t<div class=\"school-tile\">\n\t\t\t<div class=\"school-logo\" ><img decoding=\"async\" src=\"https:\/\/theinternationalschools.com\/ch\/wp-content\/uploads\/sites\/7\/2021\/11\/International-School-of-Central-Switzerland-logo.jpeg\" alt=\"International School of Central Switzerland logo\" title=\"International School of Central Switzerland logo\" \/>\t<\/div>\n\t\t\t\t<div class=\"tile-detail\">\n\t\t\t\t\t<div class=\"school-info\"><a title=\"International School of Central Switzerland\" href=\"https:\/\/theinternationalschools.com\/ch\/school\/international-school-of-central-switzerland\/\"><h4 class=\"d-title\">International School of Central Switzerland<\/h4><\/a>\n\t\t\t\t\t\t<p class=\"dinfo\">International School of Central Switzerland provides a British based education for students aged 3 to 18, offering small class sizes, personalised learning and a strong academic pathway from primary to&hellip;<\/p>                                                \t\t\t\t\t\t<p><b>CURRICULUM: <\/b>\n\t\t\t\t\t\t <\/p>\n\t\t\t\t\t\t\n\t\t\t\t\t\t <p><b>LOCATION: <\/b>Lorzenparkstrasse 8, 6330 Cham, Switzerland<\/p>\n\t\t\t\t\t\t\t <p><a title=\"View International School of Central Switzerland\" href=\"https:\/\/theinternationalschools.com\/ch\/school\/international-school-of-central-switzerland\/\">READ MORE<\/a> | <a title=\"Book tour for International School of Central Switzerland\" onClick=\"ga('send', 'event', 'Book', 'Book', 'Book Tour Directory', '10');\" rel=\"nofollow\" href=\"https:\/\/theinternationalschools.com\/ch\/book\/?school_name=International School of Central Switzerland&school_mail=\">BOOK A TOUR<\/a> | <a onClick=\"ga('send', 'event', 'Click', 'Visit', 'Site Visit', '1');\" href=\"\">VISIT WEBSITE<\/a><\/p><\/div>\n\t\t\t\t\t\t\t\t<div><div class=\"addtocompare\">\n\t\t\t\t\t\t\t\t    \n\t\t\t\t\t\t\t\t    <a href=\"#\" class=\"alike-button alike-button-style dir-compare\"\n                                      data-post-id=\"3801\"\n                                      data-post-title=\"International School of Central Switzerland\"\n                                      data-post-thumb=\"https:\/\/theinternationalschools.com\/ch\/wp-content\/uploads\/sites\/7\/2021\/11\/International-School-of-Central-Switzerland-logo.jpeg\"\n                                      data-post-link=\"https:\/\/theinternationalschools.com\/ch\/school\/international-school-of-central-switzerland\/\"\n                                      title=\"ADD TO COMPARE\">\n                                      ADD TO COMPARE<\/a>\n                                    <\/div>\n\t\t\t\t\t\t\t\t  <\/div><\/div>\t\n\t\t\t\t<\/div>\n\t\t\t\t\n\t\t\t                            \n\t\t\t\t\t\t\t\n\t\t<div class=\"school-tile\">\n\t\t\t<div class=\"school-logo\" ><img decoding=\"async\" src=\"https:\/\/theinternationalschools.com\/ch\/wp-content\/uploads\/sites\/7\/2021\/09\/cropped-Tis_favi12.png\" alt=\"\" title=\"tisg\" \/>\t<\/div>\n\t\t\t\t<div class=\"tile-detail\">\n\t\t\t\t\t<div class=\"school-info\"><a title=\"International School of Neuch\u00e2tel\" href=\"https:\/\/theinternationalschools.com\/ch\/school\/international-school-of-neuchatel\/\"><h4 class=\"d-title\">International School of Neuch\u00e2tel<\/h4><\/a>\n\t\t\t\t\t\t<p class=\"dinfo\">The International School of Neuch\u00e2tel (ISN) offers the the fundamental principle of Maria Montessori\u2019s method is that children are naturally motivated to lear to a diverse student body, fostering global-mindedness&hellip;<\/p>                                                \t\t\t\t\t\t<p><b>CURRICULUM: <\/b>\n\t\t\t\t\t\t<a title=\"Montessori\" href=\"https:\/\/theinternationalschools.com\/ch\/curriculum\/montessori\/\"><span class=\"level\">Montessori<\/span><\/a> <\/p>\n\t\t\t\t\t\t\n\t\t\t\t\t\t <p><b>LOCATION: <\/b><\/p>\n\t\t\t\t\t\t\t <p><a title=\"View International School of Neuch\u00e2tel\" href=\"https:\/\/theinternationalschools.com\/ch\/school\/international-school-of-neuchatel\/\">READ MORE<\/a> | <a title=\"Book tour for International School of Neuch\u00e2tel\" onClick=\"ga('send', 'event', 'Book', 'Book', 'Book Tour Directory', '10');\" rel=\"nofollow\" href=\"https:\/\/theinternationalschools.com\/ch\/book\/?school_name=International School of Neuch\u00e2tel&school_mail=\">BOOK A TOUR<\/a> | <a onClick=\"ga('send', 'event', 'Click', 'Visit', 'Site Visit', '1');\" href=\"\">VISIT WEBSITE<\/a><\/p><\/div>\n\t\t\t\t\t\t\t\t<div><div class=\"addtocompare\">\n\t\t\t\t\t\t\t\t    \n\t\t\t\t\t\t\t\t    <a href=\"#\" class=\"alike-button alike-button-style dir-compare\"\n                                      data-post-id=\"3767\"\n                                      data-post-title=\"International School of Neuch\u00e2tel\"\n                                      data-post-thumb=\"https:\/\/theinternationalschools.com\/ch\/wp-content\/uploads\/sites\/7\/2021\/09\/cropped-Tis_favi12.png\"\n                                      data-post-link=\"https:\/\/theinternationalschools.com\/ch\/school\/international-school-of-neuchatel\/\"\n                                      title=\"ADD TO COMPARE\">\n                                      ADD TO COMPARE<\/a>\n                                    <\/div>\n\t\t\t\t\t\t\t\t  <\/div><\/div>\t\n\t\t\t\t<\/div>\n\t\t\t\t\n\t\t\t                            \n\t\t\t\t\t\t\t\n\t\t<div class=\"school-tile\">\n\t\t\t<div class=\"school-logo\" ><img decoding=\"async\" src=\"https:\/\/theinternationalschools.com\/ch\/wp-content\/uploads\/sites\/7\/2021\/09\/cropped-Tis_favi12.png\" alt=\"\" title=\"tisg\" \/>\t<\/div>\n\t\t\t\t<div class=\"tile-detail\">\n\t\t\t\t\t<div class=\"school-info\"><a title=\"International School of Schaffhausen\" href=\"https:\/\/theinternationalschools.com\/ch\/school\/international-school-of-schaffhausen\/\"><h4 class=\"d-title\">International School of Schaffhausen<\/h4><\/a>\n\t\t\t\t\t\t<p class=\"dinfo\">International School of Schaffhausen offers the full IB continuum for students aged 3 to 18, supported by a close knit community, strong academic expectations and a caring environment that includes&hellip;<\/p>                                                \t\t\t\t\t\t<p><b>CURRICULUM: <\/b>\n\t\t\t\t\t\t <\/p>\n\t\t\t\t\t\t\n\t\t\t\t\t\t <p><b>LOCATION: <\/b><\/p>\n\t\t\t\t\t\t\t <p><a title=\"View International School of Schaffhausen\" href=\"https:\/\/theinternationalschools.com\/ch\/school\/international-school-of-schaffhausen\/\">READ MORE<\/a> | <a title=\"Book tour for International School of Schaffhausen\" onClick=\"ga('send', 'event', 'Book', 'Book', 'Book Tour Directory', '10');\" rel=\"nofollow\" href=\"https:\/\/theinternationalschools.com\/ch\/book\/?school_name=International School of Schaffhausen&school_mail=\">BOOK A TOUR<\/a> | <a onClick=\"ga('send', 'event', 'Click', 'Visit', 'Site Visit', '1');\" href=\"\">VISIT WEBSITE<\/a><\/p><\/div>\n\t\t\t\t\t\t\t\t<div><div class=\"addtocompare\">\n\t\t\t\t\t\t\t\t    \n\t\t\t\t\t\t\t\t    <a href=\"#\" class=\"alike-button alike-button-style dir-compare\"\n                                      data-post-id=\"3774\"\n                                      data-post-title=\"International School of Schaffhausen\"\n                                      data-post-thumb=\"https:\/\/theinternationalschools.com\/ch\/wp-content\/uploads\/sites\/7\/2021\/09\/cropped-Tis_favi12.png\"\n                                      data-post-link=\"https:\/\/theinternationalschools.com\/ch\/school\/international-school-of-schaffhausen\/\"\n                                      title=\"ADD TO COMPARE\">\n                                      ADD TO COMPARE<\/a>\n                                    <\/div>\n\t\t\t\t\t\t\t\t  <\/div><\/div>\t\n\t\t\t\t<\/div>\n\t\t\t\t\n\t\t\t                            \n\t\t\t\t\t\t\t\n\t\t<div class=\"school-tile\">\n\t\t\t<div class=\"school-logo\" ><img decoding=\"async\" src=\"https:\/\/theinternationalschools.com\/ch\/wp-content\/uploads\/sites\/7\/2025\/01\/iszl-logo-international-schools-TISG-switzerland.png\" alt=\"International School Of Zug And Luzern (ISZL) Logo | The International Schools Group Switzerland\" title=\"International School Of Zug And Luzern (ISZL) Logo | The International Schools Group Switzerland\" \/>\t<\/div>\n\t\t\t\t<div class=\"tile-detail\">\n\t\t\t\t\t<div class=\"school-info\"><a title=\"International School of Zug and Luzern (Riverside)\" href=\"https:\/\/theinternationalschools.com\/ch\/school\/international-school-of-zug-and-luzern-riverside\/\"><h4 class=\"d-title\">International School of Zug and Luzern (Riverside)<\/h4><\/a>\n\t\t\t\t\t\t<p class=\"dinfo\">International School of Zug and Luzern (Riverside Campus) offers world-class education for students aged 14\u201318, blending academic excellence with a vibrant international community.<\/p>                                                \t\t\t\t\t\t<p><b>CURRICULUM: <\/b>\n\t\t\t\t\t\t <\/p>\n\t\t\t\t\t\t\n\t\t\t\t\t\t <p><b>LOCATION: <\/b>Rothusstrasse 4B, 6331 H\u00fcnenberg, Switzerland<\/p>\n\t\t\t\t\t\t\t <p><a title=\"View International School of Zug and Luzern (Riverside)\" href=\"https:\/\/theinternationalschools.com\/ch\/school\/international-school-of-zug-and-luzern-riverside\/\">READ MORE<\/a> | <a title=\"Book tour for International School of Zug and Luzern (Riverside)\" onClick=\"ga('send', 'event', 'Book', 'Book', 'Book Tour Directory', '10');\" rel=\"nofollow\" href=\"https:\/\/theinternationalschools.com\/ch\/book\/?school_name=International School of Zug and Luzern (Riverside)&school_mail=\">BOOK A TOUR<\/a> | <a onClick=\"ga('send', 'event', 'Click', 'Visit', 'Site Visit', '1');\" href=\"\">VISIT WEBSITE<\/a><\/p><\/div>\n\t\t\t\t\t\t\t\t<div><img decoding=\"async\" class=\"badge\" src=\"\/wp-content\/uploads\/2021\/10\/nprofitschool-2.png\" \/><div class=\"addtocompare\">\n\t\t\t\t\t\t\t\t    \n\t\t\t\t\t\t\t\t    <a href=\"#\" class=\"alike-button alike-button-style dir-compare\"\n                                      data-post-id=\"3800\"\n                                      data-post-title=\"International School of Zug and Luzern (Riverside)\"\n                                      data-post-thumb=\"https:\/\/theinternationalschools.com\/ch\/wp-content\/uploads\/sites\/7\/2025\/01\/iszl-logo-international-schools-TISG-switzerland.png\"\n                                      data-post-link=\"https:\/\/theinternationalschools.com\/ch\/school\/international-school-of-zug-and-luzern-riverside\/\"\n                                      title=\"ADD TO COMPARE\">\n                                      ADD TO COMPARE<\/a>\n                                    <\/div>\n\t\t\t\t\t\t\t\t  <\/div><\/div>\t\n\t\t\t\t<\/div>\n\t\t\t\t\n\t\t\t                            \n\t\t\t\t\t\t\t\n\t\t<div class=\"school-tile\">\n\t\t\t<div class=\"school-logo\" ><img decoding=\"async\" src=\"https:\/\/theinternationalschools.com\/ch\/wp-content\/uploads\/sites\/7\/2025\/01\/iszl-logo-international-schools-TISG-switzerland.png\" alt=\"International School Of Zug And Luzern (ISZL) Logo | The International Schools Group Switzerland\" title=\"International School Of Zug And Luzern (ISZL) Logo | The International Schools Group Switzerland\" \/>\t<\/div>\n\t\t\t\t<div class=\"tile-detail\">\n\t\t\t\t\t<div class=\"school-info\"><a title=\"International School of Zug and Luzern (Zug)\" href=\"https:\/\/theinternationalschools.com\/ch\/school\/international-school-of-zug-and-luzern-zug\/\"><h4 class=\"d-title\">International School of Zug and Luzern (Zug)<\/h4><\/a>\n\t\t\t\t\t\t<p class=\"dinfo\">International School of Zug and Luzern\u2019s Zug campus provides a continuous IB education for students aged 3 to 18, offering strong academic progression, specialist teaching and a vibrant international community.<\/p>                                                \t\t\t\t\t\t<p><b>CURRICULUM: <\/b>\n\t\t\t\t\t\t <\/p>\n\t\t\t\t\t\t\n\t\t\t\t\t\t <p><b>LOCATION: <\/b>Walterswil 1, 6340 Baar, Switzerland<\/p>\n\t\t\t\t\t\t\t <p><a title=\"View International School of Zug and Luzern (Zug)\" href=\"https:\/\/theinternationalschools.com\/ch\/school\/international-school-of-zug-and-luzern-zug\/\">READ MORE<\/a> | <a title=\"Book tour for International School of Zug and Luzern (Zug)\" onClick=\"ga('send', 'event', 'Book', 'Book', 'Book Tour Directory', '10');\" rel=\"nofollow\" href=\"https:\/\/theinternationalschools.com\/ch\/book\/?school_name=International School of Zug and Luzern (Zug)&school_mail=\">BOOK A TOUR<\/a> | <a onClick=\"ga('send', 'event', 'Click', 'Visit', 'Site Visit', '1');\" href=\"\">VISIT WEBSITE<\/a><\/p><\/div>\n\t\t\t\t\t\t\t\t<div><img decoding=\"async\" class=\"badge\" src=\"\/wp-content\/uploads\/2021\/10\/nprofitschool-2.png\" \/><div class=\"addtocompare\">\n\t\t\t\t\t\t\t\t    \n\t\t\t\t\t\t\t\t    <a href=\"#\" class=\"alike-button alike-button-style dir-compare\"\n                                      data-post-id=\"3798\"\n                                      data-post-title=\"International School of Zug and Luzern (Zug)\"\n                                      data-post-thumb=\"https:\/\/theinternationalschools.com\/ch\/wp-content\/uploads\/sites\/7\/2025\/01\/iszl-logo-international-schools-TISG-switzerland.png\"\n                                      data-post-link=\"https:\/\/theinternationalschools.com\/ch\/school\/international-school-of-zug-and-luzern-zug\/\"\n                                      title=\"ADD TO COMPARE\">\n                                      ADD TO COMPARE<\/a>\n                                    <\/div>\n\t\t\t\t\t\t\t\t  <\/div><\/div>\t\n\t\t\t\t<\/div>\n\t\t\t\t\n\t\t\t                            \n\t\t\t\t\t\t\t\n\t\t<div class=\"school-tile\">\n\t\t\t<div class=\"school-logo\" ><img decoding=\"async\" src=\"https:\/\/theinternationalschools.com\/ch\/wp-content\/uploads\/sites\/7\/2022\/06\/iszn_logo.jpeg\" alt=\"ISZN international school logo\" title=\"iszn_logo\" \/>\t<\/div>\n\t\t\t\t<div class=\"tile-detail\">\n\t\t\t\t\t<div class=\"school-info\"><a title=\"International School Zurich North (ISZN)\" href=\"https:\/\/theinternationalschools.com\/ch\/school\/iszn-international-school-zurich-north\/\"><h4 class=\"d-title\">International School Zurich North (ISZN)<\/h4><\/a>\n\t\t\t\t\t\t<p class=\"dinfo\">International School Zurich North delivers a diverse, globally-minded education, fostering creativity and critical thinking in a supportive community.<\/p>                                                \t\t\t\t\t\t<p><b>CURRICULUM: <\/b>\n\t\t\t\t\t\t <\/p>\n\t\t\t\t\t\t\n\t\t\t\t\t\t <p><b>LOCATION: <\/b>Industriestrasse 50, 8304 Wallisellen, Switzerland<\/p>\n\t\t\t\t\t\t\t <p><a title=\"View International School Zurich North (ISZN)\" href=\"https:\/\/theinternationalschools.com\/ch\/school\/iszn-international-school-zurich-north\/\">READ MORE<\/a> | <a title=\"Book tour for International School Zurich North (ISZN)\" onClick=\"ga('send', 'event', 'Book', 'Book', 'Book Tour Directory', '10');\" rel=\"nofollow\" href=\"https:\/\/theinternationalschools.com\/ch\/book\/?school_name=International School Zurich North (ISZN)&school_mail=\">BOOK A TOUR<\/a> | <a onClick=\"ga('send', 'event', 'Click', 'Visit', 'Site Visit', '1');\" href=\"\">VISIT WEBSITE<\/a><\/p><\/div>\n\t\t\t\t\t\t\t\t<div><div class=\"addtocompare\">\n\t\t\t\t\t\t\t\t    \n\t\t\t\t\t\t\t\t    <a href=\"#\" class=\"alike-button alike-button-style dir-compare\"\n                                      data-post-id=\"4974\"\n                                      data-post-title=\"International School Zurich North (ISZN)\"\n                                      data-post-thumb=\"https:\/\/theinternationalschools.com\/ch\/wp-content\/uploads\/sites\/7\/2022\/06\/iszn_logo.jpeg\"\n                                      data-post-link=\"https:\/\/theinternationalschools.com\/ch\/school\/iszn-international-school-zurich-north\/\"\n                                      title=\"ADD TO COMPARE\">\n                                      ADD TO COMPARE<\/a>\n                                    <\/div>\n\t\t\t\t\t\t\t\t  <\/div><\/div>\t\n\t\t\t\t<\/div>\n\t\t\t\t\n\t\t\t                            \n\t\t\t\t\t\t\t\n\t\t<div class=\"school-tile\">\n\t\t\t<div class=\"school-logo\" ><img decoding=\"async\" src=\"https:\/\/theinternationalschools.com\/ch\/wp-content\/uploads\/sites\/7\/2021\/11\/jsz.jpeg\" alt=\"Japanese School in Zurich logo\" title=\"Japanese School in Zurich logo\" \/>\t<\/div>\n\t\t\t\t<div class=\"tile-detail\">\n\t\t\t\t\t<div class=\"school-info\"><a title=\"Japanese School in Zurich\" href=\"https:\/\/theinternationalschools.com\/ch\/school\/japanese-school-in-zurich\/\"><h4 class=\"d-title\">Japanese School in Zurich<\/h4><\/a>\n\t\t\t\t\t\t<p class=\"dinfo\">The Japanese School in Zurich offers a structured curriculum based on Japan\u2019s national education standards, providing a consistent academic pathway for Japanese speaking students from elementary to junior high levels.<\/p>                                                \t\t\t\t\t\t<p><b>CURRICULUM: <\/b>\n\t\t\t\t\t\t <\/p>\n\t\t\t\t\t\t\n\t\t\t\t\t\t <p><b>LOCATION: <\/b>Florastrasse 18A, 8610 Uster, Switzerland<\/p>\n\t\t\t\t\t\t\t <p><a title=\"View Japanese School in Zurich\" href=\"https:\/\/theinternationalschools.com\/ch\/school\/japanese-school-in-zurich\/\">READ MORE<\/a> | <a title=\"Book tour for Japanese School in Zurich\" onClick=\"ga('send', 'event', 'Book', 'Book', 'Book Tour Directory', '10');\" rel=\"nofollow\" href=\"https:\/\/theinternationalschools.com\/ch\/book\/?school_name=Japanese School in Zurich&school_mail=\">BOOK A TOUR<\/a> | <a onClick=\"ga('send', 'event', 'Click', 'Visit', 'Site Visit', '1');\" href=\"\">VISIT WEBSITE<\/a><\/p><\/div>\n\t\t\t\t\t\t\t\t<div><div class=\"addtocompare\">\n\t\t\t\t\t\t\t\t    \n\t\t\t\t\t\t\t\t    <a href=\"#\" class=\"alike-button alike-button-style dir-compare\"\n                                      data-post-id=\"3804\"\n                                      data-post-title=\"Japanese School in Zurich\"\n                                      data-post-thumb=\"https:\/\/theinternationalschools.com\/ch\/wp-content\/uploads\/sites\/7\/2021\/11\/jsz.jpeg\"\n                                      data-post-link=\"https:\/\/theinternationalschools.com\/ch\/school\/japanese-school-in-zurich\/\"\n                                      title=\"ADD TO COMPARE\">\n                                      ADD TO COMPARE<\/a>\n                                    <\/div>\n\t\t\t\t\t\t\t\t  <\/div><\/div>\t\n\t\t\t\t<\/div>\n\t\t\t\t\n\t\t\t                            \n\t\t\t\t\t\t\t\n\t\t<div class=\"school-tile\">\n\t\t\t<div class=\"school-logo\" ><img decoding=\"async\" src=\"https:\/\/theinternationalschools.com\/ch\/wp-content\/uploads\/sites\/7\/2021\/11\/jfkis.jpeg\" alt=\"\" title=\"jfkis\" \/>\t<\/div>\n\t\t\t\t<div class=\"tile-detail\">\n\t\t\t\t\t<div class=\"school-info\"><a title=\"John F. Kennedy International School\" href=\"https:\/\/theinternationalschools.com\/ch\/school\/john-f-kennedy-international-school\/\"><h4 class=\"d-title\">John F. Kennedy International School<\/h4><\/a>\n\t\t\t\t\t\t<p class=\"dinfo\">John F. Kennedy International School in Gstaad is a non profit international school offering a warm, community centred environment for students aged 2.5 to 14, with strong academics and an&hellip;<\/p>                                                \t\t\t\t\t\t<p><b>CURRICULUM: <\/b>\n\t\t\t\t\t\t<a title=\"IPC\" href=\"https:\/\/theinternationalschools.com\/ch\/curriculum\/ipc\/\"><span class=\"level\">IPC<\/span><\/a> <\/p>\n\t\t\t\t\t\t\n\t\t\t\t\t\t <p><b>LOCATION: <\/b>Chilcgasse 8, 3792 Saanen\/Gstaad - Switzerland<\/p>\n\t\t\t\t\t\t\t <p><a title=\"View John F. Kennedy International School\" href=\"https:\/\/theinternationalschools.com\/ch\/school\/john-f-kennedy-international-school\/\">READ MORE<\/a> | <a title=\"Book tour for John F. Kennedy International School\" onClick=\"ga('send', 'event', 'Book', 'Book', 'Book Tour Directory', '10');\" rel=\"nofollow\" href=\"https:\/\/theinternationalschools.com\/ch\/book\/?school_name=John F. Kennedy International School&school_mail=\">BOOK A TOUR<\/a> | <a onClick=\"ga('send', 'event', 'Click', 'Visit', 'Site Visit', '1');\" href=\"\">VISIT WEBSITE<\/a><\/p><\/div>\n\t\t\t\t\t\t\t\t<div><img decoding=\"async\" class=\"badge\" src=\"\/wp-content\/uploads\/2021\/10\/nprofitschool-2.png\" \/><div class=\"addtocompare\">\n\t\t\t\t\t\t\t\t    \n\t\t\t\t\t\t\t\t    <a href=\"#\" class=\"alike-button alike-button-style dir-compare\"\n                                      data-post-id=\"3751\"\n                                      data-post-title=\"John F. Kennedy International School\"\n                                      data-post-thumb=\"https:\/\/theinternationalschools.com\/ch\/wp-content\/uploads\/sites\/7\/2021\/11\/jfkis.jpeg\"\n                                      data-post-link=\"https:\/\/theinternationalschools.com\/ch\/school\/john-f-kennedy-international-school\/\"\n                                      title=\"ADD TO COMPARE\">\n                                      ADD TO COMPARE<\/a>\n                                    <\/div>\n\t\t\t\t\t\t\t\t  <\/div><\/div>\t\n\t\t\t\t<\/div>\n\t\t\t\t\n\t\t\t                            \n\t\t\t\t\t\t\t\n\t\t<div class=\"school-tile\">\n\t\t\t<div class=\"school-logo\" ><img decoding=\"async\" src=\"https:\/\/theinternationalschools.com\/ch\/wp-content\/uploads\/sites\/7\/2021\/11\/klas-ch.jpeg\" alt=\"Kumon Leysin Academy of Switzerland logo\" title=\"Kumon Leysin Academy of Switzerland logo\" \/>\t<\/div>\n\t\t\t\t<div class=\"tile-detail\">\n\t\t\t\t\t<div class=\"school-info\"><a title=\"Kumon Leysin Academy of Switzerland\" href=\"https:\/\/theinternationalschools.com\/ch\/school\/kumon-leysin-academy-of-switzerland\/\"><h4 class=\"d-title\">Kumon Leysin Academy of Switzerland<\/h4><\/a>\n\t\t\t\t\t\t<p class=\"dinfo\">Kumon Leysin Academy of Switzerland is a private international boarding high school offering a structured academic programme for students aged 15 to 18, combining strong English and Japanese language development&hellip;<\/p>                                                \t\t\t\t\t\t<p><b>CURRICULUM: <\/b>\n\t\t\t\t\t\t <\/p>\n\t\t\t\t\t\t\n\t\t\t\t\t\t <p><b>LOCATION: <\/b>Route de Versmont 6 CP110, 1854 Leysin, Switzerland<\/p>\n\t\t\t\t\t\t\t <p><a title=\"View Kumon Leysin Academy of Switzerland\" href=\"https:\/\/theinternationalschools.com\/ch\/school\/kumon-leysin-academy-of-switzerland\/\">READ MORE<\/a> | <a title=\"Book tour for Kumon Leysin Academy of Switzerland\" onClick=\"ga('send', 'event', 'Book', 'Book', 'Book Tour Directory', '10');\" rel=\"nofollow\" href=\"https:\/\/theinternationalschools.com\/ch\/book\/?school_name=Kumon Leysin Academy of Switzerland&school_mail=\">BOOK A TOUR<\/a> | <a onClick=\"ga('send', 'event', 'Click', 'Visit', 'Site Visit', '1');\" href=\"\">VISIT WEBSITE<\/a><\/p><\/div>\n\t\t\t\t\t\t\t\t<div><div class=\"addtocompare\">\n\t\t\t\t\t\t\t\t    \n\t\t\t\t\t\t\t\t    <a href=\"#\" class=\"alike-button alike-button-style dir-compare\"\n                                      data-post-id=\"3788\"\n                                      data-post-title=\"Kumon Leysin Academy of Switzerland\"\n                                      data-post-thumb=\"https:\/\/theinternationalschools.com\/ch\/wp-content\/uploads\/sites\/7\/2021\/11\/klas-ch.jpeg\"\n                                      data-post-link=\"https:\/\/theinternationalschools.com\/ch\/school\/kumon-leysin-academy-of-switzerland\/\"\n                                      title=\"ADD TO COMPARE\">\n                                      ADD TO COMPARE<\/a>\n                                    <\/div>\n\t\t\t\t\t\t\t\t  <\/div><\/div>\t\n\t\t\t\t<\/div>\n\t\t\t\t\n\t\t\t                            \n\t\t\t\t\t\t\t\n\t\t<div class=\"school-tile\">\n\t\t\t<div class=\"school-logo\" ><img decoding=\"async\" src=\"https:\/\/theinternationalschools.com\/ch\/wp-content\/uploads\/sites\/7\/2021\/11\/La-Garenne-logo.svg\" alt=\"La Garenne International logo\" title=\"La Garenne International logo\" \/>\t<\/div>\n\t\t\t\t<div class=\"tile-detail\">\n\t\t\t\t\t<div class=\"school-info\"><a title=\"La Garenne International School\" href=\"https:\/\/theinternationalschools.com\/ch\/school\/la-garenne-international-school\/\"><h4 class=\"d-title\">La Garenne International School<\/h4><\/a>\n\t\t\t\t\t\t<p class=\"dinfo\">La Garenne is a prestigious international school in Switzerland offering a bilingual education with a focus on academic excellence and personal development.<\/p>                                                \t\t\t\t\t\t<p><b>CURRICULUM: <\/b>\n\t\t\t\t\t\t<a title=\"IBDP\/DP\" href=\"https:\/\/theinternationalschools.com\/ch\/curriculum\/ibdp\/\"><span class=\"level\">IBDP\/DP<\/span><\/a><a title=\"MYP\/IBMYP\" href=\"https:\/\/theinternationalschools.com\/ch\/curriculum\/ibmyp\/\"><span class=\"level\">MYP\/IBMYP<\/span><\/a><a title=\"IPC\" href=\"https:\/\/theinternationalschools.com\/ch\/curriculum\/ipc\/\"><span class=\"level\">IPC<\/span><\/a> <\/p>\n\t\t\t\t\t\t\n\t\t\t\t\t\t <p><b>LOCATION: <\/b><\/p>\n\t\t\t\t\t\t\t <p><a title=\"View La Garenne International School\" href=\"https:\/\/theinternationalschools.com\/ch\/school\/la-garenne-international-school\/\">READ MORE<\/a> | <a title=\"Book tour for La Garenne International School\" onClick=\"ga('send', 'event', 'Book', 'Book', 'Book Tour Directory', '10');\" rel=\"nofollow\" href=\"https:\/\/theinternationalschools.com\/ch\/book\/?school_name=La Garenne International School&school_mail=\">BOOK A TOUR<\/a> | <a onClick=\"ga('send', 'event', 'Click', 'Visit', 'Site Visit', '1');\" href=\"\">VISIT WEBSITE<\/a><\/p><\/div>\n\t\t\t\t\t\t\t\t<div><div class=\"addtocompare\">\n\t\t\t\t\t\t\t\t    \n\t\t\t\t\t\t\t\t    <a href=\"#\" class=\"alike-button alike-button-style dir-compare\"\n                                      data-post-id=\"3782\"\n                                      data-post-title=\"La Garenne International School\"\n                                      data-post-thumb=\"https:\/\/theinternationalschools.com\/ch\/wp-content\/uploads\/sites\/7\/2021\/11\/La-Garenne-logo.svg\"\n                                      data-post-link=\"https:\/\/theinternationalschools.com\/ch\/school\/la-garenne-international-school\/\"\n                                      title=\"ADD TO COMPARE\">\n                                      ADD TO COMPARE<\/a>\n                                    <\/div>\n\t\t\t\t\t\t\t\t  <\/div><\/div>\t\n\t\t\t\t<\/div>\n\t\t\t\t\n\t\t\t                            \n\t\t\t\t\t\t\t\n\t\t<div class=\"school-tile\">\n\t\t\t<div class=\"school-logo\" ><img decoding=\"async\" src=\"https:\/\/theinternationalschools.com\/ch\/wp-content\/uploads\/sites\/7\/2021\/11\/logo_lakeside.jpg\" alt=\"Lakeside School K\u00fcsnacht logo\" title=\"Lakeside School K\u00fcsnacht logo\" \/>\t<\/div>\n\t\t\t\t<div class=\"tile-detail\">\n\t\t\t\t\t<div class=\"school-info\"><a title=\"Lakeside School K\u00fcsnacht\" href=\"https:\/\/theinternationalschools.com\/ch\/school\/lakeside-school-kusnacht\/\"><h4 class=\"d-title\">Lakeside School K\u00fcsnacht<\/h4><\/a>\n\t\t\t\t\t\t<p class=\"dinfo\">Lakeside School K\u00fcsnacht offers a bilingual German and English primary programme with small classes, personalised learning and a strong focus on foundational academic skills in a warm community setting.<\/p>                                                \t\t\t\t\t\t<p><b>CURRICULUM: <\/b>\n\t\t\t\t\t\t <\/p>\n\t\t\t\t\t\t\n\t\t\t\t\t\t <p><b>LOCATION: <\/b>Seestrasse 5, CH-8700 K\u00fcsnacht<\/p>\n\t\t\t\t\t\t\t <p><a title=\"View Lakeside School K\u00fcsnacht\" href=\"https:\/\/theinternationalschools.com\/ch\/school\/lakeside-school-kusnacht\/\">READ MORE<\/a> | <a title=\"Book tour for Lakeside School K\u00fcsnacht\" onClick=\"ga('send', 'event', 'Book', 'Book', 'Book Tour Directory', '10');\" rel=\"nofollow\" href=\"https:\/\/theinternationalschools.com\/ch\/book\/?school_name=Lakeside School K\u00fcsnacht&school_mail=\">BOOK A TOUR<\/a> | <a onClick=\"ga('send', 'event', 'Click', 'Visit', 'Site Visit', '1');\" href=\"\">VISIT WEBSITE<\/a><\/p><\/div>\n\t\t\t\t\t\t\t\t<div><div class=\"addtocompare\">\n\t\t\t\t\t\t\t\t    \n\t\t\t\t\t\t\t\t    <a href=\"#\" class=\"alike-button alike-button-style dir-compare\"\n                                      data-post-id=\"3805\"\n                                      data-post-title=\"Lakeside School K\u00fcsnacht\"\n                                      data-post-thumb=\"https:\/\/theinternationalschools.com\/ch\/wp-content\/uploads\/sites\/7\/2021\/11\/logo_lakeside.jpg\"\n                                      data-post-link=\"https:\/\/theinternationalschools.com\/ch\/school\/lakeside-school-kusnacht\/\"\n                                      title=\"ADD TO COMPARE\">\n                                      ADD TO COMPARE<\/a>\n                                    <\/div>\n\t\t\t\t\t\t\t\t  <\/div><\/div>\t\n\t\t\t\t<\/div>\n\t\t\t\t\n\t\t\t                            \n\t\t\t\t\t\t\t\n\t\t<div class=\"school-tile\">\n\t\t\t<div class=\"school-logo\" ><img decoding=\"async\" src=\"https:\/\/theinternationalschools.com\/ch\/wp-content\/uploads\/sites\/7\/2021\/11\/le-RegentGrans-logo.png\" alt=\"Le R\u00e9gent Crans Montana College logo\" title=\"Le R\u00e9gent Crans Montana College logo\" \/>\t<\/div>\n\t\t\t\t<div class=\"tile-detail\">\n\t\t\t\t\t<div class=\"school-info\"><a title=\"Le R\u00e9gent International School\" href=\"https:\/\/theinternationalschools.com\/ch\/school\/le-regent-international-school\/\"><h4 class=\"d-title\">Le R\u00e9gent International School<\/h4><\/a>\n\t\t\t\t\t\t<p class=\"dinfo\">Le R\u00e9gent International School in Crans Montana is a leading British international boarding and day school offering a strong academic pathway from primary to Sixth Form, supported by modern facilities,&hellip;<\/p>                                                <img decoding=\"async\" class=\"badge\" src=\"\/wp-content\/themes\/TIS\/images\/boarding.png\" \/>\t\t\t\t\t\t<p><b>CURRICULUM: <\/b>\n\t\t\t\t\t\t <\/p>\n\t\t\t\t\t\t\n\t\t\t\t\t\t <p><b>LOCATION: <\/b>Rue du Zier 4, 3963 Lens, Switzerland<\/p>\n\t\t\t\t\t\t\t <p><a title=\"View Le R\u00e9gent International School\" href=\"https:\/\/theinternationalschools.com\/ch\/school\/le-regent-international-school\/\">READ MORE<\/a> | <a title=\"Book tour for Le R\u00e9gent International School\" onClick=\"ga('send', 'event', 'Book', 'Book', 'Book Tour Directory', '10');\" rel=\"nofollow\" href=\"https:\/\/theinternationalschools.com\/ch\/book\/?school_name=Le R\u00e9gent International School&school_mail=\">BOOK A TOUR<\/a> | <a onClick=\"ga('send', 'event', 'Click', 'Visit', 'Site Visit', '1');\" href=\"\">VISIT WEBSITE<\/a><\/p><\/div>\n\t\t\t\t\t\t\t\t<div><div class=\"addtocompare\">\n\t\t\t\t\t\t\t\t    \n\t\t\t\t\t\t\t\t    <a href=\"#\" class=\"alike-button alike-button-style dir-compare\"\n                                      data-post-id=\"3796\"\n                                      data-post-title=\"Le R\u00e9gent International School\"\n                                      data-post-thumb=\"https:\/\/theinternationalschools.com\/ch\/wp-content\/uploads\/sites\/7\/2021\/11\/le-RegentGrans-logo.png\"\n                                      data-post-link=\"https:\/\/theinternationalschools.com\/ch\/school\/le-regent-international-school\/\"\n                                      title=\"ADD TO COMPARE\">\n                                      ADD TO COMPARE<\/a>\n                                    <\/div>\n\t\t\t\t\t\t\t\t  <\/div><\/div>\t\n\t\t\t\t<\/div>\n\t\t\t\t\n\t\t\t                            \n\t\t\t\t\t\t\t\n\t\t<div class=\"school-tile\">\n\t\t\t<div class=\"school-logo\" ><img decoding=\"async\" src=\"https:\/\/theinternationalschools.com\/ch\/wp-content\/uploads\/sites\/7\/2024\/12\/leman-international-academy-logo-TISG-switzerland.png\" alt=\"L\u00e9man International Academy | Logo | The International Schools Group Switzerland\" title=\"L\u00e9man International Academy | Logo | The International Schools Group Switzerland\" \/>\t<\/div>\n\t\t\t\t<div class=\"tile-detail\">\n\t\t\t\t\t<div class=\"school-info\"><a title=\"L\u00e9man International Academy\" href=\"https:\/\/theinternationalschools.com\/ch\/school\/leman-international-academy\/\"><h4 class=\"d-title\">L\u00e9man International Academy<\/h4><\/a>\n\t\t\t\t\t\t<p class=\"dinfo\">L\u00e9man International Academy is a bilingual Geneva-based school offering personalized education in French and English for children aged 3 to 12.<\/p>                                                \t\t\t\t\t\t<p><b>CURRICULUM: <\/b>\n\t\t\t\t\t\t<a title=\"Swiss Maturit\u00e9\" href=\"https:\/\/theinternationalschools.com\/ch\/curriculum\/swiss-maturite\/\"><span class=\"level\">Swiss Maturit\u00e9<\/span><\/a> <\/p>\n\t\t\t\t\t\t\n\t\t\t\t\t\t <p><b>LOCATION: <\/b>Rte de la Capite 122, 1253 Vand\u0153uvres, Switzerland<\/p>\n\t\t\t\t\t\t\t <p><a title=\"View L\u00e9man International Academy\" href=\"https:\/\/theinternationalschools.com\/ch\/school\/leman-international-academy\/\">READ MORE<\/a> | <a title=\"Book tour for L\u00e9man International Academy\" onClick=\"ga('send', 'event', 'Book', 'Book', 'Book Tour Directory', '10');\" rel=\"nofollow\" href=\"https:\/\/theinternationalschools.com\/ch\/book\/?school_name=L\u00e9man International Academy&school_mail=\">BOOK A TOUR<\/a> | <a onClick=\"ga('send', 'event', 'Click', 'Visit', 'Site Visit', '1');\" href=\"\">VISIT WEBSITE<\/a><\/p><\/div>\n\t\t\t\t\t\t\t\t<div><div class=\"addtocompare\">\n\t\t\t\t\t\t\t\t    \n\t\t\t\t\t\t\t\t    <a href=\"#\" class=\"alike-button alike-button-style dir-compare\"\n                                      data-post-id=\"5403\"\n                                      data-post-title=\"L\u00e9man International Academy\"\n                                      data-post-thumb=\"https:\/\/theinternationalschools.com\/ch\/wp-content\/uploads\/sites\/7\/2024\/12\/leman-international-academy-logo-TISG-switzerland.png\"\n                                      data-post-link=\"https:\/\/theinternationalschools.com\/ch\/school\/leman-international-academy\/\"\n                                      title=\"ADD TO COMPARE\">\n                                      ADD TO COMPARE<\/a>\n                                    <\/div>\n\t\t\t\t\t\t\t\t  <\/div><\/div>\t\n\t\t\t\t<\/div>\n\t\t\t\t\n\t\t\t                            \n\t\t\t\t\t\t\t\n\t\t<div class=\"school-tile\">\n\t\t\t<div class=\"school-logo\" ><img decoding=\"async\" src=\"https:\/\/theinternationalschools.com\/ch\/wp-content\/uploads\/sites\/7\/2024\/12\/lucerne-international-school-logo-TISG-switzerland.png\" alt=\"Lucerne International School | Logo | The International Schools Group Switzerland\" title=\"Lucerne International School | Logo | The International Schools Group Switzerland\" \/>\t<\/div>\n\t\t\t\t<div class=\"tile-detail\">\n\t\t\t\t\t<div class=\"school-info\"><a title=\"Lucerne International School\" href=\"https:\/\/theinternationalschools.com\/ch\/school\/lucerne-international-school\/\"><h4 class=\"d-title\">Lucerne International School<\/h4><\/a>\n\t\t\t\t\t\t<p class=\"dinfo\">Lucerne International School offers a personalized, international education with flexible learning pathways for students aged 15 &amp; above. Empowering students to excel academically while pursuing individual passions like athletics.<\/p>                        <img decoding=\"async\" class=\"badge\" src=\"\/wp-content\/themes\/TIS\/images\/special-education.png\" \/>                        \t\t\t\t\t\t<p><b>CURRICULUM: <\/b>\n\t\t\t\t\t\t<a title=\"BC\" href=\"https:\/\/theinternationalschools.com\/ch\/curriculum\/british\/\"><span class=\"level\">BC<\/span><\/a><a title=\"IGCSE\" href=\"https:\/\/theinternationalschools.com\/ch\/curriculum\/igcse\/\"><span class=\"level\">IGCSE<\/span><\/a> <\/p>\n\t\t\t\t\t\t\n\t\t\t\t\t\t <p><b>LOCATION: <\/b>D4 Pk. 8, 6039 Root, Switzerland<\/p>\n\t\t\t\t\t\t\t <p><a title=\"View Lucerne International School\" href=\"https:\/\/theinternationalschools.com\/ch\/school\/lucerne-international-school\/\">READ MORE<\/a> | <a title=\"Book tour for Lucerne International School\" onClick=\"ga('send', 'event', 'Book', 'Book', 'Book Tour Directory', '10');\" rel=\"nofollow\" href=\"https:\/\/theinternationalschools.com\/ch\/book\/?school_name=Lucerne International School&school_mail=\">BOOK A TOUR<\/a> | <a onClick=\"ga('send', 'event', 'Click', 'Visit', 'Site Visit', '1');\" href=\"\">VISIT WEBSITE<\/a><\/p><\/div>\n\t\t\t\t\t\t\t\t<div><div class=\"addtocompare\">\n\t\t\t\t\t\t\t\t    \n\t\t\t\t\t\t\t\t    <a href=\"#\" class=\"alike-button alike-button-style dir-compare\"\n                                      data-post-id=\"5408\"\n                                      data-post-title=\"Lucerne International School\"\n                                      data-post-thumb=\"https:\/\/theinternationalschools.com\/ch\/wp-content\/uploads\/sites\/7\/2024\/12\/lucerne-international-school-logo-TISG-switzerland.png\"\n                                      data-post-link=\"https:\/\/theinternationalschools.com\/ch\/school\/lucerne-international-school\/\"\n                                      title=\"ADD TO COMPARE\">\n                                      ADD TO COMPARE<\/a>\n                                    <\/div>\n\t\t\t\t\t\t\t\t  <\/div><\/div>\t\n\t\t\t\t<\/div>\n\t\t\t\t\n\t\t\t                            \n\t\t\t\t\t\t\t\n\t\t<div class=\"school-tile\">\n\t\t\t<div class=\"school-logo\" ><img decoding=\"async\" src=\"https:\/\/theinternationalschools.com\/ch\/wp-content\/uploads\/sites\/7\/2021\/11\/LyceumLogo.png\" alt=\"Lyceum Alpinum Zuoz logo\" title=\"Lyceum Alpinum Zuoz logo\" \/>\t<\/div>\n\t\t\t\t<div class=\"tile-detail\">\n\t\t\t\t\t<div class=\"school-info\"><a title=\"Lyceum Alpinum Zuoz\" href=\"https:\/\/theinternationalschools.com\/ch\/school\/lyceum-alpinum-zuoz\/\"><h4 class=\"d-title\">Lyceum Alpinum Zuoz<\/h4><\/a>\n\t\t\t\t\t\t<p class=\"dinfo\">Founded in 1904, Lyceum Alpinum Zuoz is an international boarding school with around 200 boarding and 100 day school students ages 12 to 19. The Spirit of Zuoz defines the&hellip;<\/p>                                                <img decoding=\"async\" class=\"badge\" src=\"\/wp-content\/themes\/TIS\/images\/boarding.png\" \/>\t\t\t\t\t\t<p><b>CURRICULUM: <\/b>\n\t\t\t\t\t\t<a title=\"IB\" href=\"https:\/\/theinternationalschools.com\/ch\/curriculum\/ib\/\"><span class=\"level\">IB<\/span><\/a><a title=\"Swiss Maturit\u00e9\" href=\"https:\/\/theinternationalschools.com\/ch\/curriculum\/swiss-maturite\/\"><span class=\"level\">Swiss Maturit\u00e9<\/span><\/a> <\/p>\n\t\t\t\t\t\t\n\t\t\t\t\t\t <p><b>LOCATION: <\/b><\/p>\n\t\t\t\t\t\t\t <p><a title=\"View Lyceum Alpinum Zuoz\" href=\"https:\/\/theinternationalschools.com\/ch\/school\/lyceum-alpinum-zuoz\/\">READ MORE<\/a> | <a title=\"Book tour for Lyceum Alpinum Zuoz\" onClick=\"ga('send', 'event', 'Book', 'Book', 'Book Tour Directory', '10');\" rel=\"nofollow\" href=\"https:\/\/theinternationalschools.com\/ch\/book\/?school_name=Lyceum Alpinum Zuoz&school_mail=\">BOOK A TOUR<\/a> | <a onClick=\"ga('send', 'event', 'Click', 'Visit', 'Site Visit', '1');\" href=\"\">VISIT WEBSITE<\/a><\/p><\/div>\n\t\t\t\t\t\t\t\t<div><div class=\"addtocompare\">\n\t\t\t\t\t\t\t\t    \n\t\t\t\t\t\t\t\t    <a href=\"#\" class=\"alike-button alike-button-style dir-compare\"\n                                      data-post-id=\"3766\"\n                                      data-post-title=\"Lyceum Alpinum Zuoz\"\n                                      data-post-thumb=\"https:\/\/theinternationalschools.com\/ch\/wp-content\/uploads\/sites\/7\/2021\/11\/LyceumLogo.png\"\n                                      data-post-link=\"https:\/\/theinternationalschools.com\/ch\/school\/lyceum-alpinum-zuoz\/\"\n                                      title=\"ADD TO COMPARE\">\n                                      ADD TO COMPARE<\/a>\n                                    <\/div>\n\t\t\t\t\t\t\t\t  <\/div><\/div>\t\n\t\t\t\t<\/div>\n\t\t\t\t\n\t\t\t                            \n\t\t\t\t\t\t\t\n\t\t<div class=\"school-tile\">\n\t\t\t<div class=\"school-logo\" ><img decoding=\"async\" src=\"https:\/\/theinternationalschools.com\/ch\/wp-content\/uploads\/sites\/7\/2021\/11\/neuchatel.jpeg\" alt=\"neuchatel junior logo\" title=\"neuchatel junior logo\" \/>\t<\/div>\n\t\t\t\t<div class=\"tile-detail\">\n\t\t\t\t\t<div class=\"school-info\"><a title=\"Neuch\u00e2tel Junior College\" href=\"https:\/\/theinternationalschools.com\/ch\/school\/neuchatel-junior-college\/\"><h4 class=\"d-title\">Neuch\u00e2tel Junior College<\/h4><\/a>\n\t\t\t\t\t\t<p class=\"dinfo\">Neuch\u00e2tel Junior College is a unique Swiss boarding programme for Grade 12 students, offering Canadian curriculum academics, French language immersion and extensive cultural enrichment through travel and experiential learning.<\/p>                                                \t\t\t\t\t\t<p><b>CURRICULUM: <\/b>\n\t\t\t\t\t\t <\/p>\n\t\t\t\t\t\t\n\t\t\t\t\t\t <p><b>LOCATION: <\/b>Neuch\u00e2tel Junior College, Cr\u00eat-Taconnet 4, 2002 Neuch\u00e2tel, Switzerland <\/p>\n\t\t\t\t\t\t\t <p><a title=\"View Neuch\u00e2tel Junior College\" href=\"https:\/\/theinternationalschools.com\/ch\/school\/neuchatel-junior-college\/\">READ MORE<\/a> | <a title=\"Book tour for Neuch\u00e2tel Junior College\" onClick=\"ga('send', 'event', 'Book', 'Book', 'Book Tour Directory', '10');\" rel=\"nofollow\" href=\"https:\/\/theinternationalschools.com\/ch\/book\/?school_name=Neuch\u00e2tel Junior College&school_mail=\">BOOK A TOUR<\/a> | <a onClick=\"ga('send', 'event', 'Click', 'Visit', 'Site Visit', '1');\" href=\"\">VISIT WEBSITE<\/a><\/p><\/div>\n\t\t\t\t\t\t\t\t<div><div class=\"addtocompare\">\n\t\t\t\t\t\t\t\t    \n\t\t\t\t\t\t\t\t    <a href=\"#\" class=\"alike-button alike-button-style dir-compare\"\n                                      data-post-id=\"3768\"\n                                      data-post-title=\"Neuch\u00e2tel Junior College\"\n                                      data-post-thumb=\"https:\/\/theinternationalschools.com\/ch\/wp-content\/uploads\/sites\/7\/2021\/11\/neuchatel.jpeg\"\n                                      data-post-link=\"https:\/\/theinternationalschools.com\/ch\/school\/neuchatel-junior-college\/\"\n                                      title=\"ADD TO COMPARE\">\n                                      ADD TO COMPARE<\/a>\n                                    <\/div>\n\t\t\t\t\t\t\t\t  <\/div><\/div>\t\n\t\t\t\t<\/div>\n\t\t\t\t\n\t\t\t                            \n\t\t\t\t\t\t\t\n\t\t<div class=\"school-tile\">\n\t\t\t<div class=\"school-logo\" ><img decoding=\"async\" src=\"https:\/\/theinternationalschools.com\/ch\/wp-content\/uploads\/sites\/7\/2021\/11\/obs_logo-new.png\" alt=\"Obersee Bilingual School logo\" title=\"Obersee Bilingual School logo\" \/>\t<\/div>\n\t\t\t\t<div class=\"tile-detail\">\n\t\t\t\t\t<div class=\"school-info\"><a title=\"Obersee Bilingual School\" href=\"https:\/\/theinternationalschools.com\/ch\/school\/obersee-bilingual-school\/\"><h4 class=\"d-title\">Obersee Bilingual School<\/h4><\/a>\n\t\t\t\t\t\t<p class=\"dinfo\">Obersee Bilingual School offers a bilingual German and English programme from early years to secondary level, combining strong academic structure with personalised learning and a warm, community driven environment.<\/p>                                                \t\t\t\t\t\t<p><b>CURRICULUM: <\/b>\n\t\t\t\t\t\t <\/p>\n\t\t\t\t\t\t\n\t\t\t\t\t\t <p><b>LOCATION: <\/b>Eichenstrasse 4C, 8808 Pf\u00e4ffikon, Switzerland<\/p>\n\t\t\t\t\t\t\t <p><a title=\"View Obersee Bilingual School\" href=\"https:\/\/theinternationalschools.com\/ch\/school\/obersee-bilingual-school\/\">READ MORE<\/a> | <a title=\"Book tour for Obersee Bilingual School\" onClick=\"ga('send', 'event', 'Book', 'Book', 'Book Tour Directory', '10');\" rel=\"nofollow\" href=\"https:\/\/theinternationalschools.com\/ch\/book\/?school_name=Obersee Bilingual School&school_mail=\">BOOK A TOUR<\/a> | <a onClick=\"ga('send', 'event', 'Click', 'Visit', 'Site Visit', '1');\" href=\"\">VISIT WEBSITE<\/a><\/p><\/div>\n\t\t\t\t\t\t\t\t<div><div class=\"addtocompare\">\n\t\t\t\t\t\t\t\t    \n\t\t\t\t\t\t\t\t    <a href=\"#\" class=\"alike-button alike-button-style dir-compare\"\n                                      data-post-id=\"3769\"\n                                      data-post-title=\"Obersee Bilingual School\"\n                                      data-post-thumb=\"https:\/\/theinternationalschools.com\/ch\/wp-content\/uploads\/sites\/7\/2021\/11\/obs_logo-new.png\"\n                                      data-post-link=\"https:\/\/theinternationalschools.com\/ch\/school\/obersee-bilingual-school\/\"\n                                      title=\"ADD TO COMPARE\">\n                                      ADD TO COMPARE<\/a>\n                                    <\/div>\n\t\t\t\t\t\t\t\t  <\/div><\/div>\t\n\t\t\t\t<\/div>\n\t\t\t\t\n\t\t\t                            \n\t\t\t\t\t\t\t\n\t\t<div class=\"school-tile\">\n\t\t\t<div class=\"school-logo\" ><img decoding=\"async\" src=\"https:\/\/theinternationalschools.com\/ch\/wp-content\/uploads\/sites\/7\/2024\/12\/prefleuri-international-alpine-school-logo-TISG-switzerland.png\" alt=\"Prefleuri International Alpine School | Logo | The International Schools Group Switzerland\" title=\"Prefleuri International Alpine School | Logo | The International Schools Group Switzerland\" \/>\t<\/div>\n\t\t\t\t<div class=\"tile-detail\">\n\t\t\t\t\t<div class=\"school-info\"><a title=\"Pr\u00e9fleuri International Alpine School\" href=\"https:\/\/theinternationalschools.com\/ch\/school\/prefleuri-international-alpine-school\/\"><h4 class=\"d-title\">Pr\u00e9fleuri International Alpine School<\/h4><\/a>\n\t\t\t\t\t\t<p class=\"dinfo\">Pr\u00e9fleuri International Alpine School offers a multilingual education for children aged 3 to 13, combining academics with outdoor adventures in the Swiss Alps.<\/p>                                                <img decoding=\"async\" class=\"badge\" src=\"\/wp-content\/themes\/TIS\/images\/boarding.png\" \/>\t\t\t\t\t\t<p><b>CURRICULUM: <\/b>\n\t\t\t\t\t\t<a title=\"BC\" href=\"https:\/\/theinternationalschools.com\/ch\/curriculum\/british\/\"><span class=\"level\">BC<\/span><\/a><a title=\"FC\" href=\"https:\/\/theinternationalschools.com\/ch\/curriculum\/french\/\"><span class=\"level\">FC<\/span><\/a> <\/p>\n\t\t\t\t\t\t\n\t\t\t\t\t\t <p><b>LOCATION: <\/b>Chem. de Curnaux 32, 1885 Ollon, Switzerland<\/p>\n\t\t\t\t\t\t\t <p><a title=\"View Pr\u00e9fleuri International Alpine School\" href=\"https:\/\/theinternationalschools.com\/ch\/school\/prefleuri-international-alpine-school\/\">READ MORE<\/a> | <a title=\"Book tour for Pr\u00e9fleuri International Alpine School\" onClick=\"ga('send', 'event', 'Book', 'Book', 'Book Tour Directory', '10');\" rel=\"nofollow\" href=\"https:\/\/theinternationalschools.com\/ch\/book\/?school_name=Pr\u00e9fleuri International Alpine School&school_mail=\">BOOK A TOUR<\/a> | <a onClick=\"ga('send', 'event', 'Click', 'Visit', 'Site Visit', '1');\" href=\"\">VISIT WEBSITE<\/a><\/p><\/div>\n\t\t\t\t\t\t\t\t<div><div class=\"addtocompare\">\n\t\t\t\t\t\t\t\t    \n\t\t\t\t\t\t\t\t    <a href=\"#\" class=\"alike-button alike-button-style dir-compare\"\n                                      data-post-id=\"5387\"\n                                      data-post-title=\"Pr\u00e9fleuri International Alpine School\"\n                                      data-post-thumb=\"https:\/\/theinternationalschools.com\/ch\/wp-content\/uploads\/sites\/7\/2024\/12\/prefleuri-international-alpine-school-logo-TISG-switzerland.png\"\n                                      data-post-link=\"https:\/\/theinternationalschools.com\/ch\/school\/prefleuri-international-alpine-school\/\"\n                                      title=\"ADD TO COMPARE\">\n                                      ADD TO COMPARE<\/a>\n                                    <\/div>\n\t\t\t\t\t\t\t\t  <\/div><\/div>\t\n\t\t\t\t<\/div>\n\t\t\t\t\n\t\t\t                            \n\t\t\t\t\t\t\t\n\t\t<div class=\"school-tile\">\n\t\t\t<div class=\"school-logo\" ><img decoding=\"async\" src=\"https:\/\/theinternationalschools.com\/ch\/wp-content\/uploads\/sites\/7\/2021\/09\/Tis_favi12.png\" alt=\"\" title=\"Tis_favi12\" \/>\t<\/div>\n\t\t\t\t<div class=\"tile-detail\">\n\t\t\t\t\t<div class=\"school-info\"><a title=\"Saint Charles International School\" href=\"https:\/\/theinternationalschools.com\/ch\/school\/saint-charles-international-school\/\"><h4 class=\"d-title\">Saint Charles International School<\/h4><\/a>\n\t\t\t\t\t\t<p class=\"dinfo\">Saint Charles International School information is currently restricted.<\/p>                                                \t\t\t\t\t\t<p><b>CURRICULUM: <\/b>\n\t\t\t\t\t\t <\/p>\n\t\t\t\t\t\t\n\t\t\t\t\t\t <p><b>LOCATION: <\/b><\/p>\n\t\t\t\t\t\t\t <p><a title=\"View Saint Charles International School\" href=\"https:\/\/theinternationalschools.com\/ch\/school\/saint-charles-international-school\/\">READ MORE<\/a> | <a title=\"Book tour for Saint Charles International School\" onClick=\"ga('send', 'event', 'Book', 'Book', 'Book Tour Directory', '10');\" rel=\"nofollow\" href=\"https:\/\/theinternationalschools.com\/ch\/book\/?school_name=Saint Charles International School&school_mail=\">BOOK A TOUR<\/a> | <a onClick=\"ga('send', 'event', 'Click', 'Visit', 'Site Visit', '1');\" href=\"\">VISIT WEBSITE<\/a><\/p><\/div>\n\t\t\t\t\t\t\t\t<div><div class=\"addtocompare\">\n\t\t\t\t\t\t\t\t    \n\t\t\t\t\t\t\t\t    <a href=\"#\" class=\"alike-button alike-button-style dir-compare\"\n                                      data-post-id=\"3770\"\n                                      data-post-title=\"Saint Charles International School\"\n                                      data-post-thumb=\"https:\/\/theinternationalschools.com\/ch\/wp-content\/uploads\/sites\/7\/2021\/09\/Tis_favi12.png\"\n                                      data-post-link=\"https:\/\/theinternationalschools.com\/ch\/school\/saint-charles-international-school\/\"\n                                      title=\"ADD TO COMPARE\">\n                                      ADD TO COMPARE<\/a>\n                                    <\/div>\n\t\t\t\t\t\t\t\t  <\/div><\/div>\t\n\t\t\t\t<\/div>\n\t\t\t\t\n\t\t\t                            \n\t\t\t\t\t\t\t\n\t\t<div class=\"school-tile\">\n\t\t\t<div class=\"school-logo\" ><img decoding=\"async\" src=\"https:\/\/theinternationalschools.com\/ch\/wp-content\/uploads\/sites\/7\/2024\/08\/sis-basel-allschwil-logo-the-international-schools-group-switzerland-TISG.png\" alt=\"SIS Swiss International School Basel Allschwil | Logo | The International Schools Group Switzerland\" title=\"SIS Swiss International School Basel Allschwil | Logo | The International Schools Group Switzerland\" \/>\t<\/div>\n\t\t\t\t<div class=\"tile-detail\">\n\t\t\t\t\t<div class=\"school-info\"><a title=\"SIS Swiss International School (Basel Allschwil)\" href=\"https:\/\/theinternationalschools.com\/ch\/school\/sis-swiss-international-school-basel-allschwil\/\"><h4 class=\"d-title\">SIS Swiss International School (Basel Allschwil)<\/h4><\/a>\n\t\t\t\t\t\t<p class=\"dinfo\">One of the newest schools, SIS Swiss International School Basel Allschwil is a bilingual school offering a dual German-English curriculum that prepares students for both Swiss Matura and international qualifications.<\/p>                                                \t\t\t\t\t\t<p><b>CURRICULUM: <\/b>\n\t\t\t\t\t\t<a title=\"BC\" href=\"https:\/\/theinternationalschools.com\/ch\/curriculum\/british\/\"><span class=\"level\">BC<\/span><\/a><a title=\"\" href=\"https:\/\/theinternationalschools.com\/ch\/curriculum\/swiss-curriculum-lehrplan-21\/\"><span class=\"level\"><\/span><\/a> <\/p>\n\t\t\t\t\t\t\n\t\t\t\t\t\t <p><b>LOCATION: <\/b>Hegenheimermattweg 167c, 4123 Allschwil, Switzerland<\/p>\n\t\t\t\t\t\t\t <p><a title=\"View SIS Swiss International School (Basel Allschwil)\" href=\"https:\/\/theinternationalschools.com\/ch\/school\/sis-swiss-international-school-basel-allschwil\/\">READ MORE<\/a> | <a title=\"Book tour for SIS Swiss International School (Basel Allschwil)\" onClick=\"ga('send', 'event', 'Book', 'Book', 'Book Tour Directory', '10');\" rel=\"nofollow\" href=\"https:\/\/theinternationalschools.com\/ch\/book\/?school_name=SIS Swiss International School (Basel Allschwil)&school_mail=\">BOOK A TOUR<\/a> | <a onClick=\"ga('send', 'event', 'Click', 'Visit', 'Site Visit', '1');\" href=\"\">VISIT WEBSITE<\/a><\/p><\/div>\n\t\t\t\t\t\t\t\t<div><div class=\"addtocompare\">\n\t\t\t\t\t\t\t\t    \n\t\t\t\t\t\t\t\t    <a href=\"#\" class=\"alike-button alike-button-style dir-compare\"\n                                      data-post-id=\"5251\"\n                                      data-post-title=\"SIS Swiss International School (Basel Allschwil)\"\n                                      data-post-thumb=\"https:\/\/theinternationalschools.com\/ch\/wp-content\/uploads\/sites\/7\/2024\/08\/sis-basel-allschwil-logo-the-international-schools-group-switzerland-TISG.png\"\n                                      data-post-link=\"https:\/\/theinternationalschools.com\/ch\/school\/sis-swiss-international-school-basel-allschwil\/\"\n                                      title=\"ADD TO COMPARE\">\n                                      ADD TO COMPARE<\/a>\n                                    <\/div>\n\t\t\t\t\t\t\t\t  <\/div><\/div>\t\n\t\t\t\t<\/div>\n\t\t\t\t\n\t\t\t                            \n\t\t\t\t\t\t\t\n\t\t<div class=\"school-tile\">\n\t\t\t<div class=\"school-logo\" ><img decoding=\"async\" src=\"https:\/\/theinternationalschools.com\/ch\/wp-content\/uploads\/sites\/7\/2021\/11\/sis-basel-logo-the-international-schools-group-switzerland-TISG.png\" alt=\"SIS Swiss International School Basel | Logo | The International Schools Group Switzerland\" title=\"SIS Swiss International School Basel | Logo | The International Schools Group Switzerland\" \/>\t<\/div>\n\t\t\t\t<div class=\"tile-detail\">\n\t\t\t\t\t<div class=\"school-info\"><a title=\"SIS Swiss International School (Basel)\" href=\"https:\/\/theinternationalschools.com\/ch\/school\/sis-swiss-international-school-basel\/\"><h4 class=\"d-title\">SIS Swiss International School (Basel)<\/h4><\/a>\n\t\t\t\t\t\t<p class=\"dinfo\">Since 1999, SIS Basel has been putting the bilingual school concept into action \u2013 with excellent results. Today, about six hundred students attend this flagship location of SIS Swiss International&hellip;<\/p>                                                \t\t\t\t\t\t<p><b>CURRICULUM: <\/b>\n\t\t\t\t\t\t<a title=\"BC\" href=\"https:\/\/theinternationalschools.com\/ch\/curriculum\/british\/\"><span class=\"level\">BC<\/span><\/a><a title=\"IBDP\/DP\" href=\"https:\/\/theinternationalschools.com\/ch\/curriculum\/ibdp\/\"><span class=\"level\">IBDP\/DP<\/span><\/a><a title=\"Swiss Maturit\u00e9\" href=\"https:\/\/theinternationalschools.com\/ch\/curriculum\/swiss-maturite\/\"><span class=\"level\">Swiss Maturit\u00e9<\/span><\/a> <\/p>\n\t\t\t\t\t\t\n\t\t\t\t\t\t <p><b>LOCATION: <\/b>Erlenstrasse 15, 4058 Basel, Schweiz<\/p>\n\t\t\t\t\t\t\t <p><a title=\"View SIS Swiss International School (Basel)\" href=\"https:\/\/theinternationalschools.com\/ch\/school\/sis-swiss-international-school-basel\/\">READ MORE<\/a> | <a title=\"Book tour for SIS Swiss International School (Basel)\" onClick=\"ga('send', 'event', 'Book', 'Book', 'Book Tour Directory', '10');\" rel=\"nofollow\" href=\"https:\/\/theinternationalschools.com\/ch\/book\/?school_name=SIS Swiss International School (Basel)&school_mail=\">BOOK A TOUR<\/a> | <a onClick=\"ga('send', 'event', 'Click', 'Visit', 'Site Visit', '1');\" href=\"\">VISIT WEBSITE<\/a><\/p><\/div>\n\t\t\t\t\t\t\t\t<div><div class=\"addtocompare\">\n\t\t\t\t\t\t\t\t    \n\t\t\t\t\t\t\t\t    <a href=\"#\" class=\"alike-button alike-button-style dir-compare\"\n                                      data-post-id=\"3737\"\n                                      data-post-title=\"SIS Swiss International School (Basel)\"\n                                      data-post-thumb=\"https:\/\/theinternationalschools.com\/ch\/wp-content\/uploads\/sites\/7\/2021\/11\/sis-basel-logo-the-international-schools-group-switzerland-TISG.png\"\n                                      data-post-link=\"https:\/\/theinternationalschools.com\/ch\/school\/sis-swiss-international-school-basel\/\"\n                                      title=\"ADD TO COMPARE\">\n                                      ADD TO COMPARE<\/a>\n                                    <\/div>\n\t\t\t\t\t\t\t\t  <\/div><\/div>\t\n\t\t\t\t<\/div>\n\t\t\t\t\n\t\t\t                            \n\t\t\t\t\t\t\t\n\t\t<div class=\"school-tile\">\n\t\t\t<div class=\"school-logo\" ><img decoding=\"async\" src=\"https:\/\/theinternationalschools.com\/ch\/wp-content\/uploads\/sites\/7\/2021\/11\/sis-mannedorf-zurich-logo-the-international-schools-group-switzerland-TISG.png\" alt=\"SIS Swiss International School M\u00e4nnedorf-Z\u00fcrich | Logo | The International Schools Group Switzerland\" title=\"SIS Swiss International School M\u00e4nnedorf-Z\u00fcrich | Logo | The International Schools Group Switzerland\" \/>\t<\/div>\n\t\t\t\t<div class=\"tile-detail\">\n\t\t\t\t\t<div class=\"school-info\"><a title=\"SIS Swiss International School (M\u00e4nnedorf-Z\u00fcrich)\" href=\"https:\/\/theinternationalschools.com\/ch\/school\/sis-swiss-international-school-mannedorf-zurich\/\"><h4 class=\"d-title\">SIS Swiss International School (M\u00e4nnedorf-Z\u00fcrich)<\/h4><\/a>\n\t\t\t\t\t\t<p class=\"dinfo\">SIS Swiss International School M\u00e4nnedorf-Z\u00fcrich offers bilingual education in German and English, fostering academic excellence and global competence on the shores of Lake Z\u00fcrich.<\/p>                                                \t\t\t\t\t\t<p><b>CURRICULUM: <\/b>\n\t\t\t\t\t\t <\/p>\n\t\t\t\t\t\t\n\t\t\t\t\t\t <p><b>LOCATION: <\/b>Seestrasse 57 CH-8708 M\u00e4nnedorf<\/p>\n\t\t\t\t\t\t\t <p><a title=\"View SIS Swiss International School (M\u00e4nnedorf-Z\u00fcrich)\" href=\"https:\/\/theinternationalschools.com\/ch\/school\/sis-swiss-international-school-mannedorf-zurich\/\">READ MORE<\/a> | <a title=\"Book tour for SIS Swiss International School (M\u00e4nnedorf-Z\u00fcrich)\" onClick=\"ga('send', 'event', 'Book', 'Book', 'Book Tour Directory', '10');\" rel=\"nofollow\" href=\"https:\/\/theinternationalschools.com\/ch\/book\/?school_name=SIS Swiss International School (M\u00e4nnedorf-Z\u00fcrich)&school_mail=\">BOOK A TOUR<\/a> | <a onClick=\"ga('send', 'event', 'Click', 'Visit', 'Site Visit', '1');\" href=\"https:\/\/www.swissinternationalschool.ch\/en\/our-schools\/sis-maennedorf-zuerich\/\">VISIT WEBSITE<\/a><\/p><\/div>\n\t\t\t\t\t\t\t\t<div><div class=\"addtocompare\">\n\t\t\t\t\t\t\t\t    \n\t\t\t\t\t\t\t\t    <a href=\"#\" class=\"alike-button alike-button-style dir-compare\"\n                                      data-post-id=\"3735\"\n                                      data-post-title=\"SIS Swiss International School (M\u00e4nnedorf-Z\u00fcrich)\"\n                                      data-post-thumb=\"https:\/\/theinternationalschools.com\/ch\/wp-content\/uploads\/sites\/7\/2021\/11\/sis-mannedorf-zurich-logo-the-international-schools-group-switzerland-TISG.png\"\n                                      data-post-link=\"https:\/\/theinternationalschools.com\/ch\/school\/sis-swiss-international-school-mannedorf-zurich\/\"\n                                      title=\"ADD TO COMPARE\">\n                                      ADD TO COMPARE<\/a>\n                                    <\/div>\n\t\t\t\t\t\t\t\t  <\/div><\/div>\t\n\t\t\t\t<\/div>\n\t\t\t\t\n\t\t\t                            \n\t\t\t\t\t\t\t\n\t\t<div class=\"school-tile\">\n\t\t\t<div class=\"school-logo\" ><img decoding=\"async\" src=\"https:\/\/theinternationalschools.com\/ch\/wp-content\/uploads\/sites\/7\/2021\/11\/sis-pfaffikon-schwyz-logo-the-international-schools-group-switzerland-TISG.png\" alt=\"SIS Swiss International School Pf\u00e4ffikon-Schwyz | Logo | The International Schools Group Switzerland\" title=\"SIS Swiss International School Pf\u00e4ffikon-Schwyz | Logo | The International Schools Group Switzerland\" \/>\t<\/div>\n\t\t\t\t<div class=\"tile-detail\">\n\t\t\t\t\t<div class=\"school-info\"><a title=\"SIS Swiss International School (Pf\u00e4ffikon-Schwyz)\" href=\"https:\/\/theinternationalschools.com\/ch\/school\/sis-swiss-international-school-pfaffikon-schwyz\/\"><h4 class=\"d-title\">SIS Swiss International School (Pf\u00e4ffikon-Schwyz)<\/h4><\/a>\n\t\t\t\t\t\t<p class=\"dinfo\">Welcome to SIS Pf\u00e4ffikon-Schwyz! The state-of-the-art SIS campus is situated at the intersection of the main traffic arteries between Chur, Z\u00fcrich, Rapperswil and Einsiedeln and leaves nothing to be desired&hellip;<\/p>                                                \t\t\t\t\t\t<p><b>CURRICULUM: <\/b>\n\t\t\t\t\t\t <\/p>\n\t\t\t\t\t\t\n\t\t\t\t\t\t <p><b>LOCATION: <\/b>Eichenstrasse 5, 8808 Pf\u00e4ffikon, SZ, Switzerland<\/p>\n\t\t\t\t\t\t\t <p><a title=\"View SIS Swiss International School (Pf\u00e4ffikon-Schwyz)\" href=\"https:\/\/theinternationalschools.com\/ch\/school\/sis-swiss-international-school-pfaffikon-schwyz\/\">READ MORE<\/a> | <a title=\"Book tour for SIS Swiss International School (Pf\u00e4ffikon-Schwyz)\" onClick=\"ga('send', 'event', 'Book', 'Book', 'Book Tour Directory', '10');\" rel=\"nofollow\" href=\"https:\/\/theinternationalschools.com\/ch\/book\/?school_name=SIS Swiss International School (Pf\u00e4ffikon-Schwyz)&school_mail=\">BOOK A TOUR<\/a> | <a onClick=\"ga('send', 'event', 'Click', 'Visit', 'Site Visit', '1');\" href=\"https:\/\/www.swissinternationalschool.ch\/en\/our-schools\/sis-pfaeffikon-schwyz\/\">VISIT WEBSITE<\/a><\/p><\/div>\n\t\t\t\t\t\t\t\t<div><div class=\"addtocompare\">\n\t\t\t\t\t\t\t\t    \n\t\t\t\t\t\t\t\t    <a href=\"#\" class=\"alike-button alike-button-style dir-compare\"\n                                      data-post-id=\"3738\"\n                                      data-post-title=\"SIS Swiss International School (Pf\u00e4ffikon-Schwyz)\"\n                                      data-post-thumb=\"https:\/\/theinternationalschools.com\/ch\/wp-content\/uploads\/sites\/7\/2021\/11\/sis-pfaffikon-schwyz-logo-the-international-schools-group-switzerland-TISG.png\"\n                                      data-post-link=\"https:\/\/theinternationalschools.com\/ch\/school\/sis-swiss-international-school-pfaffikon-schwyz\/\"\n                                      title=\"ADD TO COMPARE\">\n                                      ADD TO COMPARE<\/a>\n                                    <\/div>\n\t\t\t\t\t\t\t\t  <\/div><\/div>\t\n\t\t\t\t<\/div>\n\t\t\t\t\n\t\t\t                            \n\t\t\t\t\t\t\t\n\t\t<div class=\"school-tile\">\n\t\t\t<div class=\"school-logo\" ><img decoding=\"async\" src=\"https:\/\/theinternationalschools.com\/ch\/wp-content\/uploads\/sites\/7\/2021\/11\/sis-rotkreuz-zug-logo-the-international-schools-group-switzerland-TISG.png\" alt=\"SIS Swiss International School Rotkreuz-Zug | Logo | The International Schools Group Switzerland\" title=\"SIS Swiss International School Rotkreuz-Zug | Logo | The International Schools Group Switzerland\" \/>\t<\/div>\n\t\t\t\t<div class=\"tile-detail\">\n\t\t\t\t\t<div class=\"school-info\"><a title=\"SIS Swiss International School (Rotkreuz-Zug)\" href=\"https:\/\/theinternationalschools.com\/ch\/school\/sis-swiss-international-school-rotkreuz-zug\/\"><h4 class=\"d-title\">SIS Swiss International School (Rotkreuz-Zug)<\/h4><\/a>\n\t\t\t\t\t\t<p class=\"dinfo\">SIS Swiss International School Rotkreuz-Zug offers a bilingual German-English education with a strong focus on academic excellence and personal development, preparing students for the Swiss Matura.<\/p>                                                \t\t\t\t\t\t<p><b>CURRICULUM: <\/b>\n\t\t\t\t\t\t <\/p>\n\t\t\t\t\t\t\n\t\t\t\t\t\t <p><b>LOCATION: <\/b>Suurstoffi 41c CH-6343  Rotkreuz<\/p>\n\t\t\t\t\t\t\t <p><a title=\"View SIS Swiss International School (Rotkreuz-Zug)\" href=\"https:\/\/theinternationalschools.com\/ch\/school\/sis-swiss-international-school-rotkreuz-zug\/\">READ MORE<\/a> | <a title=\"Book tour for SIS Swiss International School (Rotkreuz-Zug)\" onClick=\"ga('send', 'event', 'Book', 'Book', 'Book Tour Directory', '10');\" rel=\"nofollow\" href=\"https:\/\/theinternationalschools.com\/ch\/book\/?school_name=SIS Swiss International School (Rotkreuz-Zug)&school_mail=\">BOOK A TOUR<\/a> | <a onClick=\"ga('send', 'event', 'Click', 'Visit', 'Site Visit', '1');\" href=\"https:\/\/www.swissinternationalschool.ch\/en\/our-schools\/sis-rotkreuz-zug\/\">VISIT WEBSITE<\/a><\/p><\/div>\n\t\t\t\t\t\t\t\t<div><div class=\"addtocompare\">\n\t\t\t\t\t\t\t\t    \n\t\t\t\t\t\t\t\t    <a href=\"#\" class=\"alike-button alike-button-style dir-compare\"\n                                      data-post-id=\"3739\"\n                                      data-post-title=\"SIS Swiss International School (Rotkreuz-Zug)\"\n                                      data-post-thumb=\"https:\/\/theinternationalschools.com\/ch\/wp-content\/uploads\/sites\/7\/2021\/11\/sis-rotkreuz-zug-logo-the-international-schools-group-switzerland-TISG.png\"\n                                      data-post-link=\"https:\/\/theinternationalschools.com\/ch\/school\/sis-swiss-international-school-rotkreuz-zug\/\"\n                                      title=\"ADD TO COMPARE\">\n                                      ADD TO COMPARE<\/a>\n                                    <\/div>\n\t\t\t\t\t\t\t\t  <\/div><\/div>\t\n\t\t\t\t<\/div>\n\t\t\t\t\n\t\t\t                            \n\t\t\t\t\t\t\t\n\t\t<div class=\"school-tile\">\n\t\t\t<div class=\"school-logo\" ><img decoding=\"async\" src=\"https:\/\/theinternationalschools.com\/ch\/wp-content\/uploads\/sites\/7\/2021\/11\/sis-schonenwerd-logo-the-international-schools-group-switzerland-TISG.png\" alt=\"SIS Swiss International School Sch\u00f6nenwerd | Logo | The International Schools Group Switzerland\" title=\"SIS Swiss International School Sch\u00f6nenwerd | Logo | The International Schools Group Switzerland\" \/>\t<\/div>\n\t\t\t\t<div class=\"tile-detail\">\n\t\t\t\t\t<div class=\"school-info\"><a title=\"SIS Swiss International School (Sch\u00f6nenwerd)\" href=\"https:\/\/theinternationalschools.com\/ch\/school\/sis-swiss-international-school-schonenwerd\/\"><h4 class=\"d-title\">SIS Swiss International School (Sch\u00f6nenwerd)<\/h4><\/a>\n\t\t\t\t\t\t<p class=\"dinfo\">SIS Swiss International School Sch\u00f6nenwerd offers a bilingual education in English and German, fostering academic excellence and global competence in a state-of-the-art learning environment.<\/p>                                                \t\t\t\t\t\t<p><b>CURRICULUM: <\/b>\n\t\t\t\t\t\t <\/p>\n\t\t\t\t\t\t\n\t\t\t\t\t\t <p><b>LOCATION: <\/b>Schachenstrasse 24 CH-5012 Sch\u00f6nenwerd<\/p>\n\t\t\t\t\t\t\t <p><a title=\"View SIS Swiss International School (Sch\u00f6nenwerd)\" href=\"https:\/\/theinternationalschools.com\/ch\/school\/sis-swiss-international-school-schonenwerd\/\">READ MORE<\/a> | <a title=\"Book tour for SIS Swiss International School (Sch\u00f6nenwerd)\" onClick=\"ga('send', 'event', 'Book', 'Book', 'Book Tour Directory', '10');\" rel=\"nofollow\" href=\"https:\/\/theinternationalschools.com\/ch\/book\/?school_name=SIS Swiss International School (Sch\u00f6nenwerd)&school_mail=\">BOOK A TOUR<\/a> | <a onClick=\"ga('send', 'event', 'Click', 'Visit', 'Site Visit', '1');\" href=\"https:\/\/www.swissinternationalschool.ch\/en\/our-schools\/sis-schoenenwerd\/\">VISIT WEBSITE<\/a><\/p><\/div>\n\t\t\t\t\t\t\t\t<div><div class=\"addtocompare\">\n\t\t\t\t\t\t\t\t    \n\t\t\t\t\t\t\t\t    <a href=\"#\" class=\"alike-button alike-button-style dir-compare\"\n                                      data-post-id=\"3740\"\n                                      data-post-title=\"SIS Swiss International School (Sch\u00f6nenwerd)\"\n                                      data-post-thumb=\"https:\/\/theinternationalschools.com\/ch\/wp-content\/uploads\/sites\/7\/2021\/11\/sis-schonenwerd-logo-the-international-schools-group-switzerland-TISG.png\"\n                                      data-post-link=\"https:\/\/theinternationalschools.com\/ch\/school\/sis-swiss-international-school-schonenwerd\/\"\n                                      title=\"ADD TO COMPARE\">\n                                      ADD TO COMPARE<\/a>\n                                    <\/div>\n\t\t\t\t\t\t\t\t  <\/div><\/div>\t\n\t\t\t\t<\/div>\n\t\t\t\t\n\t\t\t                            \n\t\t\t\t\t\t\t\n\t\t<div class=\"school-tile\">\n\t\t\t<div class=\"school-logo\" ><img decoding=\"async\" src=\"https:\/\/theinternationalschools.com\/ch\/wp-content\/uploads\/sites\/7\/2021\/11\/sis-zurich-wollishofen-logo-the-international-schools-group-switzerland-TISG.png\" alt=\"SIS Swiss International School Z\u00fcrich-Wollishofen | Logo | The International Schools Group Switzerland\" title=\"SIS Swiss International School Z\u00fcrich-Wollishofen | Logo | The International Schools Group Switzerland\" \/>\t<\/div>\n\t\t\t\t<div class=\"tile-detail\">\n\t\t\t\t\t<div class=\"school-info\"><a title=\"SIS Swiss International School (Z\u00fcrich-Wollishofen)\" href=\"https:\/\/theinternationalschools.com\/ch\/school\/sis-swiss-international-school-zurich-wollishofen\/\"><h4 class=\"d-title\">SIS Swiss International School (Z\u00fcrich-Wollishofen)<\/h4><\/a>\n\t\t\t\t\t\t<p class=\"dinfo\">SIS Swiss International School Z\u00fcrich-Wollishofen offers a bilingual education that blends Swiss and international curricula, fostering academic excellence and cultural fluency in a supportive environment.<\/p>                                                \t\t\t\t\t\t<p><b>CURRICULUM: <\/b>\n\t\t\t\t\t\t <\/p>\n\t\t\t\t\t\t\n\t\t\t\t\t\t <p><b>LOCATION: <\/b>Seestrasse 271 CH-8038 Z\u00fcrich<\/p>\n\t\t\t\t\t\t\t <p><a title=\"View SIS Swiss International School (Z\u00fcrich-Wollishofen)\" href=\"https:\/\/theinternationalschools.com\/ch\/school\/sis-swiss-international-school-zurich-wollishofen\/\">READ MORE<\/a> | <a title=\"Book tour for SIS Swiss International School (Z\u00fcrich-Wollishofen)\" onClick=\"ga('send', 'event', 'Book', 'Book', 'Book Tour Directory', '10');\" rel=\"nofollow\" href=\"https:\/\/theinternationalschools.com\/ch\/book\/?school_name=SIS Swiss International School (Z\u00fcrich-Wollishofen)&school_mail=\">BOOK A TOUR<\/a> | <a onClick=\"ga('send', 'event', 'Click', 'Visit', 'Site Visit', '1');\" href=\"https:\/\/www.swissinternationalschool.ch\/en\/our-schools\/sis-zuerich-wollishofen\/\">VISIT WEBSITE<\/a><\/p><\/div>\n\t\t\t\t\t\t\t\t<div><div class=\"addtocompare\">\n\t\t\t\t\t\t\t\t    \n\t\t\t\t\t\t\t\t    <a href=\"#\" class=\"alike-button alike-button-style dir-compare\"\n                                      data-post-id=\"3743\"\n                                      data-post-title=\"SIS Swiss International School (Z\u00fcrich-Wollishofen)\"\n                                      data-post-thumb=\"https:\/\/theinternationalschools.com\/ch\/wp-content\/uploads\/sites\/7\/2021\/11\/sis-zurich-wollishofen-logo-the-international-schools-group-switzerland-TISG.png\"\n                                      data-post-link=\"https:\/\/theinternationalschools.com\/ch\/school\/sis-swiss-international-school-zurich-wollishofen\/\"\n                                      title=\"ADD TO COMPARE\">\n                                      ADD TO COMPARE<\/a>\n                                    <\/div>\n\t\t\t\t\t\t\t\t  <\/div><\/div>\t\n\t\t\t\t<\/div>\n\t\t\t\t\n\t\t\t                            \n\t\t\t\t\t\t\t\n\t\t<div class=\"school-tile\">\n\t\t\t<div class=\"school-logo\" ><img decoding=\"async\" src=\"https:\/\/theinternationalschools.com\/ch\/wp-content\/uploads\/sites\/7\/2021\/11\/sis-zurich-logo-the-international-schools-group-switzerland-TISG.png\" alt=\"SIS Swiss International School Z\u00fcrich | Logo | The International Schools Group Switzerland\" title=\"SIS Swiss International School Z\u00fcrich | Logo | The International Schools Group Switzerland\" \/>\t<\/div>\n\t\t\t\t<div class=\"tile-detail\">\n\t\t\t\t\t<div class=\"school-info\"><a title=\"SIS Swiss International School (Z\u00fcrich)\" href=\"https:\/\/theinternationalschools.com\/ch\/school\/sis-swiss-international-school-zurich\/\"><h4 class=\"d-title\">SIS Swiss International School (Z\u00fcrich)<\/h4><\/a>\n\t\t\t\t\t\t<p class=\"dinfo\">SIS Swiss International School Z\u00fcrich offers a bilingual education from kindergarten to college, blending Swiss and international curricula to prepare students for global opportunities.<\/p>                                                \t\t\t\t\t\t<p><b>CURRICULUM: <\/b>\n\t\t\t\t\t\t<a title=\"IB\" href=\"https:\/\/theinternationalschools.com\/ch\/curriculum\/ib\/\"><span class=\"level\">IB<\/span><\/a><a title=\"IBDP\/DP\" href=\"https:\/\/theinternationalschools.com\/ch\/curriculum\/ibdp\/\"><span class=\"level\">IBDP\/DP<\/span><\/a><a title=\"Swiss Maturit\u00e9\" href=\"https:\/\/theinternationalschools.com\/ch\/curriculum\/swiss-maturite\/\"><span class=\"level\">Swiss Maturit\u00e9<\/span><\/a> <\/p>\n\t\t\t\t\t\t\n\t\t\t\t\t\t <p><b>LOCATION: <\/b>Seidenstrasse 2, 8304 Wallisellen, Switzerland<\/p>\n\t\t\t\t\t\t\t <p><a title=\"View SIS Swiss International School (Z\u00fcrich)\" href=\"https:\/\/theinternationalschools.com\/ch\/school\/sis-swiss-international-school-zurich\/\">READ MORE<\/a> | <a title=\"Book tour for SIS Swiss International School (Z\u00fcrich)\" onClick=\"ga('send', 'event', 'Book', 'Book', 'Book Tour Directory', '10');\" rel=\"nofollow\" href=\"https:\/\/theinternationalschools.com\/ch\/book\/?school_name=SIS Swiss International School (Z\u00fcrich)&school_mail=\">BOOK A TOUR<\/a> | <a onClick=\"ga('send', 'event', 'Click', 'Visit', 'Site Visit', '1');\" href=\"https:\/\/www.swissinternationalschool.ch\/en\/our-schools\/sis-zuerich\/\">VISIT WEBSITE<\/a><\/p><\/div>\n\t\t\t\t\t\t\t\t<div><div class=\"addtocompare\">\n\t\t\t\t\t\t\t\t    \n\t\t\t\t\t\t\t\t    <a href=\"#\" class=\"alike-button alike-button-style dir-compare\"\n                                      data-post-id=\"3742\"\n                                      data-post-title=\"SIS Swiss International School (Z\u00fcrich)\"\n                                      data-post-thumb=\"https:\/\/theinternationalschools.com\/ch\/wp-content\/uploads\/sites\/7\/2021\/11\/sis-zurich-logo-the-international-schools-group-switzerland-TISG.png\"\n                                      data-post-link=\"https:\/\/theinternationalschools.com\/ch\/school\/sis-swiss-international-school-zurich\/\"\n                                      title=\"ADD TO COMPARE\">\n                                      ADD TO COMPARE<\/a>\n                                    <\/div>\n\t\t\t\t\t\t\t\t  <\/div><\/div>\t\n\t\t\t\t<\/div>\n\t\t\t\t\n\t\t\t                            \n\t\t\t\t\t\t\t\n\t\t<div class=\"school-tile\">\n\t\t\t<div class=\"school-logo\" ><img decoding=\"async\" src=\"https:\/\/theinternationalschools.com\/ch\/wp-content\/uploads\/sites\/7\/2021\/11\/St.-Georges-International-School-logo.jpeg\" alt=\"St. George\u2019s International School logo\" title=\"St. George\u2019s International School logo\" \/>\t<\/div>\n\t\t\t\t<div class=\"tile-detail\">\n\t\t\t\t\t<div class=\"school-info\"><a title=\"St. George\u2019s International School Switzerland\" href=\"https:\/\/theinternationalschools.com\/ch\/school\/st-georges-international-school-switzerland\/\"><h4 class=\"d-title\">St. George\u2019s International School Switzerland<\/h4><\/a>\n\t\t\t\t\t\t<p class=\"dinfo\">St. George\u2019s International School in Montreux offers a holistic, globally-focused education from early years to pre-university, blending traditional values with modern academic excellence.<\/p>                                                <img decoding=\"async\" class=\"badge\" src=\"\/wp-content\/themes\/TIS\/images\/boarding.png\" \/>\t\t\t\t\t\t<p><b>CURRICULUM: <\/b>\n\t\t\t\t\t\t<a title=\"Cambridge Lower Secondary\" href=\"https:\/\/theinternationalschools.com\/ch\/curriculum\/cambridge-lower-secondary\/\"><span class=\"level\">Cambridge Lower Secondary<\/span><\/a><a title=\"Cambridge Primary\" href=\"https:\/\/theinternationalschools.com\/ch\/curriculum\/cambridge-primary\/\"><span class=\"level\">Cambridge Primary<\/span><\/a><a title=\"IB\" href=\"https:\/\/theinternationalschools.com\/ch\/curriculum\/ib\/\"><span class=\"level\">IB<\/span><\/a><a title=\"IBDP\/DP\" href=\"https:\/\/theinternationalschools.com\/ch\/curriculum\/ibdp\/\"><span class=\"level\">IBDP\/DP<\/span><\/a><a title=\"IGCSE\" href=\"https:\/\/theinternationalschools.com\/ch\/curriculum\/igcse\/\"><span class=\"level\">IGCSE<\/span><\/a> <\/p>\n\t\t\t\t\t\t\n\t\t\t\t\t\t <p><b>LOCATION: <\/b>Chemin de Saint-Georges 19, 1815 Montreux, Switzerland<\/p>\n\t\t\t\t\t\t\t <p><a title=\"View St. George\u2019s International School Switzerland\" href=\"https:\/\/theinternationalschools.com\/ch\/school\/st-georges-international-school-switzerland\/\">READ MORE<\/a> | <a title=\"Book tour for St. George\u2019s International School Switzerland\" onClick=\"ga('send', 'event', 'Book', 'Book', 'Book Tour Directory', '10');\" rel=\"nofollow\" href=\"https:\/\/theinternationalschools.com\/ch\/book\/?school_name=St. George\u2019s International School Switzerland&school_mail=\">BOOK A TOUR<\/a> | <a onClick=\"ga('send', 'event', 'Click', 'Visit', 'Site Visit', '1');\" href=\"\">VISIT WEBSITE<\/a><\/p><\/div>\n\t\t\t\t\t\t\t\t<div><div class=\"addtocompare\">\n\t\t\t\t\t\t\t\t    \n\t\t\t\t\t\t\t\t    <a href=\"#\" class=\"alike-button alike-button-style dir-compare\"\n                                      data-post-id=\"3794\"\n                                      data-post-title=\"St. George\u2019s International School Switzerland\"\n                                      data-post-thumb=\"https:\/\/theinternationalschools.com\/ch\/wp-content\/uploads\/sites\/7\/2021\/11\/St.-Georges-International-School-logo.jpeg\"\n                                      data-post-link=\"https:\/\/theinternationalschools.com\/ch\/school\/st-georges-international-school-switzerland\/\"\n                                      title=\"ADD TO COMPARE\">\n                                      ADD TO COMPARE<\/a>\n                                    <\/div>\n\t\t\t\t\t\t\t\t  <\/div><\/div>\t\n\t\t\t\t<\/div>\n\t\t\t\t\n\t\t\t                            \n\t\t\t\t\t\t\t\n\t\t<div class=\"school-tile\">\n\t\t\t<div class=\"school-logo\" ><img decoding=\"async\" src=\"https:\/\/theinternationalschools.com\/ch\/wp-content\/uploads\/sites\/7\/2021\/11\/swedish.png\" alt=\"\" title=\"swedish\" \/>\t<\/div>\n\t\t\t\t<div class=\"tile-detail\">\n\t\t\t\t\t<div class=\"school-info\"><a title=\"Swedish International School of Geneva\" href=\"https:\/\/theinternationalschools.com\/ch\/school\/swedish-international-school-of-geneva\/\"><h4 class=\"d-title\">Swedish International School of Geneva<\/h4><\/a>\n\t\t\t\t\t\t<p class=\"dinfo\">Swedish International School of Geneva offers a Swedish based curriculum for students aged 1 to 16, providing strong academic structure, bilingual learning and a close knit community environment.<\/p>                                                \t\t\t\t\t\t<p><b>CURRICULUM: <\/b>\n\t\t\t\t\t\t <\/p>\n\t\t\t\t\t\t\n\t\t\t\t\t\t <p><b>LOCATION: <\/b>9 Esplanade des R\u00e9cr\u00e9ations, CH-127, Meyrin, Switzerland<\/p>\n\t\t\t\t\t\t\t <p><a title=\"View Swedish International School of Geneva\" href=\"https:\/\/theinternationalschools.com\/ch\/school\/swedish-international-school-of-geneva\/\">READ MORE<\/a> | <a title=\"Book tour for Swedish International School of Geneva\" onClick=\"ga('send', 'event', 'Book', 'Book', 'Book Tour Directory', '10');\" rel=\"nofollow\" href=\"https:\/\/theinternationalschools.com\/ch\/book\/?school_name=Swedish International School of Geneva&school_mail=\">BOOK A TOUR<\/a> | <a onClick=\"ga('send', 'event', 'Click', 'Visit', 'Site Visit', '1');\" href=\"\">VISIT WEBSITE<\/a><\/p><\/div>\n\t\t\t\t\t\t\t\t<div><img decoding=\"async\" class=\"badge\" src=\"\/wp-content\/uploads\/2021\/10\/nprofitschool-2.png\" \/><div class=\"addtocompare\">\n\t\t\t\t\t\t\t\t    \n\t\t\t\t\t\t\t\t    <a href=\"#\" class=\"alike-button alike-button-style dir-compare\"\n                                      data-post-id=\"3765\"\n                                      data-post-title=\"Swedish International School of Geneva\"\n                                      data-post-thumb=\"https:\/\/theinternationalschools.com\/ch\/wp-content\/uploads\/sites\/7\/2021\/11\/swedish.png\"\n                                      data-post-link=\"https:\/\/theinternationalschools.com\/ch\/school\/swedish-international-school-of-geneva\/\"\n                                      title=\"ADD TO COMPARE\">\n                                      ADD TO COMPARE<\/a>\n                                    <\/div>\n\t\t\t\t\t\t\t\t  <\/div><\/div>\t\n\t\t\t\t<\/div>\n\t\t\t\t\n\t\t\t                            \n\t\t\t\t\t\t\t\n\t\t<div class=\"school-tile\">\n\t\t\t<div class=\"school-logo\" ><img decoding=\"async\" src=\"https:\/\/theinternationalschools.com\/ch\/wp-content\/uploads\/sites\/7\/2021\/11\/TandemLogo.webp\" alt=\"Tandem International school logo\" title=\"TandemLogo\" \/>\t<\/div>\n\t\t\t\t<div class=\"tile-detail\">\n\t\t\t\t\t<div class=\"school-info\"><a title=\"Tandem International Multilingual School (Erlenbach)\" href=\"https:\/\/theinternationalschools.com\/ch\/school\/tandem-international-multilingual-school-erlenbach\/\"><h4 class=\"d-title\">Tandem International Multilingual School (Erlenbach)<\/h4><\/a>\n\t\t\t\t\t\t<p class=\"dinfo\">Tandem International Multilingual School Erlenbach offers a multilingual German and English primary programme with small classes, personalised learning and a strong focus on communication and core academic skills.<\/p>                                                \t\t\t\t\t\t<p><b>CURRICULUM: <\/b>\n\t\t\t\t\t\t <\/p>\n\t\t\t\t\t\t\n\t\t\t\t\t\t <p><b>LOCATION: <\/b>Tandem IMS, Seestrasse 57, 8703 Erlenbach<\/p>\n\t\t\t\t\t\t\t <p><a title=\"View Tandem International Multilingual School (Erlenbach)\" href=\"https:\/\/theinternationalschools.com\/ch\/school\/tandem-international-multilingual-school-erlenbach\/\">READ MORE<\/a> | <a title=\"Book tour for Tandem International Multilingual School (Erlenbach)\" onClick=\"ga('send', 'event', 'Book', 'Book', 'Book Tour Directory', '10');\" rel=\"nofollow\" href=\"https:\/\/theinternationalschools.com\/ch\/book\/?school_name=Tandem International Multilingual School (Erlenbach)&school_mail=\">BOOK A TOUR<\/a> | <a onClick=\"ga('send', 'event', 'Click', 'Visit', 'Site Visit', '1');\" href=\"\">VISIT WEBSITE<\/a><\/p><\/div>\n\t\t\t\t\t\t\t\t<div><img decoding=\"async\" class=\"badge\" src=\"\/wp-content\/uploads\/2021\/10\/nprofitschool-2.png\" \/><div class=\"addtocompare\">\n\t\t\t\t\t\t\t\t    \n\t\t\t\t\t\t\t\t    <a href=\"#\" class=\"alike-button alike-button-style dir-compare\"\n                                      data-post-id=\"3808\"\n                                      data-post-title=\"Tandem International Multilingual School (Erlenbach)\"\n                                      data-post-thumb=\"https:\/\/theinternationalschools.com\/ch\/wp-content\/uploads\/sites\/7\/2021\/11\/TandemLogo.webp\"\n                                      data-post-link=\"https:\/\/theinternationalschools.com\/ch\/school\/tandem-international-multilingual-school-erlenbach\/\"\n                                      title=\"ADD TO COMPARE\">\n                                      ADD TO COMPARE<\/a>\n                                    <\/div>\n\t\t\t\t\t\t\t\t  <\/div><\/div>\t\n\t\t\t\t<\/div>\n\t\t\t\t\n\t\t\t                            \n\t\t\t\t\t\t\t\n\t\t<div class=\"school-tile\">\n\t\t\t<div class=\"school-logo\" ><img decoding=\"async\" src=\"https:\/\/theinternationalschools.com\/ch\/wp-content\/uploads\/sites\/7\/2021\/11\/TandemLogo.webp\" alt=\"Tandem International school logo\" title=\"TandemLogo\" \/>\t<\/div>\n\t\t\t\t<div class=\"tile-detail\">\n\t\t\t\t\t<div class=\"school-info\"><a title=\"Tandem International Multilingual School (Zollikon)\" href=\"https:\/\/theinternationalschools.com\/ch\/school\/tandem-international-multilingual-school-zollikon\/\"><h4 class=\"d-title\">Tandem International Multilingual School (Zollikon)<\/h4><\/a>\n\t\t\t\t\t\t<p class=\"dinfo\"><\/p>                                                \t\t\t\t\t\t<p><b>CURRICULUM: <\/b>\n\t\t\t\t\t\t <\/p>\n\t\t\t\t\t\t\n\t\t\t\t\t\t <p><b>LOCATION: <\/b><\/p>\n\t\t\t\t\t\t\t <p><a title=\"View Tandem International Multilingual School (Zollikon)\" href=\"https:\/\/theinternationalschools.com\/ch\/school\/tandem-international-multilingual-school-zollikon\/\">READ MORE<\/a> | <a title=\"Book tour for Tandem International Multilingual School (Zollikon)\" onClick=\"ga('send', 'event', 'Book', 'Book', 'Book Tour Directory', '10');\" rel=\"nofollow\" href=\"https:\/\/theinternationalschools.com\/ch\/book\/?school_name=Tandem International Multilingual School (Zollikon)&school_mail=\">BOOK A TOUR<\/a> | <a onClick=\"ga('send', 'event', 'Click', 'Visit', 'Site Visit', '1');\" href=\"\">VISIT WEBSITE<\/a><\/p><\/div>\n\t\t\t\t\t\t\t\t<div><img decoding=\"async\" class=\"badge\" src=\"\/wp-content\/uploads\/2021\/10\/nprofitschool-2.png\" \/><div class=\"addtocompare\">\n\t\t\t\t\t\t\t\t    \n\t\t\t\t\t\t\t\t    <a href=\"#\" class=\"alike-button alike-button-style dir-compare\"\n                                      data-post-id=\"3807\"\n                                      data-post-title=\"Tandem International Multilingual School (Zollikon)\"\n                                      data-post-thumb=\"https:\/\/theinternationalschools.com\/ch\/wp-content\/uploads\/sites\/7\/2021\/11\/TandemLogo.webp\"\n                                      data-post-link=\"https:\/\/theinternationalschools.com\/ch\/school\/tandem-international-multilingual-school-zollikon\/\"\n                                      title=\"ADD TO COMPARE\">\n                                      ADD TO COMPARE<\/a>\n                                    <\/div>\n\t\t\t\t\t\t\t\t  <\/div><\/div>\t\n\t\t\t\t<\/div>\n\t\t\t\t\n\t\t\t                            \n\t\t\t\t\t\t\t\n\t\t<div class=\"school-tile\">\n\t\t\t<div class=\"school-logo\" ><img decoding=\"async\" src=\"https:\/\/theinternationalschools.com\/ch\/wp-content\/uploads\/sites\/7\/2021\/11\/TandemLogo.webp\" alt=\"Tandem International school logo\" title=\"TandemLogo\" \/>\t<\/div>\n\t\t\t\t<div class=\"tile-detail\">\n\t\t\t\t\t<div class=\"school-info\"><a title=\"Tandem International Multilingual School (Zurich)\" href=\"https:\/\/theinternationalschools.com\/ch\/school\/tandem-international-multilingual-school-zurich\/\"><h4 class=\"d-title\">Tandem International Multilingual School (Zurich)<\/h4><\/a>\n\t\t\t\t\t\t<p class=\"dinfo\">The curriculum for our Primary School is designed to allow for our students a wide range of opportunities at the end of Grade 6 whether they wish to continue their&hellip;<\/p>                                                \t\t\t\t\t\t<p><b>CURRICULUM: <\/b>\n\t\t\t\t\t\t <\/p>\n\t\t\t\t\t\t\n\t\t\t\t\t\t <p><b>LOCATION: <\/b>Seefeldstrasse 111, CH-8008 Zurich<\/p>\n\t\t\t\t\t\t\t <p><a title=\"View Tandem International Multilingual School (Zurich)\" href=\"https:\/\/theinternationalschools.com\/ch\/school\/tandem-international-multilingual-school-zurich\/\">READ MORE<\/a> | <a title=\"Book tour for Tandem International Multilingual School (Zurich)\" onClick=\"ga('send', 'event', 'Book', 'Book', 'Book Tour Directory', '10');\" rel=\"nofollow\" href=\"https:\/\/theinternationalschools.com\/ch\/book\/?school_name=Tandem International Multilingual School (Zurich)&school_mail=\">BOOK A TOUR<\/a> | <a onClick=\"ga('send', 'event', 'Click', 'Visit', 'Site Visit', '1');\" href=\"\">VISIT WEBSITE<\/a><\/p><\/div>\n\t\t\t\t\t\t\t\t<div><img decoding=\"async\" class=\"badge\" src=\"\/wp-content\/uploads\/2021\/10\/nprofitschool-2.png\" \/><div class=\"addtocompare\">\n\t\t\t\t\t\t\t\t    \n\t\t\t\t\t\t\t\t    <a href=\"#\" class=\"alike-button alike-button-style dir-compare\"\n                                      data-post-id=\"3806\"\n                                      data-post-title=\"Tandem International Multilingual School (Zurich)\"\n                                      data-post-thumb=\"https:\/\/theinternationalschools.com\/ch\/wp-content\/uploads\/sites\/7\/2021\/11\/TandemLogo.webp\"\n                                      data-post-link=\"https:\/\/theinternationalschools.com\/ch\/school\/tandem-international-multilingual-school-zurich\/\"\n                                      title=\"ADD TO COMPARE\">\n                                      ADD TO COMPARE<\/a>\n                                    <\/div>\n\t\t\t\t\t\t\t\t  <\/div><\/div>\t\n\t\t\t\t<\/div>\n\t\t\t\t\n\t\t\t                            \n\t\t\t\t\t\t\t\n\t\t<div class=\"school-tile\">\n\t\t\t<div class=\"school-logo\" ><img decoding=\"async\" src=\"https:\/\/theinternationalschools.com\/ch\/wp-content\/uploads\/sites\/7\/2024\/09\/the-american-school-in-switzerland-logo-the-international-schools-TISG.png\" alt=\"The American International School In Switzerland | TASIS | Logo | The International Schools Switzerland\" title=\"The American International School In Switzerland | TASIS | Logo | The International Schools Switzerland\" \/>\t<\/div>\n\t\t\t\t<div class=\"tile-detail\">\n\t\t\t\t\t<div class=\"school-info\"><a title=\"The American School in Switzerland\" href=\"https:\/\/theinternationalschools.com\/ch\/school\/the-american-school-in-switzerland\/\"><h4 class=\"d-title\">The American School in Switzerland<\/h4><\/a>\n\t\t\t\t\t\t<p class=\"dinfo\">The American School in Switzerland (TASIS), a top non-profit school, offers a world-class American and IB education, fostering global citizenship and academic excellence in a diverse student body.<\/p>                                                \t\t\t\t\t\t<p><b>CURRICULUM: <\/b>\n\t\t\t\t\t\t<a title=\"US\" href=\"https:\/\/theinternationalschools.com\/ch\/curriculum\/american\/\"><span class=\"level\">US<\/span><\/a><a title=\"AP\" href=\"https:\/\/theinternationalschools.com\/ch\/curriculum\/ap\/\"><span class=\"level\">AP<\/span><\/a><a title=\"IB\" href=\"https:\/\/theinternationalschools.com\/ch\/curriculum\/ib\/\"><span class=\"level\">IB<\/span><\/a><a title=\"IBDP\/DP\" href=\"https:\/\/theinternationalschools.com\/ch\/curriculum\/ibdp\/\"><span class=\"level\">IBDP\/DP<\/span><\/a> <\/p>\n\t\t\t\t\t\t\n\t\t\t\t\t\t <p><b>LOCATION: <\/b><\/p>\n\t\t\t\t\t\t\t <p><a title=\"View The American School in Switzerland\" href=\"https:\/\/theinternationalschools.com\/ch\/school\/the-american-school-in-switzerland\/\">READ MORE<\/a> | <a title=\"Book tour for The American School in Switzerland\" onClick=\"ga('send', 'event', 'Book', 'Book', 'Book Tour Directory', '10');\" rel=\"nofollow\" href=\"https:\/\/theinternationalschools.com\/ch\/book\/?school_name=The American School in Switzerland&school_mail=\">BOOK A TOUR<\/a> | <a onClick=\"ga('send', 'event', 'Click', 'Visit', 'Site Visit', '1');\" href=\"\">VISIT WEBSITE<\/a><\/p><\/div>\n\t\t\t\t\t\t\t\t<div><div class=\"addtocompare\">\n\t\t\t\t\t\t\t\t    \n\t\t\t\t\t\t\t\t    <a href=\"#\" class=\"alike-button alike-button-style dir-compare\"\n                                      data-post-id=\"5302\"\n                                      data-post-title=\"The American School in Switzerland\"\n                                      data-post-thumb=\"https:\/\/theinternationalschools.com\/ch\/wp-content\/uploads\/sites\/7\/2024\/09\/the-american-school-in-switzerland-logo-the-international-schools-TISG.png\"\n                                      data-post-link=\"https:\/\/theinternationalschools.com\/ch\/school\/the-american-school-in-switzerland\/\"\n                                      title=\"ADD TO COMPARE\">\n                                      ADD TO COMPARE<\/a>\n                                    <\/div>\n\t\t\t\t\t\t\t\t  <\/div><\/div>\t\n\t\t\t\t<\/div>\n\t\t\t\t\n\t\t\t                            \n\t\t\t\t\t\t\t\n\t\t<div class=\"school-tile\">\n\t\t\t<div class=\"school-logo\" ><img decoding=\"async\" src=\"https:\/\/theinternationalschools.com\/ch\/wp-content\/uploads\/sites\/7\/2024\/09\/verbier-international-school-switzerland-logo-TISG.png\" alt=\"Verbier International School | Logo | The International Schools Switzerland\" title=\"Verbier International School | Logo | The International Schools Switzerland\" \/>\t<\/div>\n\t\t\t\t<div class=\"tile-detail\">\n\t\t\t\t\t<div class=\"school-info\"><a title=\"Verbier International School\" href=\"https:\/\/theinternationalschools.com\/ch\/school\/verbier-international-school\/\"><h4 class=\"d-title\">Verbier International School<\/h4><\/a>\n\t\t\t\t\t\t<p class=\"dinfo\">Verbier International School's Primary Campus provides a British curriculum for children aged 3 to 11, blending academic excellence with outdoor education in a nurturing alpine environment.<\/p>                                                \t\t\t\t\t\t<p><b>CURRICULUM: <\/b>\n\t\t\t\t\t\t<a title=\"BC\" href=\"https:\/\/theinternationalschools.com\/ch\/curriculum\/british\/\"><span class=\"level\">BC<\/span><\/a><a title=\"Cambridge Primary\" href=\"https:\/\/theinternationalschools.com\/ch\/curriculum\/cambridge-primary\/\"><span class=\"level\">Cambridge Primary<\/span><\/a><a title=\"IBDP\/DP\" href=\"https:\/\/theinternationalschools.com\/ch\/curriculum\/ibdp\/\"><span class=\"level\">IBDP\/DP<\/span><\/a><a title=\"IGCSE\" href=\"https:\/\/theinternationalschools.com\/ch\/curriculum\/igcse\/\"><span class=\"level\">IGCSE<\/span><\/a> <\/p>\n\t\t\t\t\t\t\n\t\t\t\t\t\t <p><b>LOCATION: <\/b>Rue du Centre sportif 32, 1936 Verbier, Switzerland<\/p>\n\t\t\t\t\t\t\t <p><a title=\"View Verbier International School\" href=\"https:\/\/theinternationalschools.com\/ch\/school\/verbier-international-school\/\">READ MORE<\/a> | <a title=\"Book tour for Verbier International School\" onClick=\"ga('send', 'event', 'Book', 'Book', 'Book Tour Directory', '10');\" rel=\"nofollow\" href=\"https:\/\/theinternationalschools.com\/ch\/book\/?school_name=Verbier International School&school_mail=\">BOOK A TOUR<\/a> | <a onClick=\"ga('send', 'event', 'Click', 'Visit', 'Site Visit', '1');\" href=\"\">VISIT WEBSITE<\/a><\/p><\/div>\n\t\t\t\t\t\t\t\t<div><div class=\"addtocompare\">\n\t\t\t\t\t\t\t\t    \n\t\t\t\t\t\t\t\t    <a href=\"#\" class=\"alike-button alike-button-style dir-compare\"\n                                      data-post-id=\"5293\"\n                                      data-post-title=\"Verbier International School\"\n                                      data-post-thumb=\"https:\/\/theinternationalschools.com\/ch\/wp-content\/uploads\/sites\/7\/2024\/09\/verbier-international-school-switzerland-logo-TISG.png\"\n                                      data-post-link=\"https:\/\/theinternationalschools.com\/ch\/school\/verbier-international-school\/\"\n                                      title=\"ADD TO COMPARE\">\n                                      ADD TO COMPARE<\/a>\n                                    <\/div>\n\t\t\t\t\t\t\t\t  <\/div><\/div>\t\n\t\t\t\t<\/div>\n\t\t\t\t\n\t\t\t                            \n\t\t\t\t\t\t\t\n\t\t<div class=\"school-tile\">\n\t\t\t<div class=\"school-logo\" ><img decoding=\"async\" src=\"https:\/\/theinternationalschools.com\/ch\/wp-content\/uploads\/sites\/7\/2026\/02\/zurich-international-school-ZIS-logo-TISG-switzerland.png\" alt=\"Zurich International School (ZIS) | Logo | Non-Profit School | The International Schools Switzerland\" title=\"Zurich International School (ZIS) | Logo | Non-Profit School | The International Schools Switzerland\" \/>\t<\/div>\n\t\t\t\t<div class=\"tile-detail\">\n\t\t\t\t\t<div class=\"school-info\"><a title=\"Zurich International School (Adiliswil)\" href=\"https:\/\/theinternationalschools.com\/ch\/school\/zurich-international-school-adiliswil\/\"><h4 class=\"d-title\">Zurich International School (Adiliswil)<\/h4><\/a>\n\t\t\t\t\t\t<p class=\"dinfo\">Zurich International School (ZIS) in Adliswil caters to Middle and Upper School students, offering a rigorous, inquiry-based curriculum in a dynamic, multicultural environment.<\/p>                                                \t\t\t\t\t\t<p><b>CURRICULUM: <\/b>\n\t\t\t\t\t\t <\/p>\n\t\t\t\t\t\t\n\t\t\t\t\t\t <p><b>LOCATION: <\/b>Moosstrasse 15, 8134 Adliswil, Switzerland<\/p>\n\t\t\t\t\t\t\t <p><a title=\"View Zurich International School (Adiliswil)\" href=\"https:\/\/theinternationalschools.com\/ch\/school\/zurich-international-school-adiliswil\/\">READ MORE<\/a> | <a title=\"Book tour for Zurich International School (Adiliswil)\" onClick=\"ga('send', 'event', 'Book', 'Book', 'Book Tour Directory', '10');\" rel=\"nofollow\" href=\"https:\/\/theinternationalschools.com\/ch\/book\/?school_name=Zurich International School (Adiliswil)&school_mail=\">BOOK A TOUR<\/a> | <a onClick=\"ga('send', 'event', 'Click', 'Visit', 'Site Visit', '1');\" href=\"\">VISIT WEBSITE<\/a><\/p><\/div>\n\t\t\t\t\t\t\t\t<div><img decoding=\"async\" class=\"badge\" src=\"\/wp-content\/uploads\/2021\/10\/nprofitschool-2.png\" \/><div class=\"addtocompare\">\n\t\t\t\t\t\t\t\t    \n\t\t\t\t\t\t\t\t    <a href=\"#\" class=\"alike-button alike-button-style dir-compare\"\n                                      data-post-id=\"3812\"\n                                      data-post-title=\"Zurich International School (Adiliswil)\"\n                                      data-post-thumb=\"https:\/\/theinternationalschools.com\/ch\/wp-content\/uploads\/sites\/7\/2026\/02\/zurich-international-school-ZIS-logo-TISG-switzerland.png\"\n                                      data-post-link=\"https:\/\/theinternationalschools.com\/ch\/school\/zurich-international-school-adiliswil\/\"\n                                      title=\"ADD TO COMPARE\">\n                                      ADD TO COMPARE<\/a>\n                                    <\/div>\n\t\t\t\t\t\t\t\t  <\/div><\/div>\t\n\t\t\t\t<\/div>\n\t\t\t\t\n\t\t\t    <script>\n    jQuery(function($){\n      jQuery(\"#schoolsearch\").on(\"keyup\", function() {\n        var value = $(this).val().toLowerCase();\n        jQuery(\".school-tile\").filter(function() {\n          $(this).toggle($(this).text().toLowerCase().indexOf(value) > -1)\n        });\n      });\n      $('.sort').selectize();\n    });\n    <\/script>\n    <link href=\"https:\/\/cdnjs.cloudflare.com\/ajax\/libs\/selectize.js\/0.13.5\/css\/selectize.bootstrap5.css\" rel=\"stylesheet\" \/>\n<script src=\"https:\/\/cdnjs.cloudflare.com\/ajax\/libs\/selectize.js\/0.13.5\/js\/standalone\/selectize.min.js\" integrity=\"sha512-JFjt3Gb92wFay5Pu6b0UCH9JIOkOGEfjIi7yykNWUwj55DBBp79VIJ9EPUzNimZ6FvX41jlTHpWFUQjog8P\/sw==\" crossorigin=\"anonymous\" referrerpolicy=\"no-referrer\"><\/script>\n[\/et_pb_text][\/et_pb_column][et_pb_column type=&#8221;1_3&#8243; _builder_version=&#8221;4.16&#8243; _module_preset=&#8221;default&#8221; global_colors_info=&#8221;{}&#8221;][et_pb_sidebar area=&#8221;et_pb_widget_area_1&#8243; show_border=&#8221;off&#8221; _builder_version=&#8221;4.16&#8243; _module_preset=&#8221;default&#8221; global_colors_info=&#8221;{}&#8221;][\/et_pb_sidebar][\/et_pb_column][\/et_pb_row][\/et_pb_section]<\/p>\n","protected":false},"excerpt":{"rendered":"<p>Browse through the list of all International Schools in Switzerland. Get access to detailed information for a wide range of schools in Switzerland that offer multiple international curriculums and school facilities. Book school tours, compare fees or read expat parent reviews below. Your one-stop guide at The International Schools Group (Switzerland)<\/p>\n","protected":false},"author":1,"featured_media":2910,"parent":0,"menu_order":0,"comment_status":"closed","ping_status":"closed","template":"","meta":{"_et_pb_use_builder":"on","_et_pb_old_content":"","_et_gb_content_width":"","footnotes":""},"class_list":["post-758","page","type-page","status-publish","has-post-thumbnail","hentry"],"acf":[],"yoast_head":"<!-- This site is optimized with the Yoast SEO Premium plugin v21.8 (Yoast SEO v21.8) - https:\/\/yoast.com\/wordpress\/plugins\/seo\/ -->\n<title>The International Schools Directory (Switzerland) - The International Schools Switzerland<\/title>\n<meta name=\"robots\" content=\"index, follow, max-snippet:-1, max-image-preview:large, max-video-preview:-1\" \/>\n<link rel=\"canonical\" href=\"https:\/\/theinternationalschools.com\/ch\/directory\/\" \/>\n<meta property=\"og:locale\" content=\"en_US\" \/>\n<meta property=\"og:type\" content=\"article\" \/>\n<meta property=\"og:title\" content=\"The International Schools Directory (Switzerland)\" \/>\n<meta property=\"og:description\" content=\"Browse through the list of all International Schools in Switzerland. Get access to detailed information for a wide range of schools in Switzerland that offer multiple international curriculums and school facilities. Book school tours, compare fees or read expat parent reviews below. Your one-stop guide at The International Schools Group (Switzerland)\" \/>\n<meta property=\"og:url\" content=\"https:\/\/theinternationalschools.com\/ch\/directory\/\" \/>\n<meta property=\"og:site_name\" content=\"The International Schools Switzerland\" \/>\n<meta property=\"article:modified_time\" content=\"2022-05-19T08:03:15+00:00\" \/>\n<meta property=\"og:image\" content=\"https:\/\/theinternationalschools.com\/ch\/wp-content\/uploads\/sites\/7\/2021\/10\/i2_d.jpg\" \/>\n\t<meta property=\"og:image:width\" content=\"1600\" \/>\n\t<meta property=\"og:image:height\" content=\"648\" \/>\n\t<meta property=\"og:image:type\" content=\"image\/jpeg\" \/>\n<meta name=\"twitter:card\" content=\"summary_large_image\" \/>\n<meta name=\"twitter:label1\" content=\"Est. reading time\" \/>\n\t<meta name=\"twitter:data1\" content=\"2 minutes\" \/>\n<script type=\"application\/ld+json\" class=\"yoast-schema-graph\">{\"@context\":\"https:\/\/schema.org\",\"@graph\":[{\"@type\":\"WebPage\",\"@id\":\"https:\/\/theinternationalschools.com\/ch\/directory\/\",\"url\":\"https:\/\/theinternationalschools.com\/ch\/directory\/\",\"name\":\"The International Schools Directory (Switzerland) - The International Schools Switzerland\",\"isPartOf\":{\"@id\":\"https:\/\/theinternationalschools.com\/ch\/#website\"},\"datePublished\":\"2021-09-23T02:57:51+00:00\",\"dateModified\":\"2022-05-19T08:03:15+00:00\",\"breadcrumb\":{\"@id\":\"https:\/\/theinternationalschools.com\/ch\/directory\/#breadcrumb\"},\"inLanguage\":\"en-US\",\"potentialAction\":[{\"@type\":\"ReadAction\",\"target\":[\"https:\/\/theinternationalschools.com\/ch\/directory\/\"]}]},{\"@type\":\"BreadcrumbList\",\"@id\":\"https:\/\/theinternationalschools.com\/ch\/directory\/#breadcrumb\",\"itemListElement\":[{\"@type\":\"ListItem\",\"position\":1,\"name\":\"Switzerland\",\"item\":\"https:\/\/theinternationalschools.com\/ch\/\"},{\"@type\":\"ListItem\",\"position\":2,\"name\":\"The International Schools Directory (Switzerland)\"}]},{\"@type\":\"WebSite\",\"@id\":\"https:\/\/theinternationalschools.com\/ch\/#website\",\"url\":\"https:\/\/theinternationalschools.com\/ch\/\",\"name\":\"The International Schools Switzerland\",\"description\":\"Best International Schools of Switzerland\",\"publisher\":{\"@id\":\"https:\/\/theinternationalschools.com\/ch\/#organization\"},\"potentialAction\":[{\"@type\":\"SearchAction\",\"target\":{\"@type\":\"EntryPoint\",\"urlTemplate\":\"https:\/\/theinternationalschools.com\/ch\/?s={search_term_string}\"},\"query-input\":\"required name=search_term_string\"}],\"inLanguage\":\"en-US\"},{\"@type\":\"Organization\",\"@id\":\"https:\/\/theinternationalschools.com\/ch\/#organization\",\"name\":\"The International Schools Switzerland\",\"url\":\"https:\/\/theinternationalschools.com\/ch\/\",\"logo\":{\"@type\":\"ImageObject\",\"inLanguage\":\"en-US\",\"@id\":\"https:\/\/theinternationalschools.com\/ch\/#\/schema\/logo\/image\/\",\"url\":\"https:\/\/theinternationalschools.com\/ch\/wp-content\/uploads\/sites\/7\/2021\/10\/switzerland.svg\",\"contentUrl\":\"https:\/\/theinternationalschools.com\/ch\/wp-content\/uploads\/sites\/7\/2021\/10\/switzerland.svg\",\"width\":1803,\"height\":465,\"caption\":\"The International Schools Switzerland\"},\"image\":{\"@id\":\"https:\/\/theinternationalschools.com\/ch\/#\/schema\/logo\/image\/\"}}]}<\/script>\n<!-- \/ Yoast SEO Premium plugin. -->","yoast_head_json":{"title":"The International Schools Directory (Switzerland) - The International Schools Switzerland","robots":{"index":"index","follow":"follow","max-snippet":"max-snippet:-1","max-image-preview":"max-image-preview:large","max-video-preview":"max-video-preview:-1"},"canonical":"https:\/\/theinternationalschools.com\/ch\/directory\/","og_locale":"en_US","og_type":"article","og_title":"The International Schools Directory (Switzerland)","og_description":"Browse through the list of all International Schools in Switzerland. Get access to detailed information for a wide range of schools in Switzerland that offer multiple international curriculums and school facilities. Book school tours, compare fees or read expat parent reviews below. Your one-stop guide at The International Schools Group (Switzerland)","og_url":"https:\/\/theinternationalschools.com\/ch\/directory\/","og_site_name":"The International Schools Switzerland","article_modified_time":"2022-05-19T08:03:15+00:00","og_image":[{"width":1600,"height":648,"url":"https:\/\/theinternationalschools.com\/ch\/wp-content\/uploads\/sites\/7\/2021\/10\/i2_d.jpg","type":"image\/jpeg"}],"twitter_card":"summary_large_image","twitter_misc":{"Est. reading time":"2 minutes"},"schema":{"@context":"https:\/\/schema.org","@graph":[{"@type":"WebPage","@id":"https:\/\/theinternationalschools.com\/ch\/directory\/","url":"https:\/\/theinternationalschools.com\/ch\/directory\/","name":"The International Schools Directory (Switzerland) - The International Schools Switzerland","isPartOf":{"@id":"https:\/\/theinternationalschools.com\/ch\/#website"},"datePublished":"2021-09-23T02:57:51+00:00","dateModified":"2022-05-19T08:03:15+00:00","breadcrumb":{"@id":"https:\/\/theinternationalschools.com\/ch\/directory\/#breadcrumb"},"inLanguage":"en-US","potentialAction":[{"@type":"ReadAction","target":["https:\/\/theinternationalschools.com\/ch\/directory\/"]}]},{"@type":"BreadcrumbList","@id":"https:\/\/theinternationalschools.com\/ch\/directory\/#breadcrumb","itemListElement":[{"@type":"ListItem","position":1,"name":"Switzerland","item":"https:\/\/theinternationalschools.com\/ch\/"},{"@type":"ListItem","position":2,"name":"The International Schools Directory (Switzerland)"}]},{"@type":"WebSite","@id":"https:\/\/theinternationalschools.com\/ch\/#website","url":"https:\/\/theinternationalschools.com\/ch\/","name":"The International Schools Switzerland","description":"Best International Schools of Switzerland","publisher":{"@id":"https:\/\/theinternationalschools.com\/ch\/#organization"},"potentialAction":[{"@type":"SearchAction","target":{"@type":"EntryPoint","urlTemplate":"https:\/\/theinternationalschools.com\/ch\/?s={search_term_string}"},"query-input":"required name=search_term_string"}],"inLanguage":"en-US"},{"@type":"Organization","@id":"https:\/\/theinternationalschools.com\/ch\/#organization","name":"The International Schools Switzerland","url":"https:\/\/theinternationalschools.com\/ch\/","logo":{"@type":"ImageObject","inLanguage":"en-US","@id":"https:\/\/theinternationalschools.com\/ch\/#\/schema\/logo\/image\/","url":"https:\/\/theinternationalschools.com\/ch\/wp-content\/uploads\/sites\/7\/2021\/10\/switzerland.svg","contentUrl":"https:\/\/theinternationalschools.com\/ch\/wp-content\/uploads\/sites\/7\/2021\/10\/switzerland.svg","width":1803,"height":465,"caption":"The International Schools Switzerland"},"image":{"@id":"https:\/\/theinternationalschools.com\/ch\/#\/schema\/logo\/image\/"}}]}},"_links":{"self":[{"href":"https:\/\/theinternationalschools.com\/ch\/wp-json\/wp\/v2\/pages\/758","targetHints":{"allow":["GET"]}}],"collection":[{"href":"https:\/\/theinternationalschools.com\/ch\/wp-json\/wp\/v2\/pages"}],"about":[{"href":"https:\/\/theinternationalschools.com\/ch\/wp-json\/wp\/v2\/types\/page"}],"author":[{"embeddable":true,"href":"https:\/\/theinternationalschools.com\/ch\/wp-json\/wp\/v2\/users\/1"}],"replies":[{"embeddable":true,"href":"https:\/\/theinternationalschools.com\/ch\/wp-json\/wp\/v2\/comments?post=758"}],"version-history":[{"count":10,"href":"https:\/\/theinternationalschools.com\/ch\/wp-json\/wp\/v2\/pages\/758\/revisions"}],"predecessor-version":[{"id":4836,"href":"https:\/\/theinternationalschools.com\/ch\/wp-json\/wp\/v2\/pages\/758\/revisions\/4836"}],"wp:featuredmedia":[{"embeddable":true,"href":"https:\/\/theinternationalschools.com\/ch\/wp-json\/wp\/v2\/media\/2910"}],"wp:attachment":[{"href":"https:\/\/theinternationalschools.com\/ch\/wp-json\/wp\/v2\/media?parent=758"}],"curies":[{"name":"wp","href":"https:\/\/api.w.org\/{rel}","templated":true}]}}